{"id":21746,"date":"2021-01-03T10:22:19","date_gmt":"2021-01-03T09:22:19","guid":{"rendered":"https:\/\/willysplan.com\/producto\/excursio-a-la-fageda-den-jorda-%f0%9f%8d%82%f0%9f%8c%8b"},"modified":"2023-09-05T04:59:06","modified_gmt":"2023-09-05T03:59:06","slug":"excursio-a-la-fageda-den-jorda-%f0%9f%8d%82%f0%9f%8c%8b","status":"publish","type":"product","link":"https:\/\/www.willysplan.com\/ca\/producto\/excursio-a-la-fageda-den-jorda-%f0%9f%8d%82%f0%9f%8c%8b","title":{"rendered":"Excursi\u00f3 a la Fageda d&#8217;en Jord\u00e0 \ud83c\udf42\ud83c\udf0b"},"content":{"rendered":"<h2><strong>Detalls de la ruta: <\/strong><\/h2>\n<p>En aquesta excursi\u00f3 anem a La Garrotxa, concretament a Olot, Girona. Tot i que aquesta zona \u00e9s popularment coneguda per la seva geografia d&#8217;origen volc\u00e0nic, amaga altres misteris i preciositats com \u00e9s la Fageda d&#8217;en Jord\u00e0: Una reserva natural caracter\u00edstica pels seus faigs (\u00e9s el nom de l&#8217;arbre), i el terreny format per lava refredada. Ja en un altre article parlem sobre els <a href=\"https:\/\/willysplan.com\/ideas\/volcanes-cataluna\">volcans de Catalunya<\/a> , on abordem en m\u00e9s detall tots els volcans de la zona volc\u00e0nica de la Garrotxa.<\/p>\n<p>En aquesta excursi\u00f3, ens endinsarem en aquesta reserva natural per deixar-nos envair per naturalesa en estat pur, caminant entre arbres, i visitant monuments amagats a les profunditats de la Fageda d&#8217;en Jord\u00e0.<\/p>\n<p>T&#8217;apuntes a descobrir la zona de la Garrotxa i els misteris que t\u00e9 amagats?<\/p>\n<p>L\u00b4excursi\u00f3 t\u00e9 un recorregut aproximat d\u00b411 km (6 hores caminant), i al llarg d\u00b4aquest cam\u00ed descobrirem la Fageda d\u00b4en Jord\u00e0 vorejant-la des del m\u00e9s alt de la Serra del Corb, gaudint del seu paratge natural, fagedes, visitant ermites centen\u00e0ries \u2026 Just en arribar, farem la <strong>primera parada per esmorzar<\/strong>, i al migdia la <strong>segona parada per menjar<\/strong>. Els checkpoints que visitarem al llarg de l&#8217;excursi\u00f3 s\u00f3n els seg\u00fcents:<\/p>\n<ul>\n<li>2 Ermites centen\u00e0ries.<\/li>\n<li>1 Cova.<\/li>\n<li>+3 Miradors (des dels quals s&#8217;aprecien tots els volcans de la Garrotxa).<\/li>\n<li>1 Volc\u00e0 inactiu.<\/li>\n<\/ul>\n<p><strong>Sortida des de Barcelona:<\/strong> 8:00 hs (des de l&#8217; <a href=\"https:\/\/goo.gl\/maps\/pBehfm2xGLmtk4358\">oficina de Correus, Barcelona<\/a> ).<\/p>\n<p><strong>Arribada a Barcelona:<\/strong> 20:00 hs (a l&#8217; <a href=\"https:\/\/goo.gl\/maps\/pBehfm2xGLmtk4358\">oficina de Correus, Barcelona<\/a> ).<\/p>\n<p><strong>Dificultat:<\/strong> Moderada (\u00e9s recomanable portar cal\u00e7at de muntanya, i cal una mica de resist\u00e8ncia f\u00edsica: sobretot al principi de la ruta).<\/p>\n<ul>\n<li><strong>Desnivell positiu:<\/strong> +462 metres.<\/li>\n<li><strong>Desnivell negatiu:<\/strong> -462 metres.<\/li>\n<\/ul>\n<h2><strong>Qu\u00e8 inclou lexperi\u00e8ncia: <\/strong><\/h2>\n<p>Transport amb bus o minivan (anada i tornada).<\/p>\n<p>Dinar migdia (opcional).<\/p>\n<p>Guia \/ Acompanyant.<\/p>\n<p>Segur en cas d&#8217;accidents.<\/p>\n<h2><strong>Si tens algun dubte o consulta, no dubtis a contactar-nos:<\/strong><\/h2>\n<ul>\n<li>Mail: help@willysplan.com<\/li>\n<li>Tel\u00e8fon: +34 677 724 611<\/li>\n<\/ul>\n","protected":false},"excerpt":{"rendered":"<p><strong>Dates de la sortida:<\/strong> <em>Sota demanda.<\/em><\/p>\n<p><strong>Participants:<\/strong> <em>(Reserva de grups sota demanda: Preus des de 35\u20ac\/persona)<\/em><\/p>\n<h2>Demana&#8217;ns pressupost:<\/h2>\n[contact-form-7 id=\"21758\" title=\"Formulario excursiones privadas (CA)\"]\n","protected":false},"featured_media":14441,"comment_status":"open","ping_status":"closed","template":"","meta":{"neve_meta_sidebar":"","neve_meta_container":"","neve_meta_enable_content_width":"off","neve_meta_content_width":0,"neve_meta_title_alignment":"","neve_meta_author_avatar":"","neve_post_elements_order":"","neve_meta_disable_header":"","neve_meta_disable_footer":"","neve_meta_disable_title":"","_joinchat":[]},"product_brand":[],"product_cat":[487],"product_tag":[489],"class_list":{"0":"post-21746","1":"product","2":"type-product","3":"status-publish","4":"has-post-thumbnail","6":"product_cat-excursions-organitzades-per-catalunya","7":"product_tag-teambuilding-ca","9":"first","10":"instock","11":"shipping-taxable","12":"product-type-external"},"yoast_head":"<!-- This site is optimized with the Yoast SEO Premium plugin v20.1 (Yoast SEO v26.9) - https:\/\/yoast.com\/product\/yoast-seo-premium-wordpress\/ -->\n<title>Excursi\u00f3 a la Fageda d&#039;en Jord\u00e0 - Willy&#039;s Plan \ud83c\udf43<\/title>\n<meta name=\"description\" content=\"Reserva la teva excursi\u00f3 d\u00b4un dia a la Fageda d\u00b4en Jord\u00e0. Descobriu els misteris que amaga la zona volc\u00e0nica de la Garrotxa. \u2705 Entra ara!\" \/>\n<meta name=\"robots\" content=\"index, follow, max-snippet:-1, max-image-preview:large, max-video-preview:-1\" \/>\n<link rel=\"canonical\" href=\"https:\/\/www.willysplan.com\/ca\/producto\/excursio-a-la-fageda-den-jorda-\ud83c\udf42\ud83c\udf0b\" \/>\n<meta property=\"og:locale\" content=\"ca_ES\" \/>\n<meta property=\"og:type\" content=\"article\" \/>\n<meta property=\"og:title\" content=\"Excursi\u00f3 a la Fageda d&#039;en Jord\u00e0 \ud83c\udf42\ud83c\udf0b\" \/>\n<meta property=\"og:description\" content=\"Reserva la teva excursi\u00f3 d\u00b4un dia a la Fageda d\u00b4en Jord\u00e0. Descobriu els misteris que amaga la zona volc\u00e0nica de la Garrotxa. \u2705 Entra ara!\" \/>\n<meta property=\"og:url\" content=\"https:\/\/www.willysplan.com\/ca\/producto\/excursio-a-la-fageda-den-jorda-\ud83c\udf42\ud83c\udf0b\" \/>\n<meta property=\"og:site_name\" content=\"Willy&#039;s Plan \ud83c\udf43\" \/>\n<meta property=\"article:modified_time\" content=\"2023-09-05T03:59:06+00:00\" \/>\n<meta property=\"og:image\" content=\"https:\/\/www.willysplan.com\/wp-content\/uploads\/2021\/01\/excursion-a-la-fagedaa.jpg\" \/>\n\t<meta property=\"og:image:width\" content=\"600\" \/>\n\t<meta property=\"og:image:height\" content=\"338\" \/>\n\t<meta property=\"og:image:type\" content=\"image\/jpeg\" \/>\n<meta name=\"twitter:card\" content=\"summary_large_image\" \/>\n<meta name=\"twitter:label1\" content=\"Temps estimat de lectura\" \/>\n\t<meta name=\"twitter:data1\" content=\"2 minuts\" \/>\n<script type=\"application\/ld+json\" class=\"yoast-schema-graph\">{\"@context\":\"https:\/\/schema.org\",\"@graph\":[{\"@type\":\"WebPage\",\"@id\":\"https:\/\/www.willysplan.com\/ca\/producto\/excursio-a-la-fageda-den-jorda-%f0%9f%8d%82%f0%9f%8c%8b\",\"url\":\"https:\/\/www.willysplan.com\/ca\/producto\/excursio-a-la-fageda-den-jorda-%f0%9f%8d%82%f0%9f%8c%8b\",\"name\":\"Excursi\u00f3 a la Fageda d'en Jord\u00e0 - Willy's Plan \ud83c\udf43\",\"isPartOf\":{\"@id\":\"https:\/\/www.willysplan.com\/#website\"},\"primaryImageOfPage\":{\"@id\":\"https:\/\/www.willysplan.com\/ca\/producto\/excursio-a-la-fageda-den-jorda-%f0%9f%8d%82%f0%9f%8c%8b#primaryimage\"},\"image\":{\"@id\":\"https:\/\/www.willysplan.com\/ca\/producto\/excursio-a-la-fageda-den-jorda-%f0%9f%8d%82%f0%9f%8c%8b#primaryimage\"},\"thumbnailUrl\":\"https:\/\/www.willysplan.com\/wp-content\/uploads\/2021\/01\/excursion-a-la-fagedaa.jpg\",\"datePublished\":\"2021-01-03T09:22:19+00:00\",\"dateModified\":\"2023-09-05T03:59:06+00:00\",\"description\":\"Reserva la teva excursi\u00f3 d\u00b4un dia a la Fageda d\u00b4en Jord\u00e0. Descobriu els misteris que amaga la zona volc\u00e0nica de la Garrotxa. \u2705 Entra ara!\",\"breadcrumb\":{\"@id\":\"https:\/\/www.willysplan.com\/ca\/producto\/excursio-a-la-fageda-den-jorda-%f0%9f%8d%82%f0%9f%8c%8b#breadcrumb\"},\"inLanguage\":\"ca\",\"potentialAction\":[{\"@type\":\"ReadAction\",\"target\":[\"https:\/\/www.willysplan.com\/ca\/producto\/excursio-a-la-fageda-den-jorda-%f0%9f%8d%82%f0%9f%8c%8b\"]}]},{\"@type\":\"ImageObject\",\"inLanguage\":\"ca\",\"@id\":\"https:\/\/www.willysplan.com\/ca\/producto\/excursio-a-la-fageda-den-jorda-%f0%9f%8d%82%f0%9f%8c%8b#primaryimage\",\"url\":\"https:\/\/www.willysplan.com\/wp-content\/uploads\/2021\/01\/excursion-a-la-fagedaa.jpg\",\"contentUrl\":\"https:\/\/www.willysplan.com\/wp-content\/uploads\/2021\/01\/excursion-a-la-fagedaa.jpg\",\"width\":600,\"height\":338},{\"@type\":\"BreadcrumbList\",\"@id\":\"https:\/\/www.willysplan.com\/ca\/producto\/excursio-a-la-fageda-den-jorda-%f0%9f%8d%82%f0%9f%8c%8b#breadcrumb\",\"itemListElement\":[{\"@type\":\"ListItem\",\"position\":1,\"name\":\"Botiga\",\"item\":\"https:\/\/www.willysplan.com\/ca\/botiga\"},{\"@type\":\"ListItem\",\"position\":2,\"name\":\"Excursi\u00f3 a la Fageda d&#8217;en Jord\u00e0 \ud83c\udf42\ud83c\udf0b\"}]},{\"@type\":\"WebSite\",\"@id\":\"https:\/\/www.willysplan.com\/#website\",\"url\":\"https:\/\/www.willysplan.com\/\",\"name\":\"Willy&#039;s Plan \ud83c\udf43\",\"description\":\"Escapadas y Planes de fin de semana\",\"publisher\":{\"@id\":\"https:\/\/www.willysplan.com\/#organization\"},\"potentialAction\":[{\"@type\":\"SearchAction\",\"target\":{\"@type\":\"EntryPoint\",\"urlTemplate\":\"https:\/\/www.willysplan.com\/?s={search_term_string}\"},\"query-input\":{\"@type\":\"PropertyValueSpecification\",\"valueRequired\":true,\"valueName\":\"search_term_string\"}}],\"inLanguage\":\"ca\"},{\"@type\":\"Organization\",\"@id\":\"https:\/\/www.willysplan.com\/#organization\",\"name\":\"Willy&#039;s Plan \ud83c\udf43\",\"url\":\"https:\/\/www.willysplan.com\/\",\"logo\":{\"@type\":\"ImageObject\",\"inLanguage\":\"ca\",\"@id\":\"https:\/\/www.willysplan.com\/#\/schema\/logo\/image\/\",\"url\":\"https:\/\/www.willysplan.com\/wp-content\/uploads\/2020\/04\/cropped-logo-1.png\",\"contentUrl\":\"https:\/\/www.willysplan.com\/wp-content\/uploads\/2020\/04\/cropped-logo-1.png\",\"width\":332,\"height\":332,\"caption\":\"Willy&#039;s Plan \ud83c\udf43\"},\"image\":{\"@id\":\"https:\/\/www.willysplan.com\/#\/schema\/logo\/image\/\"}}]}<\/script>\n<!-- \/ Yoast SEO Premium plugin. -->","yoast_head_json":{"title":"Excursi\u00f3 a la Fageda d'en Jord\u00e0 - Willy's Plan \ud83c\udf43","description":"Reserva la teva excursi\u00f3 d\u00b4un dia a la Fageda d\u00b4en Jord\u00e0. Descobriu els misteris que amaga la zona volc\u00e0nica de la Garrotxa. \u2705 Entra ara!","robots":{"index":"index","follow":"follow","max-snippet":"max-snippet:-1","max-image-preview":"max-image-preview:large","max-video-preview":"max-video-preview:-1"},"canonical":"https:\/\/www.willysplan.com\/ca\/producto\/excursio-a-la-fageda-den-jorda-\ud83c\udf42\ud83c\udf0b","og_locale":"ca_ES","og_type":"article","og_title":"Excursi\u00f3 a la Fageda d'en Jord\u00e0 \ud83c\udf42\ud83c\udf0b","og_description":"Reserva la teva excursi\u00f3 d\u00b4un dia a la Fageda d\u00b4en Jord\u00e0. Descobriu els misteris que amaga la zona volc\u00e0nica de la Garrotxa. \u2705 Entra ara!","og_url":"https:\/\/www.willysplan.com\/ca\/producto\/excursio-a-la-fageda-den-jorda-\ud83c\udf42\ud83c\udf0b","og_site_name":"Willy&#039;s Plan \ud83c\udf43","article_modified_time":"2023-09-05T03:59:06+00:00","og_image":[{"width":600,"height":338,"url":"https:\/\/www.willysplan.com\/wp-content\/uploads\/2021\/01\/excursion-a-la-fagedaa.jpg","type":"image\/jpeg"}],"twitter_card":"summary_large_image","twitter_misc":{"Temps estimat de lectura":"2 minuts"},"schema":{"@context":"https:\/\/schema.org","@graph":[{"@type":"WebPage","@id":"https:\/\/www.willysplan.com\/ca\/producto\/excursio-a-la-fageda-den-jorda-%f0%9f%8d%82%f0%9f%8c%8b","url":"https:\/\/www.willysplan.com\/ca\/producto\/excursio-a-la-fageda-den-jorda-%f0%9f%8d%82%f0%9f%8c%8b","name":"Excursi\u00f3 a la Fageda d'en Jord\u00e0 - Willy's Plan \ud83c\udf43","isPartOf":{"@id":"https:\/\/www.willysplan.com\/#website"},"primaryImageOfPage":{"@id":"https:\/\/www.willysplan.com\/ca\/producto\/excursio-a-la-fageda-den-jorda-%f0%9f%8d%82%f0%9f%8c%8b#primaryimage"},"image":{"@id":"https:\/\/www.willysplan.com\/ca\/producto\/excursio-a-la-fageda-den-jorda-%f0%9f%8d%82%f0%9f%8c%8b#primaryimage"},"thumbnailUrl":"https:\/\/www.willysplan.com\/wp-content\/uploads\/2021\/01\/excursion-a-la-fagedaa.jpg","datePublished":"2021-01-03T09:22:19+00:00","dateModified":"2023-09-05T03:59:06+00:00","description":"Reserva la teva excursi\u00f3 d\u00b4un dia a la Fageda d\u00b4en Jord\u00e0. Descobriu els misteris que amaga la zona volc\u00e0nica de la Garrotxa. \u2705 Entra ara!","breadcrumb":{"@id":"https:\/\/www.willysplan.com\/ca\/producto\/excursio-a-la-fageda-den-jorda-%f0%9f%8d%82%f0%9f%8c%8b#breadcrumb"},"inLanguage":"ca","potentialAction":[{"@type":"ReadAction","target":["https:\/\/www.willysplan.com\/ca\/producto\/excursio-a-la-fageda-den-jorda-%f0%9f%8d%82%f0%9f%8c%8b"]}]},{"@type":"ImageObject","inLanguage":"ca","@id":"https:\/\/www.willysplan.com\/ca\/producto\/excursio-a-la-fageda-den-jorda-%f0%9f%8d%82%f0%9f%8c%8b#primaryimage","url":"https:\/\/www.willysplan.com\/wp-content\/uploads\/2021\/01\/excursion-a-la-fagedaa.jpg","contentUrl":"https:\/\/www.willysplan.com\/wp-content\/uploads\/2021\/01\/excursion-a-la-fagedaa.jpg","width":600,"height":338},{"@type":"BreadcrumbList","@id":"https:\/\/www.willysplan.com\/ca\/producto\/excursio-a-la-fageda-den-jorda-%f0%9f%8d%82%f0%9f%8c%8b#breadcrumb","itemListElement":[{"@type":"ListItem","position":1,"name":"Botiga","item":"https:\/\/www.willysplan.com\/ca\/botiga"},{"@type":"ListItem","position":2,"name":"Excursi\u00f3 a la Fageda d&#8217;en Jord\u00e0 \ud83c\udf42\ud83c\udf0b"}]},{"@type":"WebSite","@id":"https:\/\/www.willysplan.com\/#website","url":"https:\/\/www.willysplan.com\/","name":"Willy&#039;s Plan \ud83c\udf43","description":"Escapadas y Planes de fin de semana","publisher":{"@id":"https:\/\/www.willysplan.com\/#organization"},"potentialAction":[{"@type":"SearchAction","target":{"@type":"EntryPoint","urlTemplate":"https:\/\/www.willysplan.com\/?s={search_term_string}"},"query-input":{"@type":"PropertyValueSpecification","valueRequired":true,"valueName":"search_term_string"}}],"inLanguage":"ca"},{"@type":"Organization","@id":"https:\/\/www.willysplan.com\/#organization","name":"Willy&#039;s Plan \ud83c\udf43","url":"https:\/\/www.willysplan.com\/","logo":{"@type":"ImageObject","inLanguage":"ca","@id":"https:\/\/www.willysplan.com\/#\/schema\/logo\/image\/","url":"https:\/\/www.willysplan.com\/wp-content\/uploads\/2020\/04\/cropped-logo-1.png","contentUrl":"https:\/\/www.willysplan.com\/wp-content\/uploads\/2020\/04\/cropped-logo-1.png","width":332,"height":332,"caption":"Willy&#039;s Plan \ud83c\udf43"},"image":{"@id":"https:\/\/www.willysplan.com\/#\/schema\/logo\/image\/"}}]}},"_links":{"self":[{"href":"https:\/\/www.willysplan.com\/ca\/wp-json\/wp\/v2\/product\/21746","targetHints":{"allow":["GET"]}}],"collection":[{"href":"https:\/\/www.willysplan.com\/ca\/wp-json\/wp\/v2\/product"}],"about":[{"href":"https:\/\/www.willysplan.com\/ca\/wp-json\/wp\/v2\/types\/product"}],"replies":[{"embeddable":true,"href":"https:\/\/www.willysplan.com\/ca\/wp-json\/wp\/v2\/comments?post=21746"}],"wp:featuredmedia":[{"embeddable":true,"href":"https:\/\/www.willysplan.com\/ca\/wp-json\/wp\/v2\/media\/14441"}],"wp:attachment":[{"href":"https:\/\/www.willysplan.com\/ca\/wp-json\/wp\/v2\/media?parent=21746"}],"wp:term":[{"taxonomy":"product_brand","embeddable":true,"href":"https:\/\/www.willysplan.com\/ca\/wp-json\/wp\/v2\/product_brand?post=21746"},{"taxonomy":"product_cat","embeddable":true,"href":"https:\/\/www.willysplan.com\/ca\/wp-json\/wp\/v2\/product_cat?post=21746"},{"taxonomy":"product_tag","embeddable":true,"href":"https:\/\/www.willysplan.com\/ca\/wp-json\/wp\/v2\/product_tag?post=21746"}],"curies":[{"name":"wp","href":"https:\/\/api.w.org\/{rel}","templated":true}]}}