{"id":21740,"date":"2021-01-19T21:43:16","date_gmt":"2021-01-19T20:43:16","guid":{"rendered":"https:\/\/willysplan.com\/producto\/excursio-a-castellfollit-del-boix"},"modified":"2023-07-29T17:01:44","modified_gmt":"2023-07-29T16:01:44","slug":"excursio-a-castellfollit-del-boix","status":"publish","type":"product","link":"https:\/\/www.willysplan.com\/ca\/producto\/excursio-a-castellfollit-del-boix","title":{"rendered":"Excursi\u00f3 a Castellfollit del Boix"},"content":{"rendered":"<p>Sabies que Castellfollit del Boix es troba el punt considerat com el centre de Catalunya?<\/p>\n<p>S\u00ed, s\u00ed, heu llegit b\u00e9: \u00c9s un mirador que a m\u00e9s de tenir unes vistes 360\u00ba de l&#8217;entorn natural que ofereix la zona, est\u00e0 considerat com el punt central de les terres catalanes.<\/p>\n<p>Aix\u00ed que prepara la motxilla, cal\u00e7at per caminar, que ens visitarem un poble poc conegut fins i tot per a gent local, com \u00e9s Castellfollit del Boix.<\/p>\n<p>Comptant amb nom\u00e9s 420 habitants, i una superf\u00edcie de 59 km2, compta amb 2 ermites famoses per ser el punt de trobada de molts excursionistes, aix\u00ed com miradors i vistes 360\u00ba al llarg de diversos punts del cam\u00ed.<\/p>\n<p>En aquesta ruta, us proposem visitar \u00e9s petit per\u00f2 preci\u00f3s poble al mat\u00ed, visitar les meravelles, con\u00e8ixer la seva hist\u00f2ria, i rec\u00f3rrer la zona a peu per camins de f\u00e0cil acc\u00e9s, mentre relatem la hist\u00f2ria d&#8217;aquesta zona.<\/p>\n<p>T&#8217;agradaria descobrir els misteris que amaga el poble on hi ha el punt central de Catalunya?<\/p>\n<h2><strong>Detalls de la ruta<\/strong><\/h2>\n<p>L\u00b4excursi\u00f3 t\u00e9 un recorregut aproximat de 10 km, on sortirem del poble de Castellfollit, per endinsar-nos en camins forestals, gaudint del seu paratge natural, passant per punts d\u00b4inter\u00e8s tur\u00edstic. Des del moment que arribem, tota la ruta es porta a terme a peu.<\/p>\n<p>Al llarg del cam\u00ed, anirem fent diferents parades, entre elles una d&#8217;esmorzar i una altra de dinar al migdia (dinar opcional: podem encarregar-nos nosaltres, o cadasc\u00fa es pot emportar).<\/p>\n<p><strong>Sortida des de Barcelona:<\/strong> 9:00hs a <a href=\"https:\/\/goo.gl\/maps\/pBehfm2xGLmtk4358\">Oficina de Correus, Barcelona<\/a> , \u200b\u200bCatalunya.<\/p>\n<p><strong>Arribada a Barcelona:<\/strong> 20:00h a <a href=\"https:\/\/goo.gl\/maps\/pBehfm2xGLmtk4358\">Oficina de Correus, Barcelona<\/a> , \u200b\u200bCatalunya.<\/p>\n<p><strong>Dificultat de la ruta:<\/strong> baixa.<\/p>\n<h2><strong>Qu\u00e8 inclou lexperi\u00e8ncia: <\/strong><\/h2>\n<p>Transport amb bus o minivan (anada i tornada).<\/p>\n<p>Dinar migdia (opcional).<\/p>\n<p>Guia \/ Acompanyant.<\/p>\n<p>Segur en cas d&#8217;accidents.<\/p>\n<h3><strong>Si tens algun dubte o consulta, no dubtis a contactar-nos:<\/strong><\/h3>\n<ul>\n<li>Mail: help@willysplan.com<\/li>\n<li>Tel\u00e8fon: +34 677 724 611<\/li>\n<\/ul>\n","protected":false},"excerpt":{"rendered":"<p><strong>Dates de la sortida:<\/strong> <em>Sota demanda.<\/em><\/p>\n<p><strong>Participants:<\/strong> <em>(Reserva de grups sota demanda: Preus des de 35\u20ac\/persona)<\/em><\/p>\n<h2>Demana&#8217;ns pressupost:<\/h2>\n[contact-form-7 id=\"21758\" title=\"Formulario excursiones privadas (CA)\"]\n<p>&nbsp;<\/p>\n","protected":false},"featured_media":13985,"comment_status":"open","ping_status":"closed","template":"","meta":{"neve_meta_sidebar":"","neve_meta_container":"","neve_meta_enable_content_width":"off","neve_meta_content_width":0,"neve_meta_title_alignment":"","neve_meta_author_avatar":"","neve_post_elements_order":"","neve_meta_disable_header":"","neve_meta_disable_footer":"","neve_meta_disable_title":"","_joinchat":[]},"product_brand":[],"product_cat":[487],"product_tag":[489],"class_list":{"0":"post-21740","1":"product","2":"type-product","3":"status-publish","4":"has-post-thumbnail","6":"product_cat-excursions-organitzades-per-catalunya","7":"product_tag-teambuilding-ca","9":"first","10":"instock","11":"shipping-taxable","12":"product-type-external"},"yoast_head":"<!-- This site is optimized with the Yoast SEO Premium plugin v20.1 (Yoast SEO v26.9) - https:\/\/yoast.com\/product\/yoast-seo-premium-wordpress\/ -->\n<title>Excursi\u00f3 a Castellfollit del Boix - Willy&#039;s Plan \ud83c\udf43<\/title>\n<meta name=\"description\" content=\"Reserva la teva excursi\u00f3 d\u00b4un dia a Castellfollit del Boix. Visitarem ermites, miradors i el punt considerat com el centre de Catalunya. \u2705 Entra ara!\" \/>\n<meta name=\"robots\" content=\"index, follow, max-snippet:-1, max-image-preview:large, max-video-preview:-1\" \/>\n<link rel=\"canonical\" href=\"https:\/\/www.willysplan.com\/ca\/producto\/excursio-a-castellfollit-del-boix\" \/>\n<meta property=\"og:locale\" content=\"ca_ES\" \/>\n<meta property=\"og:type\" content=\"article\" \/>\n<meta property=\"og:title\" content=\"Excursi\u00f3 a Castellfollit del Boix\" \/>\n<meta property=\"og:description\" content=\"Reserva la teva excursi\u00f3 d\u00b4un dia a Castellfollit del Boix. Visitarem ermites, miradors i el punt considerat com el centre de Catalunya. \u2705 Entra ara!\" \/>\n<meta property=\"og:url\" content=\"https:\/\/www.willysplan.com\/ca\/producto\/excursio-a-castellfollit-del-boix\" \/>\n<meta property=\"og:site_name\" content=\"Willy&#039;s Plan \ud83c\udf43\" \/>\n<meta property=\"article:modified_time\" content=\"2023-07-29T16:01:44+00:00\" \/>\n<meta property=\"og:image\" content=\"https:\/\/www.willysplan.com\/wp-content\/uploads\/2021\/01\/copia-2.png\" \/>\n\t<meta property=\"og:image:width\" content=\"1080\" \/>\n\t<meta property=\"og:image:height\" content=\"817\" \/>\n\t<meta property=\"og:image:type\" content=\"image\/png\" \/>\n<meta name=\"twitter:card\" content=\"summary_large_image\" \/>\n<meta name=\"twitter:label1\" content=\"Temps estimat de lectura\" \/>\n\t<meta name=\"twitter:data1\" content=\"2 minuts\" \/>\n<script type=\"application\/ld+json\" class=\"yoast-schema-graph\">{\"@context\":\"https:\/\/schema.org\",\"@graph\":[{\"@type\":\"WebPage\",\"@id\":\"https:\/\/www.willysplan.com\/ca\/producto\/excursio-a-castellfollit-del-boix\",\"url\":\"https:\/\/www.willysplan.com\/ca\/producto\/excursio-a-castellfollit-del-boix\",\"name\":\"Excursi\u00f3 a Castellfollit del Boix - Willy's Plan \ud83c\udf43\",\"isPartOf\":{\"@id\":\"https:\/\/www.willysplan.com\/#website\"},\"primaryImageOfPage\":{\"@id\":\"https:\/\/www.willysplan.com\/ca\/producto\/excursio-a-castellfollit-del-boix#primaryimage\"},\"image\":{\"@id\":\"https:\/\/www.willysplan.com\/ca\/producto\/excursio-a-castellfollit-del-boix#primaryimage\"},\"thumbnailUrl\":\"https:\/\/www.willysplan.com\/wp-content\/uploads\/2021\/01\/copia-2.png\",\"datePublished\":\"2021-01-19T20:43:16+00:00\",\"dateModified\":\"2023-07-29T16:01:44+00:00\",\"description\":\"Reserva la teva excursi\u00f3 d\u00b4un dia a Castellfollit del Boix. Visitarem ermites, miradors i el punt considerat com el centre de Catalunya. \u2705 Entra ara!\",\"breadcrumb\":{\"@id\":\"https:\/\/www.willysplan.com\/ca\/producto\/excursio-a-castellfollit-del-boix#breadcrumb\"},\"inLanguage\":\"ca\",\"potentialAction\":[{\"@type\":\"ReadAction\",\"target\":[\"https:\/\/www.willysplan.com\/ca\/producto\/excursio-a-castellfollit-del-boix\"]}]},{\"@type\":\"ImageObject\",\"inLanguage\":\"ca\",\"@id\":\"https:\/\/www.willysplan.com\/ca\/producto\/excursio-a-castellfollit-del-boix#primaryimage\",\"url\":\"https:\/\/www.willysplan.com\/wp-content\/uploads\/2021\/01\/copia-2.png\",\"contentUrl\":\"https:\/\/www.willysplan.com\/wp-content\/uploads\/2021\/01\/copia-2.png\",\"width\":1080,\"height\":817},{\"@type\":\"BreadcrumbList\",\"@id\":\"https:\/\/www.willysplan.com\/ca\/producto\/excursio-a-castellfollit-del-boix#breadcrumb\",\"itemListElement\":[{\"@type\":\"ListItem\",\"position\":1,\"name\":\"Botiga\",\"item\":\"https:\/\/www.willysplan.com\/ca\/botiga\"},{\"@type\":\"ListItem\",\"position\":2,\"name\":\"Excursi\u00f3 a Castellfollit del Boix\"}]},{\"@type\":\"WebSite\",\"@id\":\"https:\/\/www.willysplan.com\/#website\",\"url\":\"https:\/\/www.willysplan.com\/\",\"name\":\"Willy&#039;s Plan \ud83c\udf43\",\"description\":\"Escapadas y Planes de fin de semana\",\"publisher\":{\"@id\":\"https:\/\/www.willysplan.com\/#organization\"},\"potentialAction\":[{\"@type\":\"SearchAction\",\"target\":{\"@type\":\"EntryPoint\",\"urlTemplate\":\"https:\/\/www.willysplan.com\/?s={search_term_string}\"},\"query-input\":{\"@type\":\"PropertyValueSpecification\",\"valueRequired\":true,\"valueName\":\"search_term_string\"}}],\"inLanguage\":\"ca\"},{\"@type\":\"Organization\",\"@id\":\"https:\/\/www.willysplan.com\/#organization\",\"name\":\"Willy&#039;s Plan \ud83c\udf43\",\"url\":\"https:\/\/www.willysplan.com\/\",\"logo\":{\"@type\":\"ImageObject\",\"inLanguage\":\"ca\",\"@id\":\"https:\/\/www.willysplan.com\/#\/schema\/logo\/image\/\",\"url\":\"https:\/\/www.willysplan.com\/wp-content\/uploads\/2020\/04\/cropped-logo-1.png\",\"contentUrl\":\"https:\/\/www.willysplan.com\/wp-content\/uploads\/2020\/04\/cropped-logo-1.png\",\"width\":332,\"height\":332,\"caption\":\"Willy&#039;s Plan \ud83c\udf43\"},\"image\":{\"@id\":\"https:\/\/www.willysplan.com\/#\/schema\/logo\/image\/\"}}]}<\/script>\n<!-- \/ Yoast SEO Premium plugin. -->","yoast_head_json":{"title":"Excursi\u00f3 a Castellfollit del Boix - Willy's Plan \ud83c\udf43","description":"Reserva la teva excursi\u00f3 d\u00b4un dia a Castellfollit del Boix. Visitarem ermites, miradors i el punt considerat com el centre de Catalunya. \u2705 Entra ara!","robots":{"index":"index","follow":"follow","max-snippet":"max-snippet:-1","max-image-preview":"max-image-preview:large","max-video-preview":"max-video-preview:-1"},"canonical":"https:\/\/www.willysplan.com\/ca\/producto\/excursio-a-castellfollit-del-boix","og_locale":"ca_ES","og_type":"article","og_title":"Excursi\u00f3 a Castellfollit del Boix","og_description":"Reserva la teva excursi\u00f3 d\u00b4un dia a Castellfollit del Boix. Visitarem ermites, miradors i el punt considerat com el centre de Catalunya. \u2705 Entra ara!","og_url":"https:\/\/www.willysplan.com\/ca\/producto\/excursio-a-castellfollit-del-boix","og_site_name":"Willy&#039;s Plan \ud83c\udf43","article_modified_time":"2023-07-29T16:01:44+00:00","og_image":[{"width":1080,"height":817,"url":"https:\/\/www.willysplan.com\/wp-content\/uploads\/2021\/01\/copia-2.png","type":"image\/png"}],"twitter_card":"summary_large_image","twitter_misc":{"Temps estimat de lectura":"2 minuts"},"schema":{"@context":"https:\/\/schema.org","@graph":[{"@type":"WebPage","@id":"https:\/\/www.willysplan.com\/ca\/producto\/excursio-a-castellfollit-del-boix","url":"https:\/\/www.willysplan.com\/ca\/producto\/excursio-a-castellfollit-del-boix","name":"Excursi\u00f3 a Castellfollit del Boix - Willy's Plan \ud83c\udf43","isPartOf":{"@id":"https:\/\/www.willysplan.com\/#website"},"primaryImageOfPage":{"@id":"https:\/\/www.willysplan.com\/ca\/producto\/excursio-a-castellfollit-del-boix#primaryimage"},"image":{"@id":"https:\/\/www.willysplan.com\/ca\/producto\/excursio-a-castellfollit-del-boix#primaryimage"},"thumbnailUrl":"https:\/\/www.willysplan.com\/wp-content\/uploads\/2021\/01\/copia-2.png","datePublished":"2021-01-19T20:43:16+00:00","dateModified":"2023-07-29T16:01:44+00:00","description":"Reserva la teva excursi\u00f3 d\u00b4un dia a Castellfollit del Boix. Visitarem ermites, miradors i el punt considerat com el centre de Catalunya. \u2705 Entra ara!","breadcrumb":{"@id":"https:\/\/www.willysplan.com\/ca\/producto\/excursio-a-castellfollit-del-boix#breadcrumb"},"inLanguage":"ca","potentialAction":[{"@type":"ReadAction","target":["https:\/\/www.willysplan.com\/ca\/producto\/excursio-a-castellfollit-del-boix"]}]},{"@type":"ImageObject","inLanguage":"ca","@id":"https:\/\/www.willysplan.com\/ca\/producto\/excursio-a-castellfollit-del-boix#primaryimage","url":"https:\/\/www.willysplan.com\/wp-content\/uploads\/2021\/01\/copia-2.png","contentUrl":"https:\/\/www.willysplan.com\/wp-content\/uploads\/2021\/01\/copia-2.png","width":1080,"height":817},{"@type":"BreadcrumbList","@id":"https:\/\/www.willysplan.com\/ca\/producto\/excursio-a-castellfollit-del-boix#breadcrumb","itemListElement":[{"@type":"ListItem","position":1,"name":"Botiga","item":"https:\/\/www.willysplan.com\/ca\/botiga"},{"@type":"ListItem","position":2,"name":"Excursi\u00f3 a Castellfollit del Boix"}]},{"@type":"WebSite","@id":"https:\/\/www.willysplan.com\/#website","url":"https:\/\/www.willysplan.com\/","name":"Willy&#039;s Plan \ud83c\udf43","description":"Escapadas y Planes de fin de semana","publisher":{"@id":"https:\/\/www.willysplan.com\/#organization"},"potentialAction":[{"@type":"SearchAction","target":{"@type":"EntryPoint","urlTemplate":"https:\/\/www.willysplan.com\/?s={search_term_string}"},"query-input":{"@type":"PropertyValueSpecification","valueRequired":true,"valueName":"search_term_string"}}],"inLanguage":"ca"},{"@type":"Organization","@id":"https:\/\/www.willysplan.com\/#organization","name":"Willy&#039;s Plan \ud83c\udf43","url":"https:\/\/www.willysplan.com\/","logo":{"@type":"ImageObject","inLanguage":"ca","@id":"https:\/\/www.willysplan.com\/#\/schema\/logo\/image\/","url":"https:\/\/www.willysplan.com\/wp-content\/uploads\/2020\/04\/cropped-logo-1.png","contentUrl":"https:\/\/www.willysplan.com\/wp-content\/uploads\/2020\/04\/cropped-logo-1.png","width":332,"height":332,"caption":"Willy&#039;s Plan \ud83c\udf43"},"image":{"@id":"https:\/\/www.willysplan.com\/#\/schema\/logo\/image\/"}}]}},"_links":{"self":[{"href":"https:\/\/www.willysplan.com\/ca\/wp-json\/wp\/v2\/product\/21740","targetHints":{"allow":["GET"]}}],"collection":[{"href":"https:\/\/www.willysplan.com\/ca\/wp-json\/wp\/v2\/product"}],"about":[{"href":"https:\/\/www.willysplan.com\/ca\/wp-json\/wp\/v2\/types\/product"}],"replies":[{"embeddable":true,"href":"https:\/\/www.willysplan.com\/ca\/wp-json\/wp\/v2\/comments?post=21740"}],"wp:featuredmedia":[{"embeddable":true,"href":"https:\/\/www.willysplan.com\/ca\/wp-json\/wp\/v2\/media\/13985"}],"wp:attachment":[{"href":"https:\/\/www.willysplan.com\/ca\/wp-json\/wp\/v2\/media?parent=21740"}],"wp:term":[{"taxonomy":"product_brand","embeddable":true,"href":"https:\/\/www.willysplan.com\/ca\/wp-json\/wp\/v2\/product_brand?post=21740"},{"taxonomy":"product_cat","embeddable":true,"href":"https:\/\/www.willysplan.com\/ca\/wp-json\/wp\/v2\/product_cat?post=21740"},{"taxonomy":"product_tag","embeddable":true,"href":"https:\/\/www.willysplan.com\/ca\/wp-json\/wp\/v2\/product_tag?post=21740"}],"curies":[{"name":"wp","href":"https:\/\/api.w.org\/{rel}","templated":true}]}}