{"id":21738,"date":"2021-05-31T07:27:52","date_gmt":"2021-05-31T06:27:52","guid":{"rendered":"https:\/\/willysplan.com\/producto\/excursio-al-far-del-cap-de-creus-cadaques-%f0%9f%8f%a1%f0%9f%8f%96"},"modified":"2023-07-29T17:01:30","modified_gmt":"2023-07-29T16:01:30","slug":"excursio-al-far-del-cap-de-creus-cadaques-%f0%9f%8f%a1%f0%9f%8f%96","status":"publish","type":"product","link":"https:\/\/www.willysplan.com\/ca\/producto\/excursio-al-far-del-cap-de-creus-cadaques-%f0%9f%8f%a1%f0%9f%8f%96","title":{"rendered":"Excursi\u00f3 al Far del Cap de Creus &amp; Cadaqu\u00e9s \ud83c\udfe1\ud83c\udfd6"},"content":{"rendered":"<h2><strong>Detalls de la ruta:<\/strong><\/h2>\n<p>L&#8217;estiu ja \u00e9s aqu\u00ed, i \u00e9s per aix\u00f2 que us proposem una excursi\u00f3 de tot un dia a un dels pobles amb m\u00e9s encant de la Costa Brava: Cadaqu\u00e9s!<\/p>\n<p>L&#8217;excursi\u00f3 consta de dues parts:<\/p>\n<p>Part 1: Sortida des de Barcelona amb transport privat amb destinaci\u00f3 Cap de Creus (tamb\u00e9 podem quedar-hi). Farem una excursi\u00f3 de 2 horetes xinox\u00e0, pel Parc Natural del Cap de Creus, visitant l&#8217;entorn, les seves roques i relleu caracter\u00edstic, aix\u00ed com con\u00e8ixer la hist\u00f2ria del lloc. Finalment, dinarem al far del Cap de Creus amb les seves incre\u00efbles vistes (podeu emportar-vos menjar o menjar en un dels seus 2 restaurants).<\/p>\n<p>Part 2: A la tarda, anirem a visitar el poble de Cadaqu\u00e9s, arribant fins al Far de Cala nans. Un far caracter\u00edstiques per apar\u00e8ixer en pel\u00b7l\u00edcules com \u201cPerdona si et dic amor\u201d. Finalment, tornarem a Barcelona cap a les 20hs aprox.<\/p>\n<p><strong>Durada de la ruta:<\/strong> Tot el dia.<\/p>\n<p><strong>Sortida des de Barcelona:<\/strong> 08:00hs <a href=\"https:\/\/goo.gl\/maps\/pBehfm2xGLmtk4358\">Oficina de Correus, Barcelona<\/a> , \u200b\u200bCatalunya.<\/p>\n<p><strong>Arribada a Barcelona:<\/strong> 20:00hs <a href=\"https:\/\/goo.gl\/maps\/pBehfm2xGLmtk4358\">Oficina de Correus, Barcelona<\/a> , \u200b\u200bCatalunya.<\/p>\n<p>(Els horaris varien segons la sortida i posta de sol)<\/p>\n<p><strong>Dificultat de la ruta:<\/strong> Baixa \u2013 Mitjana.<\/p>\n<h2><strong>Qu\u00e8 inclou lexperi\u00e8ncia: <\/strong><\/h2>\n<p>Transport amb bus o minivan (anada i tornada).<\/p>\n<p>Dinar migdia (opcional).<\/p>\n<p>Guia \/ Acompanyant.<\/p>\n<p>Segur en cas d&#8217;accidents.<\/p>\n<h2><strong>Si tens algun dubte o consulta, no dubtis a contactar-nos:<\/strong><\/h2>\n<ul>\n<li>Mail: help@willysplan.com<\/li>\n<li>Tel\u00e8fon: +34 677 724 611<\/li>\n<\/ul>\n","protected":false},"excerpt":{"rendered":"<p><strong>Dates de la sortida:<\/strong> <em>Sota demanda.<\/em><\/p>\n<p><strong>Participants:<\/strong> <em>(Reserva de grups sota demanda: Preus des de 35\u20ac\/persona)<\/em><\/p>\n<h2>Demana&#8217;ns pressupost:<\/h2>\n[contact-form-7 id=\"21758\" title=\"Formulario excursiones privadas (CA)\"]\n","protected":false},"featured_media":14155,"comment_status":"open","ping_status":"closed","template":"","meta":{"neve_meta_sidebar":"","neve_meta_container":"","neve_meta_enable_content_width":"off","neve_meta_content_width":0,"neve_meta_title_alignment":"","neve_meta_author_avatar":"","neve_post_elements_order":"","neve_meta_disable_header":"","neve_meta_disable_footer":"","neve_meta_disable_title":"","_joinchat":[]},"product_brand":[],"product_cat":[487,488],"product_tag":[489],"class_list":{"0":"post-21738","1":"product","2":"type-product","3":"status-publish","4":"has-post-thumbnail","6":"product_cat-excursions-organitzades-per-catalunya","7":"product_cat-teambuilding","8":"product_tag-teambuilding-ca","10":"first","11":"instock","12":"shipping-taxable","13":"product-type-external"},"yoast_head":"<!-- This site is optimized with the Yoast SEO Premium plugin v20.1 (Yoast SEO v26.9) - https:\/\/yoast.com\/product\/yoast-seo-premium-wordpress\/ -->\n<title>Excursi\u00f3 al Far del Cap de Creus &amp; Cadaqu\u00e9s - Willy&#039;s Plan \ud83c\udf43<\/title>\n<meta name=\"description\" content=\"Reserva ja la teva excursi\u00f3 al Far del Cap de Creus i l&#039;encantador poble de Cadaqu\u00e9s. Gaudeix de la costa Brava. \ud83c\udfde Reserveu ara!\" \/>\n<meta name=\"robots\" content=\"index, follow, max-snippet:-1, max-image-preview:large, max-video-preview:-1\" \/>\n<link rel=\"canonical\" href=\"https:\/\/www.willysplan.com\/ca\/producto\/excursio-al-far-del-cap-de-creus-cadaques-\ud83c\udfe1\ud83c\udfd6\" \/>\n<meta property=\"og:locale\" content=\"ca_ES\" \/>\n<meta property=\"og:type\" content=\"article\" \/>\n<meta property=\"og:title\" content=\"Excursi\u00f3 al Far del Cap de Creus &amp; Cadaqu\u00e9s \ud83c\udfe1\ud83c\udfd6\" \/>\n<meta property=\"og:description\" content=\"Reserva ja la teva excursi\u00f3 al Far del Cap de Creus i l&#039;encantador poble de Cadaqu\u00e9s. Gaudeix de la costa Brava. \ud83c\udfde Reserveu ara!\" \/>\n<meta property=\"og:url\" content=\"https:\/\/www.willysplan.com\/ca\/producto\/excursio-al-far-del-cap-de-creus-cadaques-\ud83c\udfe1\ud83c\udfd6\" \/>\n<meta property=\"og:site_name\" content=\"Willy&#039;s Plan \ud83c\udf43\" \/>\n<meta property=\"article:modified_time\" content=\"2023-07-29T16:01:30+00:00\" \/>\n<meta property=\"og:image\" content=\"https:\/\/www.willysplan.com\/wp-content\/uploads\/2021\/05\/dafadsfads.jpg\" \/>\n\t<meta property=\"og:image:width\" content=\"768\" \/>\n\t<meta property=\"og:image:height\" content=\"515\" \/>\n\t<meta property=\"og:image:type\" content=\"image\/jpeg\" \/>\n<meta name=\"twitter:card\" content=\"summary_large_image\" \/>\n<meta name=\"twitter:label1\" content=\"Temps estimat de lectura\" \/>\n\t<meta name=\"twitter:data1\" content=\"1 minut\" \/>\n<script type=\"application\/ld+json\" class=\"yoast-schema-graph\">{\"@context\":\"https:\/\/schema.org\",\"@graph\":[{\"@type\":\"WebPage\",\"@id\":\"https:\/\/www.willysplan.com\/ca\/producto\/excursio-al-far-del-cap-de-creus-cadaques-%f0%9f%8f%a1%f0%9f%8f%96\",\"url\":\"https:\/\/www.willysplan.com\/ca\/producto\/excursio-al-far-del-cap-de-creus-cadaques-%f0%9f%8f%a1%f0%9f%8f%96\",\"name\":\"Excursi\u00f3 al Far del Cap de Creus & Cadaqu\u00e9s - Willy's Plan \ud83c\udf43\",\"isPartOf\":{\"@id\":\"https:\/\/www.willysplan.com\/#website\"},\"primaryImageOfPage\":{\"@id\":\"https:\/\/www.willysplan.com\/ca\/producto\/excursio-al-far-del-cap-de-creus-cadaques-%f0%9f%8f%a1%f0%9f%8f%96#primaryimage\"},\"image\":{\"@id\":\"https:\/\/www.willysplan.com\/ca\/producto\/excursio-al-far-del-cap-de-creus-cadaques-%f0%9f%8f%a1%f0%9f%8f%96#primaryimage\"},\"thumbnailUrl\":\"https:\/\/www.willysplan.com\/wp-content\/uploads\/2021\/05\/dafadsfads.jpg\",\"datePublished\":\"2021-05-31T06:27:52+00:00\",\"dateModified\":\"2023-07-29T16:01:30+00:00\",\"description\":\"Reserva ja la teva excursi\u00f3 al Far del Cap de Creus i l'encantador poble de Cadaqu\u00e9s. Gaudeix de la costa Brava. \ud83c\udfde Reserveu ara!\",\"breadcrumb\":{\"@id\":\"https:\/\/www.willysplan.com\/ca\/producto\/excursio-al-far-del-cap-de-creus-cadaques-%f0%9f%8f%a1%f0%9f%8f%96#breadcrumb\"},\"inLanguage\":\"ca\",\"potentialAction\":[{\"@type\":\"ReadAction\",\"target\":[\"https:\/\/www.willysplan.com\/ca\/producto\/excursio-al-far-del-cap-de-creus-cadaques-%f0%9f%8f%a1%f0%9f%8f%96\"]}]},{\"@type\":\"ImageObject\",\"inLanguage\":\"ca\",\"@id\":\"https:\/\/www.willysplan.com\/ca\/producto\/excursio-al-far-del-cap-de-creus-cadaques-%f0%9f%8f%a1%f0%9f%8f%96#primaryimage\",\"url\":\"https:\/\/www.willysplan.com\/wp-content\/uploads\/2021\/05\/dafadsfads.jpg\",\"contentUrl\":\"https:\/\/www.willysplan.com\/wp-content\/uploads\/2021\/05\/dafadsfads.jpg\",\"width\":768,\"height\":515},{\"@type\":\"BreadcrumbList\",\"@id\":\"https:\/\/www.willysplan.com\/ca\/producto\/excursio-al-far-del-cap-de-creus-cadaques-%f0%9f%8f%a1%f0%9f%8f%96#breadcrumb\",\"itemListElement\":[{\"@type\":\"ListItem\",\"position\":1,\"name\":\"Botiga\",\"item\":\"https:\/\/www.willysplan.com\/ca\/botiga\"},{\"@type\":\"ListItem\",\"position\":2,\"name\":\"Excursi\u00f3 al Far del Cap de Creus &amp; Cadaqu\u00e9s \ud83c\udfe1\ud83c\udfd6\"}]},{\"@type\":\"WebSite\",\"@id\":\"https:\/\/www.willysplan.com\/#website\",\"url\":\"https:\/\/www.willysplan.com\/\",\"name\":\"Willy&#039;s Plan \ud83c\udf43\",\"description\":\"Escapadas y Planes de fin de semana\",\"publisher\":{\"@id\":\"https:\/\/www.willysplan.com\/#organization\"},\"potentialAction\":[{\"@type\":\"SearchAction\",\"target\":{\"@type\":\"EntryPoint\",\"urlTemplate\":\"https:\/\/www.willysplan.com\/?s={search_term_string}\"},\"query-input\":{\"@type\":\"PropertyValueSpecification\",\"valueRequired\":true,\"valueName\":\"search_term_string\"}}],\"inLanguage\":\"ca\"},{\"@type\":\"Organization\",\"@id\":\"https:\/\/www.willysplan.com\/#organization\",\"name\":\"Willy&#039;s Plan \ud83c\udf43\",\"url\":\"https:\/\/www.willysplan.com\/\",\"logo\":{\"@type\":\"ImageObject\",\"inLanguage\":\"ca\",\"@id\":\"https:\/\/www.willysplan.com\/#\/schema\/logo\/image\/\",\"url\":\"https:\/\/www.willysplan.com\/wp-content\/uploads\/2020\/04\/cropped-logo-1.png\",\"contentUrl\":\"https:\/\/www.willysplan.com\/wp-content\/uploads\/2020\/04\/cropped-logo-1.png\",\"width\":332,\"height\":332,\"caption\":\"Willy&#039;s Plan \ud83c\udf43\"},\"image\":{\"@id\":\"https:\/\/www.willysplan.com\/#\/schema\/logo\/image\/\"}}]}<\/script>\n<!-- \/ Yoast SEO Premium plugin. -->","yoast_head_json":{"title":"Excursi\u00f3 al Far del Cap de Creus & Cadaqu\u00e9s - Willy's Plan \ud83c\udf43","description":"Reserva ja la teva excursi\u00f3 al Far del Cap de Creus i l'encantador poble de Cadaqu\u00e9s. Gaudeix de la costa Brava. \ud83c\udfde Reserveu ara!","robots":{"index":"index","follow":"follow","max-snippet":"max-snippet:-1","max-image-preview":"max-image-preview:large","max-video-preview":"max-video-preview:-1"},"canonical":"https:\/\/www.willysplan.com\/ca\/producto\/excursio-al-far-del-cap-de-creus-cadaques-\ud83c\udfe1\ud83c\udfd6","og_locale":"ca_ES","og_type":"article","og_title":"Excursi\u00f3 al Far del Cap de Creus &amp; Cadaqu\u00e9s \ud83c\udfe1\ud83c\udfd6","og_description":"Reserva ja la teva excursi\u00f3 al Far del Cap de Creus i l'encantador poble de Cadaqu\u00e9s. Gaudeix de la costa Brava. \ud83c\udfde Reserveu ara!","og_url":"https:\/\/www.willysplan.com\/ca\/producto\/excursio-al-far-del-cap-de-creus-cadaques-\ud83c\udfe1\ud83c\udfd6","og_site_name":"Willy&#039;s Plan \ud83c\udf43","article_modified_time":"2023-07-29T16:01:30+00:00","og_image":[{"width":768,"height":515,"url":"https:\/\/www.willysplan.com\/wp-content\/uploads\/2021\/05\/dafadsfads.jpg","type":"image\/jpeg"}],"twitter_card":"summary_large_image","twitter_misc":{"Temps estimat de lectura":"1 minut"},"schema":{"@context":"https:\/\/schema.org","@graph":[{"@type":"WebPage","@id":"https:\/\/www.willysplan.com\/ca\/producto\/excursio-al-far-del-cap-de-creus-cadaques-%f0%9f%8f%a1%f0%9f%8f%96","url":"https:\/\/www.willysplan.com\/ca\/producto\/excursio-al-far-del-cap-de-creus-cadaques-%f0%9f%8f%a1%f0%9f%8f%96","name":"Excursi\u00f3 al Far del Cap de Creus & Cadaqu\u00e9s - Willy's Plan \ud83c\udf43","isPartOf":{"@id":"https:\/\/www.willysplan.com\/#website"},"primaryImageOfPage":{"@id":"https:\/\/www.willysplan.com\/ca\/producto\/excursio-al-far-del-cap-de-creus-cadaques-%f0%9f%8f%a1%f0%9f%8f%96#primaryimage"},"image":{"@id":"https:\/\/www.willysplan.com\/ca\/producto\/excursio-al-far-del-cap-de-creus-cadaques-%f0%9f%8f%a1%f0%9f%8f%96#primaryimage"},"thumbnailUrl":"https:\/\/www.willysplan.com\/wp-content\/uploads\/2021\/05\/dafadsfads.jpg","datePublished":"2021-05-31T06:27:52+00:00","dateModified":"2023-07-29T16:01:30+00:00","description":"Reserva ja la teva excursi\u00f3 al Far del Cap de Creus i l'encantador poble de Cadaqu\u00e9s. Gaudeix de la costa Brava. \ud83c\udfde Reserveu ara!","breadcrumb":{"@id":"https:\/\/www.willysplan.com\/ca\/producto\/excursio-al-far-del-cap-de-creus-cadaques-%f0%9f%8f%a1%f0%9f%8f%96#breadcrumb"},"inLanguage":"ca","potentialAction":[{"@type":"ReadAction","target":["https:\/\/www.willysplan.com\/ca\/producto\/excursio-al-far-del-cap-de-creus-cadaques-%f0%9f%8f%a1%f0%9f%8f%96"]}]},{"@type":"ImageObject","inLanguage":"ca","@id":"https:\/\/www.willysplan.com\/ca\/producto\/excursio-al-far-del-cap-de-creus-cadaques-%f0%9f%8f%a1%f0%9f%8f%96#primaryimage","url":"https:\/\/www.willysplan.com\/wp-content\/uploads\/2021\/05\/dafadsfads.jpg","contentUrl":"https:\/\/www.willysplan.com\/wp-content\/uploads\/2021\/05\/dafadsfads.jpg","width":768,"height":515},{"@type":"BreadcrumbList","@id":"https:\/\/www.willysplan.com\/ca\/producto\/excursio-al-far-del-cap-de-creus-cadaques-%f0%9f%8f%a1%f0%9f%8f%96#breadcrumb","itemListElement":[{"@type":"ListItem","position":1,"name":"Botiga","item":"https:\/\/www.willysplan.com\/ca\/botiga"},{"@type":"ListItem","position":2,"name":"Excursi\u00f3 al Far del Cap de Creus &amp; Cadaqu\u00e9s \ud83c\udfe1\ud83c\udfd6"}]},{"@type":"WebSite","@id":"https:\/\/www.willysplan.com\/#website","url":"https:\/\/www.willysplan.com\/","name":"Willy&#039;s Plan \ud83c\udf43","description":"Escapadas y Planes de fin de semana","publisher":{"@id":"https:\/\/www.willysplan.com\/#organization"},"potentialAction":[{"@type":"SearchAction","target":{"@type":"EntryPoint","urlTemplate":"https:\/\/www.willysplan.com\/?s={search_term_string}"},"query-input":{"@type":"PropertyValueSpecification","valueRequired":true,"valueName":"search_term_string"}}],"inLanguage":"ca"},{"@type":"Organization","@id":"https:\/\/www.willysplan.com\/#organization","name":"Willy&#039;s Plan \ud83c\udf43","url":"https:\/\/www.willysplan.com\/","logo":{"@type":"ImageObject","inLanguage":"ca","@id":"https:\/\/www.willysplan.com\/#\/schema\/logo\/image\/","url":"https:\/\/www.willysplan.com\/wp-content\/uploads\/2020\/04\/cropped-logo-1.png","contentUrl":"https:\/\/www.willysplan.com\/wp-content\/uploads\/2020\/04\/cropped-logo-1.png","width":332,"height":332,"caption":"Willy&#039;s Plan \ud83c\udf43"},"image":{"@id":"https:\/\/www.willysplan.com\/#\/schema\/logo\/image\/"}}]}},"_links":{"self":[{"href":"https:\/\/www.willysplan.com\/ca\/wp-json\/wp\/v2\/product\/21738","targetHints":{"allow":["GET"]}}],"collection":[{"href":"https:\/\/www.willysplan.com\/ca\/wp-json\/wp\/v2\/product"}],"about":[{"href":"https:\/\/www.willysplan.com\/ca\/wp-json\/wp\/v2\/types\/product"}],"replies":[{"embeddable":true,"href":"https:\/\/www.willysplan.com\/ca\/wp-json\/wp\/v2\/comments?post=21738"}],"wp:featuredmedia":[{"embeddable":true,"href":"https:\/\/www.willysplan.com\/ca\/wp-json\/wp\/v2\/media\/14155"}],"wp:attachment":[{"href":"https:\/\/www.willysplan.com\/ca\/wp-json\/wp\/v2\/media?parent=21738"}],"wp:term":[{"taxonomy":"product_brand","embeddable":true,"href":"https:\/\/www.willysplan.com\/ca\/wp-json\/wp\/v2\/product_brand?post=21738"},{"taxonomy":"product_cat","embeddable":true,"href":"https:\/\/www.willysplan.com\/ca\/wp-json\/wp\/v2\/product_cat?post=21738"},{"taxonomy":"product_tag","embeddable":true,"href":"https:\/\/www.willysplan.com\/ca\/wp-json\/wp\/v2\/product_tag?post=21738"}],"curies":[{"name":"wp","href":"https:\/\/api.w.org\/{rel}","templated":true}]}}