{"id":21735,"date":"2022-09-26T12:36:54","date_gmt":"2022-09-26T11:36:54","guid":{"rendered":"https:\/\/willysplan.com\/producto\/ruta-pel-bosc-de-les-escultures-%f0%9f%97%bf%f0%9f%8c%b3"},"modified":"2024-08-01T06:27:58","modified_gmt":"2024-08-01T05:27:58","slug":"ruta-bosc-escultures-girona","status":"publish","type":"product","link":"https:\/\/www.willysplan.com\/ca\/producto\/ruta-bosc-escultures-girona","title":{"rendered":"Ruta pel Bosc de les escultures \ud83d\uddff\ud83c\udf33"},"content":{"rendered":"<h2><strong>Detalls de la ruta:<\/strong><\/h2>\n<p>En aquesta ocasi\u00f3, ens vam escapar per endinsar-nos a descobrir les meravelles i els secrets que amaga el bosc de les escultures a Girona. Un bosc on Joan Carol\u00e0 va crear diferents escultures on va plasmar els diferents aspectes de la vida en figures de pedra: trobarem de tot tipus i colors.<\/p>\n<p>Un cop deixem el bosc enrere, seguim per un cam\u00ed de terra que ens porta fins a dalt del Puig de Sant Miquel, on trobem, ni m\u00e9s ni menys, que el castell de Sant Miquel: antigament conegut per Puig de Castellar, on trobem les restes dels edificis. La situaci\u00f3 del lloc \u00e9s estrat\u00e8gica: domina visualment les valls de Sant Daniel i Celr\u00e0, que s&#8217;obren respectivament al pla de Girona i la plana de l&#8217;Empord\u00e0. Fins a l&#8217;any 1974, el lloc va pert\u00e0nyer al municipi de Celr\u00e0, passant posteriorment juntament amb Campdor\u00e0 al terme municipal de Girona.<\/p>\n<p>Un cop visitat el castell amb la seva bella ermita, comen\u00e7arem a tornar al punt inicial, per\u00f2 aquest cop ho farem per un altre cam\u00ed. En aquesta segona part de la ruta passarem a visitar les <em>Mines del Nen Jes\u00fas,<\/em> una mines que mantenen viva la hist\u00f2ria minera dels municipis de Celr\u00e0 i les Gavarres, essent constru\u00efdes i explotades a cavall durant els segles XIX i XX. Les dites formen part de la Zona d&#8217;Inter\u00e8s Etnol\u00f2gic de les Gavarres, incloses tamb\u00e9 al registre de <em>B\u00e9ns Culturals d&#8217;Inter\u00e8s Nacional (BCIN).<\/em><\/p>\n<p><strong>Durada de la ruta:<\/strong> Tot el dia.<\/p>\n<p><strong>Sortida des de Barcelona:<\/strong> 8:00hs <a href=\"https:\/\/goo.gl\/maps\/pBehfm2xGLmtk4358\">Oficina de Correus, Barcelona<\/a> , \u200b\u200bCatalunya.<\/p>\n<p><strong>Arribada a Barcelona:<\/strong> 20:00hs <a href=\"https:\/\/goo.gl\/maps\/pBehfm2xGLmtk4358\">Oficina de Correus, Barcelona<\/a> , \u200b\u200bCatalunya.<\/p>\n<p>(Els horaris varien segons la sortida i posta de sol)<\/p>\n<p><strong>Dificultat de la ruta:<\/strong> Baixa \u2013 Mitjana.<\/p>\n<h2><strong>Qu\u00e8 inclou lexperi\u00e8ncia: <\/strong><\/h2>\n<p>Transport privat amb bus o minivan (anada i tornada).<\/p>\n<p>Menjar migdia (sota demanda).<\/p>\n<p>Guia \/ Acompanyant.<\/p>\n<p>Segur en cas d&#8217;accidents.<\/p>\n<h2><strong>Si tens algun dubte o consulta, no dubtis a contactar-nos:<\/strong><\/h2>\n<ul>\n<li>Mail: help@willysplan.com<\/li>\n<li>Tel\u00e8fon: +34 677 724 611<\/li>\n<\/ul>\n","protected":false},"excerpt":{"rendered":"<p><strong>Dates de la sortida:<\/strong> <em>Sota demanda.<\/em><\/p>\n<p><strong>Participants:<\/strong> <em>(Reserva de grups sota demanda: Preus des de 35\u20ac\/persona)<\/em><\/p>\n<h2>Demana&#8217;ns pressupost:<\/h2>\n[contact-form-7 id=\"21268\" title=\"Formulari excursions privades\"]\n","protected":false},"featured_media":15113,"comment_status":"open","ping_status":"closed","template":"","meta":{"neve_meta_sidebar":"","neve_meta_container":"","neve_meta_enable_content_width":"off","neve_meta_content_width":0,"neve_meta_title_alignment":"","neve_meta_author_avatar":"","neve_post_elements_order":"","neve_meta_disable_header":"","neve_meta_disable_footer":"","neve_meta_disable_title":"","_joinchat":[]},"product_brand":[],"product_cat":[487,488],"product_tag":[489],"class_list":{"0":"post-21735","1":"product","2":"type-product","3":"status-publish","4":"has-post-thumbnail","6":"product_cat-excursions-organitzades-per-catalunya","7":"product_cat-teambuilding","8":"product_tag-teambuilding-ca","10":"first","11":"instock","12":"shipping-taxable","13":"product-type-external"},"yoast_head":"<!-- This site is optimized with the Yoast SEO Premium plugin v20.1 (Yoast SEO v26.9) - https:\/\/yoast.com\/product\/yoast-seo-premium-wordpress\/ -->\n<title>Ruta pel Bosc de les escultures (Girona) - Willy&#039;s Plan \ud83c\udf43<\/title>\n<meta name=\"description\" content=\"Reserva ja la teva excursi\u00f3 per la ruta del bosc de les escultures a Girona, i gaudeix d\u00b4un dia de natura i aire lliure. \ud83c\udfde Reserveu ara!\" \/>\n<meta name=\"robots\" content=\"index, follow, max-snippet:-1, max-image-preview:large, max-video-preview:-1\" \/>\n<link rel=\"canonical\" href=\"https:\/\/willysplan.com\/ca\/producto\/ruta-bosc-escultures-girona\" \/>\n<meta property=\"og:locale\" content=\"ca_ES\" \/>\n<meta property=\"og:type\" content=\"article\" \/>\n<meta property=\"og:title\" content=\"Ruta pel Bosc de les escultures \ud83d\uddff\ud83c\udf33\" \/>\n<meta property=\"og:description\" content=\"Reserva ja la teva excursi\u00f3 per la ruta del bosc de les escultures a Girona, i gaudeix d\u00b4un dia de natura i aire lliure. \ud83c\udfde Reserveu ara!\" \/>\n<meta property=\"og:url\" content=\"https:\/\/willysplan.com\/ca\/producto\/ruta-bosc-escultures-girona\" \/>\n<meta property=\"og:site_name\" content=\"Willy&#039;s Plan \ud83c\udf43\" \/>\n<meta property=\"article:modified_time\" content=\"2024-08-01T05:27:58+00:00\" \/>\n<meta property=\"og:image\" content=\"https:\/\/www.willysplan.com\/wp-content\/uploads\/2022\/09\/Bosc-de-les-escultures-de-celra-1.jpg\" \/>\n\t<meta property=\"og:image:width\" content=\"1080\" \/>\n\t<meta property=\"og:image:height\" content=\"1080\" \/>\n\t<meta property=\"og:image:type\" content=\"image\/jpeg\" \/>\n<meta name=\"twitter:card\" content=\"summary_large_image\" \/>\n<meta name=\"twitter:label1\" content=\"Temps estimat de lectura\" \/>\n\t<meta name=\"twitter:data1\" content=\"2 minuts\" \/>\n<script type=\"application\/ld+json\" class=\"yoast-schema-graph\">{\"@context\":\"https:\/\/schema.org\",\"@graph\":[{\"@type\":\"WebPage\",\"@id\":\"https:\/\/www.willysplan.com\/ca\/producto\/ruta-bosc-escultures-girona\",\"url\":\"https:\/\/willysplan.com\/ca\/producto\/ruta-bosc-escultures-girona\",\"name\":\"Ruta pel Bosc de les escultures (Girona) - Willy's Plan \ud83c\udf43\",\"isPartOf\":{\"@id\":\"https:\/\/www.willysplan.com\/#website\"},\"primaryImageOfPage\":{\"@id\":\"https:\/\/willysplan.com\/ca\/producto\/ruta-bosc-escultures-girona#primaryimage\"},\"image\":{\"@id\":\"https:\/\/willysplan.com\/ca\/producto\/ruta-bosc-escultures-girona#primaryimage\"},\"thumbnailUrl\":\"https:\/\/www.willysplan.com\/wp-content\/uploads\/2022\/09\/Bosc-de-les-escultures-de-celra-1.jpg\",\"datePublished\":\"2022-09-26T11:36:54+00:00\",\"dateModified\":\"2024-08-01T05:27:58+00:00\",\"description\":\"Reserva ja la teva excursi\u00f3 per la ruta del bosc de les escultures a Girona, i gaudeix d\u00b4un dia de natura i aire lliure. \ud83c\udfde Reserveu ara!\",\"breadcrumb\":{\"@id\":\"https:\/\/willysplan.com\/ca\/producto\/ruta-bosc-escultures-girona#breadcrumb\"},\"inLanguage\":\"ca\",\"potentialAction\":[{\"@type\":\"ReadAction\",\"target\":[\"https:\/\/willysplan.com\/ca\/producto\/ruta-bosc-escultures-girona\"]}]},{\"@type\":\"ImageObject\",\"inLanguage\":\"ca\",\"@id\":\"https:\/\/willysplan.com\/ca\/producto\/ruta-bosc-escultures-girona#primaryimage\",\"url\":\"https:\/\/www.willysplan.com\/wp-content\/uploads\/2022\/09\/Bosc-de-les-escultures-de-celra-1.jpg\",\"contentUrl\":\"https:\/\/www.willysplan.com\/wp-content\/uploads\/2022\/09\/Bosc-de-les-escultures-de-celra-1.jpg\",\"width\":1080,\"height\":1080,\"caption\":\"Bosc de les escultures de celr\u00e0\"},{\"@type\":\"BreadcrumbList\",\"@id\":\"https:\/\/willysplan.com\/ca\/producto\/ruta-bosc-escultures-girona#breadcrumb\",\"itemListElement\":[{\"@type\":\"ListItem\",\"position\":1,\"name\":\"Botiga\",\"item\":\"https:\/\/www.willysplan.com\/ca\/botiga\"},{\"@type\":\"ListItem\",\"position\":2,\"name\":\"Ruta pel Bosc de les escultures \ud83d\uddff\ud83c\udf33\"}]},{\"@type\":\"WebSite\",\"@id\":\"https:\/\/www.willysplan.com\/#website\",\"url\":\"https:\/\/www.willysplan.com\/\",\"name\":\"Willy&#039;s Plan \ud83c\udf43\",\"description\":\"Escapadas y Planes de fin de semana\",\"publisher\":{\"@id\":\"https:\/\/www.willysplan.com\/#organization\"},\"potentialAction\":[{\"@type\":\"SearchAction\",\"target\":{\"@type\":\"EntryPoint\",\"urlTemplate\":\"https:\/\/www.willysplan.com\/?s={search_term_string}\"},\"query-input\":{\"@type\":\"PropertyValueSpecification\",\"valueRequired\":true,\"valueName\":\"search_term_string\"}}],\"inLanguage\":\"ca\"},{\"@type\":\"Organization\",\"@id\":\"https:\/\/www.willysplan.com\/#organization\",\"name\":\"Willy&#039;s Plan \ud83c\udf43\",\"url\":\"https:\/\/www.willysplan.com\/\",\"logo\":{\"@type\":\"ImageObject\",\"inLanguage\":\"ca\",\"@id\":\"https:\/\/www.willysplan.com\/#\/schema\/logo\/image\/\",\"url\":\"https:\/\/www.willysplan.com\/wp-content\/uploads\/2020\/04\/cropped-logo-1.png\",\"contentUrl\":\"https:\/\/www.willysplan.com\/wp-content\/uploads\/2020\/04\/cropped-logo-1.png\",\"width\":332,\"height\":332,\"caption\":\"Willy&#039;s Plan \ud83c\udf43\"},\"image\":{\"@id\":\"https:\/\/www.willysplan.com\/#\/schema\/logo\/image\/\"}}]}<\/script>\n<!-- \/ Yoast SEO Premium plugin. -->","yoast_head_json":{"title":"Ruta pel Bosc de les escultures (Girona) - Willy's Plan \ud83c\udf43","description":"Reserva ja la teva excursi\u00f3 per la ruta del bosc de les escultures a Girona, i gaudeix d\u00b4un dia de natura i aire lliure. \ud83c\udfde Reserveu ara!","robots":{"index":"index","follow":"follow","max-snippet":"max-snippet:-1","max-image-preview":"max-image-preview:large","max-video-preview":"max-video-preview:-1"},"canonical":"https:\/\/willysplan.com\/ca\/producto\/ruta-bosc-escultures-girona","og_locale":"ca_ES","og_type":"article","og_title":"Ruta pel Bosc de les escultures \ud83d\uddff\ud83c\udf33","og_description":"Reserva ja la teva excursi\u00f3 per la ruta del bosc de les escultures a Girona, i gaudeix d\u00b4un dia de natura i aire lliure. \ud83c\udfde Reserveu ara!","og_url":"https:\/\/willysplan.com\/ca\/producto\/ruta-bosc-escultures-girona","og_site_name":"Willy&#039;s Plan \ud83c\udf43","article_modified_time":"2024-08-01T05:27:58+00:00","og_image":[{"width":1080,"height":1080,"url":"https:\/\/www.willysplan.com\/wp-content\/uploads\/2022\/09\/Bosc-de-les-escultures-de-celra-1.jpg","type":"image\/jpeg"}],"twitter_card":"summary_large_image","twitter_misc":{"Temps estimat de lectura":"2 minuts"},"schema":{"@context":"https:\/\/schema.org","@graph":[{"@type":"WebPage","@id":"https:\/\/www.willysplan.com\/ca\/producto\/ruta-bosc-escultures-girona","url":"https:\/\/willysplan.com\/ca\/producto\/ruta-bosc-escultures-girona","name":"Ruta pel Bosc de les escultures (Girona) - Willy's Plan \ud83c\udf43","isPartOf":{"@id":"https:\/\/www.willysplan.com\/#website"},"primaryImageOfPage":{"@id":"https:\/\/willysplan.com\/ca\/producto\/ruta-bosc-escultures-girona#primaryimage"},"image":{"@id":"https:\/\/willysplan.com\/ca\/producto\/ruta-bosc-escultures-girona#primaryimage"},"thumbnailUrl":"https:\/\/www.willysplan.com\/wp-content\/uploads\/2022\/09\/Bosc-de-les-escultures-de-celra-1.jpg","datePublished":"2022-09-26T11:36:54+00:00","dateModified":"2024-08-01T05:27:58+00:00","description":"Reserva ja la teva excursi\u00f3 per la ruta del bosc de les escultures a Girona, i gaudeix d\u00b4un dia de natura i aire lliure. \ud83c\udfde Reserveu ara!","breadcrumb":{"@id":"https:\/\/willysplan.com\/ca\/producto\/ruta-bosc-escultures-girona#breadcrumb"},"inLanguage":"ca","potentialAction":[{"@type":"ReadAction","target":["https:\/\/willysplan.com\/ca\/producto\/ruta-bosc-escultures-girona"]}]},{"@type":"ImageObject","inLanguage":"ca","@id":"https:\/\/willysplan.com\/ca\/producto\/ruta-bosc-escultures-girona#primaryimage","url":"https:\/\/www.willysplan.com\/wp-content\/uploads\/2022\/09\/Bosc-de-les-escultures-de-celra-1.jpg","contentUrl":"https:\/\/www.willysplan.com\/wp-content\/uploads\/2022\/09\/Bosc-de-les-escultures-de-celra-1.jpg","width":1080,"height":1080,"caption":"Bosc de les escultures de celr\u00e0"},{"@type":"BreadcrumbList","@id":"https:\/\/willysplan.com\/ca\/producto\/ruta-bosc-escultures-girona#breadcrumb","itemListElement":[{"@type":"ListItem","position":1,"name":"Botiga","item":"https:\/\/www.willysplan.com\/ca\/botiga"},{"@type":"ListItem","position":2,"name":"Ruta pel Bosc de les escultures \ud83d\uddff\ud83c\udf33"}]},{"@type":"WebSite","@id":"https:\/\/www.willysplan.com\/#website","url":"https:\/\/www.willysplan.com\/","name":"Willy&#039;s Plan \ud83c\udf43","description":"Escapadas y Planes de fin de semana","publisher":{"@id":"https:\/\/www.willysplan.com\/#organization"},"potentialAction":[{"@type":"SearchAction","target":{"@type":"EntryPoint","urlTemplate":"https:\/\/www.willysplan.com\/?s={search_term_string}"},"query-input":{"@type":"PropertyValueSpecification","valueRequired":true,"valueName":"search_term_string"}}],"inLanguage":"ca"},{"@type":"Organization","@id":"https:\/\/www.willysplan.com\/#organization","name":"Willy&#039;s Plan \ud83c\udf43","url":"https:\/\/www.willysplan.com\/","logo":{"@type":"ImageObject","inLanguage":"ca","@id":"https:\/\/www.willysplan.com\/#\/schema\/logo\/image\/","url":"https:\/\/www.willysplan.com\/wp-content\/uploads\/2020\/04\/cropped-logo-1.png","contentUrl":"https:\/\/www.willysplan.com\/wp-content\/uploads\/2020\/04\/cropped-logo-1.png","width":332,"height":332,"caption":"Willy&#039;s Plan \ud83c\udf43"},"image":{"@id":"https:\/\/www.willysplan.com\/#\/schema\/logo\/image\/"}}]}},"_links":{"self":[{"href":"https:\/\/www.willysplan.com\/ca\/wp-json\/wp\/v2\/product\/21735","targetHints":{"allow":["GET"]}}],"collection":[{"href":"https:\/\/www.willysplan.com\/ca\/wp-json\/wp\/v2\/product"}],"about":[{"href":"https:\/\/www.willysplan.com\/ca\/wp-json\/wp\/v2\/types\/product"}],"replies":[{"embeddable":true,"href":"https:\/\/www.willysplan.com\/ca\/wp-json\/wp\/v2\/comments?post=21735"}],"wp:featuredmedia":[{"embeddable":true,"href":"https:\/\/www.willysplan.com\/ca\/wp-json\/wp\/v2\/media\/15113"}],"wp:attachment":[{"href":"https:\/\/www.willysplan.com\/ca\/wp-json\/wp\/v2\/media?parent=21735"}],"wp:term":[{"taxonomy":"product_brand","embeddable":true,"href":"https:\/\/www.willysplan.com\/ca\/wp-json\/wp\/v2\/product_brand?post=21735"},{"taxonomy":"product_cat","embeddable":true,"href":"https:\/\/www.willysplan.com\/ca\/wp-json\/wp\/v2\/product_cat?post=21735"},{"taxonomy":"product_tag","embeddable":true,"href":"https:\/\/www.willysplan.com\/ca\/wp-json\/wp\/v2\/product_tag?post=21735"}],"curies":[{"name":"wp","href":"https:\/\/api.w.org\/{rel}","templated":true}]}}