{"id":15624,"date":"2022-08-03T22:45:08","date_gmt":"2022-08-03T21:45:08","guid":{"rendered":"https:\/\/willysplan.com\/excursions-organitzades-dun-dia-des-de-barcelona"},"modified":"2023-04-11T22:11:51","modified_gmt":"2023-04-11T21:11:51","slug":"excursions-organitzades-dun-dia-des-de-barcelona","status":"publish","type":"page","link":"https:\/\/www.willysplan.com\/ca\/excursions-organitzades-dun-dia-des-de-barcelona","title":{"rendered":"Excursions organitzades d\u00b4un dia des de Barcelona"},"content":{"rendered":"\t\t<div data-elementor-type=\"wp-page\" data-elementor-id=\"15624\" class=\"elementor elementor-15624 elementor-9273\" data-elementor-post-type=\"page\">\n\t\t\t\t\t\t<section class=\"elementor-section elementor-top-section elementor-element elementor-element-6bbb0fa elementor-section-boxed elementor-section-height-default elementor-section-height-default\" data-id=\"6bbb0fa\" data-element_type=\"section\">\n\t\t\t\t\t\t<div class=\"elementor-container elementor-column-gap-default\">\n\t\t\t\t\t<div class=\"elementor-column elementor-col-100 elementor-top-column elementor-element elementor-element-791bef8\" data-id=\"791bef8\" data-element_type=\"column\">\n\t\t\t<div class=\"elementor-widget-wrap elementor-element-populated\">\n\t\t\t\t\t\t<div class=\"elementor-element elementor-element-aee35fc elementor-widget elementor-widget-spacer\" data-id=\"aee35fc\" data-element_type=\"widget\" data-widget_type=\"spacer.default\">\n\t\t\t\t<div class=\"elementor-widget-container\">\n\t\t\t\t\t\t\t<div class=\"elementor-spacer\">\n\t\t\t<div class=\"elementor-spacer-inner\"><\/div>\n\t\t<\/div>\n\t\t\t\t\t\t<\/div>\n\t\t\t\t<\/div>\n\t\t\t\t\t<\/div>\n\t\t<\/div>\n\t\t\t\t\t<\/div>\n\t\t<\/section>\n\t\t\t\t<section class=\"elementor-section elementor-top-section elementor-element elementor-element-3f6d3b2 elementor-section-boxed elementor-section-height-default elementor-section-height-default\" data-id=\"3f6d3b2\" data-element_type=\"section\">\n\t\t\t\t\t\t<div class=\"elementor-container elementor-column-gap-default\">\n\t\t\t\t\t<div class=\"elementor-column elementor-col-100 elementor-top-column elementor-element elementor-element-c095647\" data-id=\"c095647\" data-element_type=\"column\">\n\t\t\t<div class=\"elementor-widget-wrap elementor-element-populated\">\n\t\t\t\t\t\t<div class=\"elementor-element elementor-element-99942ee elementor-widget elementor-widget-heading\" data-id=\"99942ee\" data-element_type=\"widget\" data-widget_type=\"heading.default\">\n\t\t\t\t<div class=\"elementor-widget-container\">\n\t\t\t\t\t<h1 class=\"elementor-heading-title elementor-size-default\">Excursions organitzades d\u00b4un dia des de Barcelona<\/h1>\t\t\t\t<\/div>\n\t\t\t\t<\/div>\n\t\t\t\t\t<\/div>\n\t\t<\/div>\n\t\t\t\t\t<\/div>\n\t\t<\/section>\n\t\t\t\t<section class=\"elementor-section elementor-top-section elementor-element elementor-element-f6d8bd2 elementor-section-boxed elementor-section-height-default elementor-section-height-default\" data-id=\"f6d8bd2\" data-element_type=\"section\">\n\t\t\t\t\t\t<div class=\"elementor-container elementor-column-gap-default\">\n\t\t\t\t\t<div class=\"elementor-column elementor-col-100 elementor-top-column elementor-element elementor-element-4e33524\" data-id=\"4e33524\" data-element_type=\"column\">\n\t\t\t<div class=\"elementor-widget-wrap elementor-element-populated\">\n\t\t\t\t\t\t<div class=\"elementor-element elementor-element-c2ca048 elementor-widget elementor-widget-text-editor\" data-id=\"c2ca048\" data-element_type=\"widget\" data-widget_type=\"text-editor.default\">\n\t\t\t\t<div class=\"elementor-widget-container\">\n\t\t\t\t\t\t\t\t\t<p><span style=\"font-weight: 400;\">Est\u00e0s cercant<\/span> <b>excursions organitzades d&#8217;un dia des de Barcelona<\/b><span style=\"font-weight: 400;\"> per sortir de la rutina i fer un pla diferent amb el vostre grup d&#8217;amics, familiars o companys? Aqu\u00ed et proposem diverses <\/span><b>excursions amb autocar d&#8217;un dia des de Barcelona<\/b> <span style=\"font-weight: 400;\">perqu\u00e8 coneguis un lloc natural nou, mentre reprens aquest contacte amb la natura, i passes un dia genial de la manera m\u00e9s original possible.<\/span><\/p>\n<p><span style=\"font-weight: 400;\">Pots reservar ara un dels nostres tours des de Barcelona, ja sigui que estiguis pensant de fer-la amb motiu d&#8217;un aniversari, un esdeveniment especial o que vulguis regalar aquesta experi\u00e8ncia a alg\u00fa estimat. Tindreu un guia privat nom\u00e9s per a vosaltres, que us acompanyar\u00e0 i us guiar\u00e0 al llarg del trajecte.<\/span><\/p>\n\t\t\t\t\t\t\t\t<\/div>\n\t\t\t\t<\/div>\n\t\t\t\t\t<\/div>\n\t\t<\/div>\n\t\t\t\t\t<\/div>\n\t\t<\/section>\n\t\t\t\t<section class=\"elementor-section elementor-top-section elementor-element elementor-element-85b9de8 elementor-section-boxed elementor-section-height-default elementor-section-height-default\" data-id=\"85b9de8\" data-element_type=\"section\">\n\t\t\t\t\t\t<div class=\"elementor-container elementor-column-gap-default\">\n\t\t\t\t\t<div class=\"elementor-column elementor-col-100 elementor-top-column elementor-element elementor-element-1e95265\" data-id=\"1e95265\" data-element_type=\"column\">\n\t\t\t<div class=\"elementor-widget-wrap elementor-element-populated\">\n\t\t\t\t\t\t\t<\/div>\n\t\t<\/div>\n\t\t\t\t\t<\/div>\n\t\t<\/section>\n\t\t\t\t<section class=\"elementor-section elementor-top-section elementor-element elementor-element-8b96ed3 elementor-section-boxed elementor-section-height-default elementor-section-height-default\" data-id=\"8b96ed3\" data-element_type=\"section\">\n\t\t\t\t\t\t<div class=\"elementor-container elementor-column-gap-default\">\n\t\t\t\t\t<div class=\"elementor-column elementor-col-100 elementor-top-column elementor-element elementor-element-cfc71b0\" data-id=\"cfc71b0\" data-element_type=\"column\">\n\t\t\t<div class=\"elementor-widget-wrap elementor-element-populated\">\n\t\t\t\t\t\t<div class=\"elementor-element elementor-element-2864924 elementor-widget elementor-widget-spacer\" data-id=\"2864924\" data-element_type=\"widget\" data-widget_type=\"spacer.default\">\n\t\t\t\t<div class=\"elementor-widget-container\">\n\t\t\t\t\t\t\t<div class=\"elementor-spacer\">\n\t\t\t<div class=\"elementor-spacer-inner\"><\/div>\n\t\t<\/div>\n\t\t\t\t\t\t<\/div>\n\t\t\t\t<\/div>\n\t\t\t\t\t<\/div>\n\t\t<\/div>\n\t\t\t\t\t<\/div>\n\t\t<\/section>\n\t\t\t\t<section class=\"elementor-section elementor-top-section elementor-element elementor-element-01b3964 elementor-section-boxed elementor-section-height-default elementor-section-height-default\" data-id=\"01b3964\" data-element_type=\"section\">\n\t\t\t\t\t\t<div class=\"elementor-container elementor-column-gap-default\">\n\t\t\t\t\t<div class=\"elementor-column elementor-col-100 elementor-top-column elementor-element elementor-element-35c0999\" data-id=\"35c0999\" data-element_type=\"column\">\n\t\t\t<div class=\"elementor-widget-wrap elementor-element-populated\">\n\t\t\t\t\t\t<div class=\"elementor-element elementor-element-ed4b704 elementor-widget elementor-widget-heading\" data-id=\"ed4b704\" data-element_type=\"widget\" data-widget_type=\"heading.default\">\n\t\t\t\t<div class=\"elementor-widget-container\">\n\t\t\t\t\t<h2 class=\"elementor-heading-title elementor-size-default\">Com funcionen aquestes excursions des de Barcelona?<\/h2>\t\t\t\t<\/div>\n\t\t\t\t<\/div>\n\t\t\t\t\t<\/div>\n\t\t<\/div>\n\t\t\t\t\t<\/div>\n\t\t<\/section>\n\t\t\t\t<section class=\"elementor-section elementor-top-section elementor-element elementor-element-2498eb2 elementor-section-boxed elementor-section-height-default elementor-section-height-default\" data-id=\"2498eb2\" data-element_type=\"section\">\n\t\t\t\t\t\t<div class=\"elementor-container elementor-column-gap-default\">\n\t\t\t\t\t<div class=\"elementor-column elementor-col-100 elementor-top-column elementor-element elementor-element-76e7000\" data-id=\"76e7000\" data-element_type=\"column\">\n\t\t\t<div class=\"elementor-widget-wrap elementor-element-populated\">\n\t\t\t\t\t\t<div class=\"elementor-element elementor-element-9673df8 elementor-widget elementor-widget-text-editor\" data-id=\"9673df8\" data-element_type=\"widget\" data-widget_type=\"text-editor.default\">\n\t\t\t\t<div class=\"elementor-widget-container\">\n\t\t\t\t\t\t\t\t\t<p>Aquestes excursions d\u00b4un dia des de Barcelona, es fan per a grups tancats, \u00e9s a dir, que si sou un grup de m\u00e9s de 4 o 5 persones, nom\u00e9s haureu d\u00b4escollir l\u00b4excursi\u00f3 que m\u00e9s us vingui de gust, i enviar-nos la sol\u00b7licitud mitjan\u00e7ant el formulari de contacte perqu\u00e8 organitzem plegats qualsevol dels viatges d&#8217;un dia des de Barcelona que vulgueu fer.<\/p>\n<p>Aix\u00ed doncs, la nostra recomanaci\u00f3 \u00e9s que feu un cop d&#8217;ull a cadascuna d&#8217;aquestes excursions organitzades des de Barcelona, i decidiu entre vosaltres la que m\u00e9s us agradi. Totes elles, s\u00f3n excursions de nivell f\u00e0cil en qu\u00e8 gaudireu del trajecte, aix\u00ed com ho farem nosaltres en acompanyar-vos i guiar-vos.<\/p>\n<p>Ser\u00e0 un plaer anar de la m\u00e0 en qualsevol dels tours des de Barcelona que trieu.<\/p>\n\t\t\t\t\t\t\t\t<\/div>\n\t\t\t\t<\/div>\n\t\t\t\t\t<\/div>\n\t\t<\/div>\n\t\t\t\t\t<\/div>\n\t\t<\/section>\n\t\t\t\t<section class=\"elementor-section elementor-top-section elementor-element elementor-element-5958b10 elementor-section-boxed elementor-section-height-default elementor-section-height-default\" data-id=\"5958b10\" data-element_type=\"section\">\n\t\t\t\t\t\t<div class=\"elementor-container elementor-column-gap-default\">\n\t\t\t\t\t<div class=\"elementor-column elementor-col-100 elementor-top-column elementor-element elementor-element-ac72989\" data-id=\"ac72989\" data-element_type=\"column\">\n\t\t\t<div class=\"elementor-widget-wrap elementor-element-populated\">\n\t\t\t\t\t\t<div class=\"elementor-element elementor-element-6035252 elementor-widget elementor-widget-heading\" data-id=\"6035252\" data-element_type=\"widget\" data-widget_type=\"heading.default\">\n\t\t\t\t<div class=\"elementor-widget-container\">\n\t\t\t\t\t<h3 class=\"elementor-heading-title elementor-size-default\">Ruta als 7 Gorgs<\/h3>\t\t\t\t<\/div>\n\t\t\t\t<\/div>\n\t\t\t\t\t<\/div>\n\t\t<\/div>\n\t\t\t\t\t<\/div>\n\t\t<\/section>\n\t\t\t\t<section class=\"elementor-section elementor-top-section elementor-element elementor-element-121f802 elementor-section-boxed elementor-section-height-default elementor-section-height-default\" data-id=\"121f802\" data-element_type=\"section\">\n\t\t\t\t\t\t<div class=\"elementor-container elementor-column-gap-default\">\n\t\t\t\t\t<div class=\"elementor-column elementor-col-50 elementor-top-column elementor-element elementor-element-f36a29a\" data-id=\"f36a29a\" data-element_type=\"column\">\n\t\t\t<div class=\"elementor-widget-wrap elementor-element-populated\">\n\t\t\t\t\t\t<div class=\"elementor-element elementor-element-5d8c709 elementor-widget elementor-widget-image\" data-id=\"5d8c709\" data-element_type=\"widget\" data-widget_type=\"image.default\">\n\t\t\t\t<div class=\"elementor-widget-container\">\n\t\t\t\t\t\t\t\t\t\t\t\t\t\t\t<img fetchpriority=\"high\" decoding=\"async\" width=\"1024\" height=\"683\" src=\"https:\/\/www.willysplan.com\/wp-content\/uploads\/2021\/07\/excursion_con_ninos_gorgsdelacabana-1024x683-1.jpg\" class=\"attachment-large size-large wp-image-14175\" alt=\"\" srcset=\"https:\/\/www.willysplan.com\/wp-content\/uploads\/2021\/07\/excursion_con_ninos_gorgsdelacabana-1024x683-1.jpg 1024w, https:\/\/www.willysplan.com\/wp-content\/uploads\/2021\/07\/excursion_con_ninos_gorgsdelacabana-1024x683-1-300x200.jpg 300w, https:\/\/www.willysplan.com\/wp-content\/uploads\/2021\/07\/excursion_con_ninos_gorgsdelacabana-1024x683-1-768x512.jpg 768w, https:\/\/www.willysplan.com\/wp-content\/uploads\/2021\/07\/excursion_con_ninos_gorgsdelacabana-1024x683-1-930x620.jpg 930w, https:\/\/www.willysplan.com\/wp-content\/uploads\/2021\/07\/excursion_con_ninos_gorgsdelacabana-1024x683-1-600x400.jpg 600w\" sizes=\"(max-width: 1024px) 100vw, 1024px\" \/>\t\t\t\t\t\t\t\t\t\t\t\t\t\t\t<\/div>\n\t\t\t\t<\/div>\n\t\t\t\t\t<\/div>\n\t\t<\/div>\n\t\t\t\t<div class=\"elementor-column elementor-col-50 elementor-top-column elementor-element elementor-element-5bfb117\" data-id=\"5bfb117\" data-element_type=\"column\">\n\t\t\t<div class=\"elementor-widget-wrap elementor-element-populated\">\n\t\t\t\t\t\t<div class=\"elementor-element elementor-element-2673461 elementor-widget elementor-widget-image\" data-id=\"2673461\" data-element_type=\"widget\" data-widget_type=\"image.default\">\n\t\t\t\t<div class=\"elementor-widget-container\">\n\t\t\t\t\t\t\t\t\t\t\t\t\t\t\t<img decoding=\"async\" width=\"748\" height=\"512\" src=\"https:\/\/www.willysplan.com\/wp-content\/uploads\/2020\/12\/ruta-7-gorgs-campdevanol.jpg\" class=\"attachment-large size-large wp-image-13865\" alt=\"ruta 7 gorgs de campdevanol\" srcset=\"https:\/\/www.willysplan.com\/wp-content\/uploads\/2020\/12\/ruta-7-gorgs-campdevanol.jpg 748w, https:\/\/www.willysplan.com\/wp-content\/uploads\/2020\/12\/ruta-7-gorgs-campdevanol-300x205.jpg 300w, https:\/\/www.willysplan.com\/wp-content\/uploads\/2020\/12\/ruta-7-gorgs-campdevanol-584x400.jpg 584w, https:\/\/www.willysplan.com\/wp-content\/uploads\/2020\/12\/ruta-7-gorgs-campdevanol-585x400.jpg 585w, https:\/\/www.willysplan.com\/wp-content\/uploads\/2020\/12\/ruta-7-gorgs-campdevanol-600x411.jpg 600w\" sizes=\"(max-width: 748px) 100vw, 748px\" \/>\t\t\t\t\t\t\t\t\t\t\t\t\t\t\t<\/div>\n\t\t\t\t<\/div>\n\t\t\t\t\t<\/div>\n\t\t<\/div>\n\t\t\t\t\t<\/div>\n\t\t<\/section>\n\t\t\t\t<section class=\"elementor-section elementor-top-section elementor-element elementor-element-087990b elementor-section-boxed elementor-section-height-default elementor-section-height-default\" data-id=\"087990b\" data-element_type=\"section\">\n\t\t\t\t\t\t<div class=\"elementor-container elementor-column-gap-default\">\n\t\t\t\t\t<div class=\"elementor-column elementor-col-100 elementor-top-column elementor-element elementor-element-273e183\" data-id=\"273e183\" data-element_type=\"column\">\n\t\t\t<div class=\"elementor-widget-wrap elementor-element-populated\">\n\t\t\t\t\t\t<div class=\"elementor-element elementor-element-23041c1 elementor-widget elementor-widget-text-editor\" data-id=\"23041c1\" data-element_type=\"widget\" data-widget_type=\"text-editor.default\">\n\t\t\t\t<div class=\"elementor-widget-container\">\n\t\t\t\t\t\t\t\t\t<p><span style=\"font-weight: 400;\">\u00c9s una<\/span> <b>excursi\u00f3 f\u00e0cil<\/b> <span style=\"font-weight: 400;\">on caminareu, de la m\u00e0 d&#8217;un guia, per un recorregut on anireu trobant-vos amb gorgs naturals. El recorregut \u00e9s espectacular i donar\u00e0 peu a bones converses al mig de la natura. Si ho fas a l&#8217;estiu, fins i tot podr\u00e0s emportar-te el banyador per<\/span> <b>donar-te una capbussada<\/b> <span style=\"font-weight: 400;\">refrescant.<\/span><\/p>\n\t\t\t\t\t\t\t\t<\/div>\n\t\t\t\t<\/div>\n\t\t\t\t\t<\/div>\n\t\t<\/div>\n\t\t\t\t\t<\/div>\n\t\t<\/section>\n\t\t\t\t<section class=\"elementor-section elementor-top-section elementor-element elementor-element-b204503 elementor-section-boxed elementor-section-height-default elementor-section-height-default\" data-id=\"b204503\" data-element_type=\"section\">\n\t\t\t\t\t\t<div class=\"elementor-container elementor-column-gap-default\">\n\t\t\t\t\t<div class=\"elementor-column elementor-col-100 elementor-top-column elementor-element elementor-element-0e8579f\" data-id=\"0e8579f\" data-element_type=\"column\">\n\t\t\t<div class=\"elementor-widget-wrap elementor-element-populated\">\n\t\t\t\t\t\t<div class=\"elementor-element elementor-element-658c5fb elementor-widget elementor-widget-heading\" data-id=\"658c5fb\" data-element_type=\"widget\" data-widget_type=\"heading.default\">\n\t\t\t\t<div class=\"elementor-widget-container\">\n\t\t\t\t\t<h3 class=\"elementor-heading-title elementor-size-default\">Excursi\u00f3 al Far del Cap de Creus &amp; Cadaqu\u00e9s<\/h3>\t\t\t\t<\/div>\n\t\t\t\t<\/div>\n\t\t\t\t\t<\/div>\n\t\t<\/div>\n\t\t\t\t\t<\/div>\n\t\t<\/section>\n\t\t\t\t<section class=\"elementor-section elementor-top-section elementor-element elementor-element-fc4d193 elementor-section-boxed elementor-section-height-default elementor-section-height-default\" data-id=\"fc4d193\" data-element_type=\"section\">\n\t\t\t\t\t\t<div class=\"elementor-container elementor-column-gap-default\">\n\t\t\t\t\t<div class=\"elementor-column elementor-col-50 elementor-top-column elementor-element elementor-element-e9641a6\" data-id=\"e9641a6\" data-element_type=\"column\">\n\t\t\t<div class=\"elementor-widget-wrap elementor-element-populated\">\n\t\t\t\t\t\t<div class=\"elementor-element elementor-element-e6947fc elementor-widget elementor-widget-image\" data-id=\"e6947fc\" data-element_type=\"widget\" data-widget_type=\"image.default\">\n\t\t\t\t<div class=\"elementor-widget-container\">\n\t\t\t\t\t\t\t\t\t\t\t\t\t\t\t<img decoding=\"async\" width=\"1024\" height=\"768\" src=\"https:\/\/www.willysplan.com\/wp-content\/uploads\/2020\/07\/que-hacer-en-cadaques1-1024x768.jpg\" class=\"attachment-large size-large wp-image-13465\" alt=\"\" srcset=\"https:\/\/www.willysplan.com\/wp-content\/uploads\/2020\/07\/que-hacer-en-cadaques1-1024x768.jpg 1024w, https:\/\/www.willysplan.com\/wp-content\/uploads\/2020\/07\/que-hacer-en-cadaques1-300x225.jpg 300w, https:\/\/www.willysplan.com\/wp-content\/uploads\/2020\/07\/que-hacer-en-cadaques1-768x576.jpg 768w, https:\/\/www.willysplan.com\/wp-content\/uploads\/2020\/07\/que-hacer-en-cadaques1-760x570.jpg 760w, https:\/\/www.willysplan.com\/wp-content\/uploads\/2020\/07\/que-hacer-en-cadaques1-960x720.jpg 960w, https:\/\/www.willysplan.com\/wp-content\/uploads\/2020\/07\/que-hacer-en-cadaques1-533x400.jpg 533w, https:\/\/www.willysplan.com\/wp-content\/uploads\/2020\/07\/que-hacer-en-cadaques1-585x439.jpg 585w, https:\/\/www.willysplan.com\/wp-content\/uploads\/2020\/07\/que-hacer-en-cadaques1-600x450.jpg 600w, https:\/\/www.willysplan.com\/wp-content\/uploads\/2020\/07\/que-hacer-en-cadaques1.jpg 1280w\" sizes=\"(max-width: 1024px) 100vw, 1024px\" \/>\t\t\t\t\t\t\t\t\t\t\t\t\t\t\t<\/div>\n\t\t\t\t<\/div>\n\t\t\t\t\t<\/div>\n\t\t<\/div>\n\t\t\t\t<div class=\"elementor-column elementor-col-50 elementor-top-column elementor-element elementor-element-b04fcf9\" data-id=\"b04fcf9\" data-element_type=\"column\">\n\t\t\t<div class=\"elementor-widget-wrap elementor-element-populated\">\n\t\t\t\t\t\t<div class=\"elementor-element elementor-element-6c0699e elementor-widget elementor-widget-image\" data-id=\"6c0699e\" data-element_type=\"widget\" data-widget_type=\"image.default\">\n\t\t\t\t<div class=\"elementor-widget-container\">\n\t\t\t\t\t\t\t\t\t\t\t\t\t\t\t<img loading=\"lazy\" decoding=\"async\" width=\"1024\" height=\"561\" src=\"https:\/\/www.willysplan.com\/wp-content\/uploads\/2020\/05\/rutas-cadaques-11.jpg\" class=\"attachment-large size-large wp-image-13095\" alt=\"\" srcset=\"https:\/\/www.willysplan.com\/wp-content\/uploads\/2020\/05\/rutas-cadaques-11.jpg 1024w, https:\/\/www.willysplan.com\/wp-content\/uploads\/2020\/05\/rutas-cadaques-11-300x164.jpg 300w, https:\/\/www.willysplan.com\/wp-content\/uploads\/2020\/05\/rutas-cadaques-11-768x421.jpg 768w, https:\/\/www.willysplan.com\/wp-content\/uploads\/2020\/05\/rutas-cadaques-11-960x526.jpg 960w, https:\/\/www.willysplan.com\/wp-content\/uploads\/2020\/05\/rutas-cadaques-11-730x400.jpg 730w, https:\/\/www.willysplan.com\/wp-content\/uploads\/2020\/05\/rutas-cadaques-11-585x320.jpg 585w, https:\/\/www.willysplan.com\/wp-content\/uploads\/2020\/05\/rutas-cadaques-11-600x329.jpg 600w\" sizes=\"(max-width: 1024px) 100vw, 1024px\" \/>\t\t\t\t\t\t\t\t\t\t\t\t\t\t\t<\/div>\n\t\t\t\t<\/div>\n\t\t\t\t\t<\/div>\n\t\t<\/div>\n\t\t\t\t\t<\/div>\n\t\t<\/section>\n\t\t\t\t<section class=\"elementor-section elementor-top-section elementor-element elementor-element-35d9d1c elementor-section-boxed elementor-section-height-default elementor-section-height-default\" data-id=\"35d9d1c\" data-element_type=\"section\">\n\t\t\t\t\t\t<div class=\"elementor-container elementor-column-gap-default\">\n\t\t\t\t\t<div class=\"elementor-column elementor-col-100 elementor-top-column elementor-element elementor-element-c8c2ef5\" data-id=\"c8c2ef5\" data-element_type=\"column\">\n\t\t\t<div class=\"elementor-widget-wrap elementor-element-populated\">\n\t\t\t\t\t\t<div class=\"elementor-element elementor-element-e6301c3 elementor-widget elementor-widget-text-editor\" data-id=\"e6301c3\" data-element_type=\"widget\" data-widget_type=\"text-editor.default\">\n\t\t\t\t<div class=\"elementor-widget-container\">\n\t\t\t\t\t\t\t\t\t<p><span style=\"font-weight: 400;\">Aquesta \u00e9s una de les millors idees de team building des de Barcelona, per passar tot el dia amb el teu equip. L\u00b4excursi\u00f3 consta de dues parts diferents. La primera consisteix en una <\/span><b>ruta pel Cap de Creus<\/b> <span style=\"font-weight: 400;\">que us permetr\u00e0 tenir algunes de les millors vistes del Mar Mediterrani i banyar-vos en cales pr\u00e0cticament desertes.<\/span><\/p>\n<p><span style=\"font-weight: 400;\">Despr\u00e9s de dinar a un dels restaurants de la zona us dirigireu directament al<\/span> <b>poble de Cadaqu\u00e9s<\/b><span style=\"font-weight: 400;\">. Passareu la tarda prenent un gelat i visitant els carrers d&#8217;un dels pobles m\u00e9s bonics de Barcelona i que va servir d&#8217;inspiraci\u00f3 al fam\u00f3s artista Dal\u00ed.<\/span><\/p>\n\t\t\t\t\t\t\t\t<\/div>\n\t\t\t\t<\/div>\n\t\t\t\t\t<\/div>\n\t\t<\/div>\n\t\t\t\t\t<\/div>\n\t\t<\/section>\n\t\t\t\t<section class=\"elementor-section elementor-top-section elementor-element elementor-element-8592baf elementor-section-boxed elementor-section-height-default elementor-section-height-default\" data-id=\"8592baf\" data-element_type=\"section\">\n\t\t\t\t\t\t<div class=\"elementor-container elementor-column-gap-default\">\n\t\t\t\t\t<div class=\"elementor-column elementor-col-100 elementor-top-column elementor-element elementor-element-88ee028\" data-id=\"88ee028\" data-element_type=\"column\">\n\t\t\t<div class=\"elementor-widget-wrap elementor-element-populated\">\n\t\t\t\t\t\t<div class=\"elementor-element elementor-element-0192481 elementor-widget elementor-widget-heading\" data-id=\"0192481\" data-element_type=\"widget\" data-widget_type=\"heading.default\">\n\t\t\t\t<div class=\"elementor-widget-container\">\n\t\t\t\t\t<h3 class=\"elementor-heading-title elementor-size-default\">Excursi\u00f3 a Castellfollit del Boix<\/h3>\t\t\t\t<\/div>\n\t\t\t\t<\/div>\n\t\t\t\t\t<\/div>\n\t\t<\/div>\n\t\t\t\t\t<\/div>\n\t\t<\/section>\n\t\t\t\t<section class=\"elementor-section elementor-top-section elementor-element elementor-element-2a8474b elementor-section-boxed elementor-section-height-default elementor-section-height-default\" data-id=\"2a8474b\" data-element_type=\"section\">\n\t\t\t\t\t\t<div class=\"elementor-container elementor-column-gap-default\">\n\t\t\t\t\t<div class=\"elementor-column elementor-col-50 elementor-top-column elementor-element elementor-element-8f17d37\" data-id=\"8f17d37\" data-element_type=\"column\">\n\t\t\t<div class=\"elementor-widget-wrap elementor-element-populated\">\n\t\t\t\t\t\t<div class=\"elementor-element elementor-element-6be3ad9 elementor-widget elementor-widget-image\" data-id=\"6be3ad9\" data-element_type=\"widget\" data-widget_type=\"image.default\">\n\t\t\t\t<div class=\"elementor-widget-container\">\n\t\t\t\t\t\t\t\t\t\t\t\t\t\t\t<img loading=\"lazy\" decoding=\"async\" width=\"1024\" height=\"776\" src=\"https:\/\/www.willysplan.com\/wp-content\/uploads\/2021\/01\/Castellfollit-del-boix-1-1024x776.png\" class=\"attachment-large size-large wp-image-13983\" alt=\"excursi\u00f3 a Castellfollit del boix\" srcset=\"https:\/\/www.willysplan.com\/wp-content\/uploads\/2021\/01\/Castellfollit-del-boix-1-1024x776.png 1024w, https:\/\/www.willysplan.com\/wp-content\/uploads\/2021\/01\/Castellfollit-del-boix-1-300x227.png 300w, https:\/\/www.willysplan.com\/wp-content\/uploads\/2021\/01\/Castellfollit-del-boix-1-768x582.png 768w, https:\/\/www.willysplan.com\/wp-content\/uploads\/2021\/01\/Castellfollit-del-boix-1-600x454.png 600w, https:\/\/www.willysplan.com\/wp-content\/uploads\/2021\/01\/Castellfollit-del-boix-1.png 1080w\" sizes=\"(max-width: 1024px) 100vw, 1024px\" \/>\t\t\t\t\t\t\t\t\t\t\t\t\t\t\t<\/div>\n\t\t\t\t<\/div>\n\t\t\t\t\t<\/div>\n\t\t<\/div>\n\t\t\t\t<div class=\"elementor-column elementor-col-50 elementor-top-column elementor-element elementor-element-77b6412\" data-id=\"77b6412\" data-element_type=\"column\">\n\t\t\t<div class=\"elementor-widget-wrap elementor-element-populated\">\n\t\t\t\t\t\t<div class=\"elementor-element elementor-element-6b085ce elementor-widget elementor-widget-image\" data-id=\"6b085ce\" data-element_type=\"widget\" data-widget_type=\"image.default\">\n\t\t\t\t<div class=\"elementor-widget-container\">\n\t\t\t\t\t\t\t\t\t\t\t\t\t\t\t<img loading=\"lazy\" decoding=\"async\" width=\"1024\" height=\"595\" src=\"https:\/\/www.willysplan.com\/wp-content\/uploads\/2021\/07\/castellfollit-del-boix-1024x595.png\" class=\"attachment-large size-large wp-image-14195\" alt=\"\" srcset=\"https:\/\/www.willysplan.com\/wp-content\/uploads\/2021\/07\/castellfollit-del-boix-1024x595.png 1024w, https:\/\/www.willysplan.com\/wp-content\/uploads\/2021\/07\/castellfollit-del-boix-300x174.png 300w, https:\/\/www.willysplan.com\/wp-content\/uploads\/2021\/07\/castellfollit-del-boix-768x447.png 768w, https:\/\/www.willysplan.com\/wp-content\/uploads\/2021\/07\/castellfollit-del-boix-600x349.png 600w, https:\/\/www.willysplan.com\/wp-content\/uploads\/2021\/07\/castellfollit-del-boix.png 1393w\" sizes=\"(max-width: 1024px) 100vw, 1024px\" \/>\t\t\t\t\t\t\t\t\t\t\t\t\t\t\t<\/div>\n\t\t\t\t<\/div>\n\t\t\t\t\t<\/div>\n\t\t<\/div>\n\t\t\t\t\t<\/div>\n\t\t<\/section>\n\t\t\t\t<section class=\"elementor-section elementor-top-section elementor-element elementor-element-b73f442 elementor-section-boxed elementor-section-height-default elementor-section-height-default\" data-id=\"b73f442\" data-element_type=\"section\">\n\t\t\t\t\t\t<div class=\"elementor-container elementor-column-gap-default\">\n\t\t\t\t\t<div class=\"elementor-column elementor-col-100 elementor-top-column elementor-element elementor-element-d8b5cf6\" data-id=\"d8b5cf6\" data-element_type=\"column\">\n\t\t\t<div class=\"elementor-widget-wrap elementor-element-populated\">\n\t\t\t\t\t\t<div class=\"elementor-element elementor-element-82063fd elementor-widget elementor-widget-text-editor\" data-id=\"82063fd\" data-element_type=\"widget\" data-widget_type=\"text-editor.default\">\n\t\t\t\t<div class=\"elementor-widget-container\">\n\t\t\t\t\t\t\t\t\t<p><span style=\"font-weight: 400;\">Aquesta excursi\u00f3 \u00e9s per a aquells equips a qui agrada<\/span> <b>gaudir de la natura a peu.<\/b> <span style=\"font-weight: 400;\">El recorregut t\u00e9 una longitud de<\/span> <b>10 quil\u00f2metres<\/b><span style=\"font-weight: 400;\"> que sortir\u00e0 des del cor del poble de Castellfollit. Seguidament, comen\u00e7areu a endinsar-vos en camins forestals, gaudint del seu paratge natural, passant per alguns punts d&#8217;inter\u00e8s tur\u00edstic.<\/span><\/p>\n\t\t\t\t\t\t\t\t<\/div>\n\t\t\t\t<\/div>\n\t\t\t\t\t<\/div>\n\t\t<\/div>\n\t\t\t\t\t<\/div>\n\t\t<\/section>\n\t\t\t\t<section class=\"elementor-section elementor-top-section elementor-element elementor-element-8a31ac6 elementor-section-boxed elementor-section-height-default elementor-section-height-default\" data-id=\"8a31ac6\" data-element_type=\"section\">\n\t\t\t\t\t\t<div class=\"elementor-container elementor-column-gap-default\">\n\t\t\t\t\t<div class=\"elementor-column elementor-col-100 elementor-top-column elementor-element elementor-element-1388bc7\" data-id=\"1388bc7\" data-element_type=\"column\">\n\t\t\t<div class=\"elementor-widget-wrap elementor-element-populated\">\n\t\t\t\t\t\t<div class=\"elementor-element elementor-element-f1ae44d elementor-widget elementor-widget-heading\" data-id=\"f1ae44d\" data-element_type=\"widget\" data-widget_type=\"heading.default\">\n\t\t\t\t<div class=\"elementor-widget-container\">\n\t\t\t\t\t<h3 class=\"elementor-heading-title elementor-size-default\">Excursi\u00f3 a la Fageda d'en Jord\u00e0\n<\/h3>\t\t\t\t<\/div>\n\t\t\t\t<\/div>\n\t\t\t\t\t<\/div>\n\t\t<\/div>\n\t\t\t\t\t<\/div>\n\t\t<\/section>\n\t\t\t\t<section class=\"elementor-section elementor-top-section elementor-element elementor-element-324a993 elementor-section-boxed elementor-section-height-default elementor-section-height-default\" data-id=\"324a993\" data-element_type=\"section\">\n\t\t\t\t\t\t<div class=\"elementor-container elementor-column-gap-default\">\n\t\t\t\t\t<div class=\"elementor-column elementor-col-50 elementor-top-column elementor-element elementor-element-876b38a\" data-id=\"876b38a\" data-element_type=\"column\">\n\t\t\t<div class=\"elementor-widget-wrap elementor-element-populated\">\n\t\t\t\t\t\t<div class=\"elementor-element elementor-element-df4ddad elementor-widget elementor-widget-image\" data-id=\"df4ddad\" data-element_type=\"widget\" data-widget_type=\"image.default\">\n\t\t\t\t<div class=\"elementor-widget-container\">\n\t\t\t\t\t\t\t\t\t\t\t\t\t\t\t<img loading=\"lazy\" decoding=\"async\" width=\"600\" height=\"338\" src=\"https:\/\/www.willysplan.com\/wp-content\/uploads\/2022\/05\/excursion-a-la-fagedaa.jpg\" class=\"attachment-large size-large wp-image-14815\" alt=\"\" srcset=\"https:\/\/www.willysplan.com\/wp-content\/uploads\/2022\/05\/excursion-a-la-fagedaa.jpg 600w, https:\/\/www.willysplan.com\/wp-content\/uploads\/2022\/05\/excursion-a-la-fagedaa-300x169.jpg 300w\" sizes=\"(max-width: 600px) 100vw, 600px\" \/>\t\t\t\t\t\t\t\t\t\t\t\t\t\t\t<\/div>\n\t\t\t\t<\/div>\n\t\t\t\t\t<\/div>\n\t\t<\/div>\n\t\t\t\t<div class=\"elementor-column elementor-col-50 elementor-top-column elementor-element elementor-element-ffaf3b4\" data-id=\"ffaf3b4\" data-element_type=\"column\">\n\t\t\t<div class=\"elementor-widget-wrap elementor-element-populated\">\n\t\t\t\t\t\t<div class=\"elementor-element elementor-element-a5e1370 elementor-widget elementor-widget-image\" data-id=\"a5e1370\" data-element_type=\"widget\" data-widget_type=\"image.default\">\n\t\t\t\t<div class=\"elementor-widget-container\">\n\t\t\t\t\t\t\t\t\t\t\t\t\t\t\t<img loading=\"lazy\" decoding=\"async\" width=\"1024\" height=\"768\" src=\"https:\/\/www.willysplan.com\/wp-content\/uploads\/2021\/01\/IMG-20210322-WA0007-1024x768.jpg\" class=\"attachment-large size-large wp-image-14093\" alt=\"\" srcset=\"https:\/\/www.willysplan.com\/wp-content\/uploads\/2021\/01\/IMG-20210322-WA0007-1024x768.jpg 1024w, https:\/\/www.willysplan.com\/wp-content\/uploads\/2021\/01\/IMG-20210322-WA0007-300x225.jpg 300w, https:\/\/www.willysplan.com\/wp-content\/uploads\/2021\/01\/IMG-20210322-WA0007-768x576.jpg 768w, https:\/\/www.willysplan.com\/wp-content\/uploads\/2021\/01\/IMG-20210322-WA0007-1536x1152.jpg 1536w, https:\/\/www.willysplan.com\/wp-content\/uploads\/2021\/01\/IMG-20210322-WA0007-600x450.jpg 600w, https:\/\/www.willysplan.com\/wp-content\/uploads\/2021\/01\/IMG-20210322-WA0007.jpg 1600w\" sizes=\"(max-width: 1024px) 100vw, 1024px\" \/>\t\t\t\t\t\t\t\t\t\t\t\t\t\t\t<\/div>\n\t\t\t\t<\/div>\n\t\t\t\t\t<\/div>\n\t\t<\/div>\n\t\t\t\t\t<\/div>\n\t\t<\/section>\n\t\t\t\t<section class=\"elementor-section elementor-top-section elementor-element elementor-element-df54704 elementor-section-boxed elementor-section-height-default elementor-section-height-default\" data-id=\"df54704\" data-element_type=\"section\">\n\t\t\t\t\t\t<div class=\"elementor-container elementor-column-gap-default\">\n\t\t\t\t\t<div class=\"elementor-column elementor-col-100 elementor-top-column elementor-element elementor-element-d387509\" data-id=\"d387509\" data-element_type=\"column\">\n\t\t\t<div class=\"elementor-widget-wrap elementor-element-populated\">\n\t\t\t\t\t\t<div class=\"elementor-element elementor-element-782a3ee elementor-widget elementor-widget-text-editor\" data-id=\"782a3ee\" data-element_type=\"widget\" data-widget_type=\"text-editor.default\">\n\t\t\t\t<div class=\"elementor-widget-container\">\n\t\t\t\t\t\t\t\t\t<p><span style=\"font-weight: 400;\">Per fer aquesta excursi\u00f3, haur\u00e0s de portar el teu equip fins a Olot, a la comarca de la Garrotxa. Aquesta zona \u00e9s molt coneguda pel seu origen volc\u00e0nic i presenta un<\/span><b> bosc de faigs ple de misteris i preciositats<\/b><span style=\"font-weight: 400;\">. Endinsa&#8217;t en aquesta reserva natural i deixa&#8217;t envair per naturalesa en estat pur.<\/span><\/p>\n\t\t\t\t\t\t\t\t<\/div>\n\t\t\t\t<\/div>\n\t\t\t\t\t<\/div>\n\t\t<\/div>\n\t\t\t\t\t<\/div>\n\t\t<\/section>\n\t\t\t\t<\/div>\n\t\t","protected":false},"excerpt":{"rendered":"<p>Excursions organitzades d\u00b4un dia des de Barcelona Est\u00e0s cercant excursions organitzades d&#8217;un dia des de Barcelona per sortir de la rutina i fer un pla diferent amb el vostre grup d&#8217;amics, familiars o companys? Aqu\u00ed et proposem diverses excursions amb autocar d&#8217;un dia des de Barcelona perqu\u00e8 coneguis un lloc natural nou, mentre reprens aquest&hellip;&nbsp;<a href=\"https:\/\/www.willysplan.com\/ca\/excursions-organitzades-dun-dia-des-de-barcelona\" rel=\"bookmark\">Llegiu m\u00e9s &raquo;<span class=\"screen-reader-text\">Excursions organitzades d\u00b4un dia des de Barcelona<\/span><\/a><\/p>\n","protected":false},"author":1,"featured_media":14819,"parent":0,"menu_order":0,"comment_status":"closed","ping_status":"closed","template":"page-templates\/template-pagebuilder-full-width.php","meta":{"neve_meta_sidebar":"","neve_meta_container":"","neve_meta_enable_content_width":"","neve_meta_content_width":0,"neve_meta_title_alignment":"","neve_meta_author_avatar":"","neve_post_elements_order":"","neve_meta_disable_header":"","neve_meta_disable_footer":"","neve_meta_disable_title":"","_joinchat":[],"footnotes":""},"class_list":["post-15624","page","type-page","status-publish","has-post-thumbnail","hentry"],"yoast_head":"<!-- This site is optimized with the Yoast SEO Premium plugin v20.1 (Yoast SEO v26.9) - https:\/\/yoast.com\/product\/yoast-seo-premium-wordpress\/ -->\n<title>Excursions organitzades d\u00b4un dia des de Barcelona - Willy&#039;s Plan<\/title>\n<meta name=\"description\" content=\"Busques excursions d&#039;un dia des de Barcelona? Descobriu aquestes excursions i viatges d&#039;un dia des de Barcelona que us proposem \u2705 Entra ara!\" \/>\n<meta name=\"robots\" content=\"index, follow, max-snippet:-1, max-image-preview:large, max-video-preview:-1\" \/>\n<link rel=\"canonical\" href=\"https:\/\/www.willysplan.com\/ca\/excursions-organitzades-dun-dia-des-de-barcelona\" \/>\n<meta property=\"og:locale\" content=\"ca_ES\" \/>\n<meta property=\"og:type\" content=\"article\" \/>\n<meta property=\"og:title\" content=\"Excursions organitzades d\u00b4un dia des de Barcelona\" \/>\n<meta property=\"og:description\" content=\"Busques excursions d&#039;un dia des de Barcelona? Descobriu aquestes excursions i viatges d&#039;un dia des de Barcelona que us proposem \u2705 Entra ara!\" \/>\n<meta property=\"og:url\" content=\"https:\/\/www.willysplan.com\/ca\/excursions-organitzades-dun-dia-des-de-barcelona\" \/>\n<meta property=\"og:site_name\" content=\"Willy&#039;s Plan \ud83c\udf43\" \/>\n<meta property=\"article:modified_time\" content=\"2023-04-11T21:11:51+00:00\" \/>\n<meta property=\"og:image\" content=\"https:\/\/www.willysplan.com\/wp-content\/uploads\/2020\/12\/excursion-congost-de-montrebei.jpeg\" \/>\n\t<meta property=\"og:image:width\" content=\"1600\" \/>\n\t<meta property=\"og:image:height\" content=\"1200\" \/>\n\t<meta property=\"og:image:type\" content=\"image\/jpeg\" \/>\n<meta name=\"twitter:card\" content=\"summary_large_image\" \/>\n<meta name=\"twitter:label1\" content=\"Temps estimat de lectura\" \/>\n\t<meta name=\"twitter:data1\" content=\"3 minuts\" \/>\n<script type=\"application\/ld+json\" class=\"yoast-schema-graph\">{\"@context\":\"https:\/\/schema.org\",\"@graph\":[{\"@type\":\"WebPage\",\"@id\":\"https:\/\/www.willysplan.com\/ca\/excursions-organitzades-dun-dia-des-de-barcelona\",\"url\":\"https:\/\/www.willysplan.com\/ca\/excursions-organitzades-dun-dia-des-de-barcelona\",\"name\":\"Excursions organitzades d\u00b4un dia des de Barcelona - Willy's Plan\",\"isPartOf\":{\"@id\":\"https:\/\/www.willysplan.com\/#website\"},\"primaryImageOfPage\":{\"@id\":\"https:\/\/www.willysplan.com\/ca\/excursions-organitzades-dun-dia-des-de-barcelona#primaryimage\"},\"image\":{\"@id\":\"https:\/\/www.willysplan.com\/ca\/excursions-organitzades-dun-dia-des-de-barcelona#primaryimage\"},\"thumbnailUrl\":\"https:\/\/www.willysplan.com\/wp-content\/uploads\/2020\/12\/excursion-congost-de-montrebei.jpeg\",\"datePublished\":\"2022-08-03T21:45:08+00:00\",\"dateModified\":\"2023-04-11T21:11:51+00:00\",\"description\":\"Busques excursions d'un dia des de Barcelona? Descobriu aquestes excursions i viatges d'un dia des de Barcelona que us proposem \u2705 Entra ara!\",\"inLanguage\":\"ca\",\"potentialAction\":[{\"@type\":\"ReadAction\",\"target\":[\"https:\/\/www.willysplan.com\/ca\/excursions-organitzades-dun-dia-des-de-barcelona\"]}]},{\"@type\":\"ImageObject\",\"inLanguage\":\"ca\",\"@id\":\"https:\/\/www.willysplan.com\/ca\/excursions-organitzades-dun-dia-des-de-barcelona#primaryimage\",\"url\":\"https:\/\/www.willysplan.com\/wp-content\/uploads\/2020\/12\/excursion-congost-de-montrebei.jpeg\",\"contentUrl\":\"https:\/\/www.willysplan.com\/wp-content\/uploads\/2020\/12\/excursion-congost-de-montrebei.jpeg\",\"width\":1600,\"height\":1200,\"caption\":\"excursi\u00f3 congost de montrebei\"},{\"@type\":\"WebSite\",\"@id\":\"https:\/\/www.willysplan.com\/#website\",\"url\":\"https:\/\/www.willysplan.com\/\",\"name\":\"Willy&#039;s Plan \ud83c\udf43\",\"description\":\"Escapadas y Planes de fin de semana\",\"publisher\":{\"@id\":\"https:\/\/www.willysplan.com\/#organization\"},\"potentialAction\":[{\"@type\":\"SearchAction\",\"target\":{\"@type\":\"EntryPoint\",\"urlTemplate\":\"https:\/\/www.willysplan.com\/?s={search_term_string}\"},\"query-input\":{\"@type\":\"PropertyValueSpecification\",\"valueRequired\":true,\"valueName\":\"search_term_string\"}}],\"inLanguage\":\"ca\"},{\"@type\":\"Organization\",\"@id\":\"https:\/\/www.willysplan.com\/#organization\",\"name\":\"Willy&#039;s Plan \ud83c\udf43\",\"url\":\"https:\/\/www.willysplan.com\/\",\"logo\":{\"@type\":\"ImageObject\",\"inLanguage\":\"ca\",\"@id\":\"https:\/\/www.willysplan.com\/#\/schema\/logo\/image\/\",\"url\":\"https:\/\/www.willysplan.com\/wp-content\/uploads\/2020\/04\/cropped-logo-1.png\",\"contentUrl\":\"https:\/\/www.willysplan.com\/wp-content\/uploads\/2020\/04\/cropped-logo-1.png\",\"width\":332,\"height\":332,\"caption\":\"Willy&#039;s Plan \ud83c\udf43\"},\"image\":{\"@id\":\"https:\/\/www.willysplan.com\/#\/schema\/logo\/image\/\"}}]}<\/script>\n<!-- \/ Yoast SEO Premium plugin. -->","yoast_head_json":{"title":"Excursions organitzades d\u00b4un dia des de Barcelona - Willy's Plan","description":"Busques excursions d'un dia des de Barcelona? Descobriu aquestes excursions i viatges d'un dia des de Barcelona que us proposem \u2705 Entra ara!","robots":{"index":"index","follow":"follow","max-snippet":"max-snippet:-1","max-image-preview":"max-image-preview:large","max-video-preview":"max-video-preview:-1"},"canonical":"https:\/\/www.willysplan.com\/ca\/excursions-organitzades-dun-dia-des-de-barcelona","og_locale":"ca_ES","og_type":"article","og_title":"Excursions organitzades d\u00b4un dia des de Barcelona","og_description":"Busques excursions d'un dia des de Barcelona? Descobriu aquestes excursions i viatges d'un dia des de Barcelona que us proposem \u2705 Entra ara!","og_url":"https:\/\/www.willysplan.com\/ca\/excursions-organitzades-dun-dia-des-de-barcelona","og_site_name":"Willy&#039;s Plan \ud83c\udf43","article_modified_time":"2023-04-11T21:11:51+00:00","og_image":[{"width":1600,"height":1200,"url":"https:\/\/www.willysplan.com\/wp-content\/uploads\/2020\/12\/excursion-congost-de-montrebei.jpeg","type":"image\/jpeg"}],"twitter_card":"summary_large_image","twitter_misc":{"Temps estimat de lectura":"3 minuts"},"schema":{"@context":"https:\/\/schema.org","@graph":[{"@type":"WebPage","@id":"https:\/\/www.willysplan.com\/ca\/excursions-organitzades-dun-dia-des-de-barcelona","url":"https:\/\/www.willysplan.com\/ca\/excursions-organitzades-dun-dia-des-de-barcelona","name":"Excursions organitzades d\u00b4un dia des de Barcelona - Willy's Plan","isPartOf":{"@id":"https:\/\/www.willysplan.com\/#website"},"primaryImageOfPage":{"@id":"https:\/\/www.willysplan.com\/ca\/excursions-organitzades-dun-dia-des-de-barcelona#primaryimage"},"image":{"@id":"https:\/\/www.willysplan.com\/ca\/excursions-organitzades-dun-dia-des-de-barcelona#primaryimage"},"thumbnailUrl":"https:\/\/www.willysplan.com\/wp-content\/uploads\/2020\/12\/excursion-congost-de-montrebei.jpeg","datePublished":"2022-08-03T21:45:08+00:00","dateModified":"2023-04-11T21:11:51+00:00","description":"Busques excursions d'un dia des de Barcelona? Descobriu aquestes excursions i viatges d'un dia des de Barcelona que us proposem \u2705 Entra ara!","inLanguage":"ca","potentialAction":[{"@type":"ReadAction","target":["https:\/\/www.willysplan.com\/ca\/excursions-organitzades-dun-dia-des-de-barcelona"]}]},{"@type":"ImageObject","inLanguage":"ca","@id":"https:\/\/www.willysplan.com\/ca\/excursions-organitzades-dun-dia-des-de-barcelona#primaryimage","url":"https:\/\/www.willysplan.com\/wp-content\/uploads\/2020\/12\/excursion-congost-de-montrebei.jpeg","contentUrl":"https:\/\/www.willysplan.com\/wp-content\/uploads\/2020\/12\/excursion-congost-de-montrebei.jpeg","width":1600,"height":1200,"caption":"excursi\u00f3 congost de montrebei"},{"@type":"WebSite","@id":"https:\/\/www.willysplan.com\/#website","url":"https:\/\/www.willysplan.com\/","name":"Willy&#039;s Plan \ud83c\udf43","description":"Escapadas y Planes de fin de semana","publisher":{"@id":"https:\/\/www.willysplan.com\/#organization"},"potentialAction":[{"@type":"SearchAction","target":{"@type":"EntryPoint","urlTemplate":"https:\/\/www.willysplan.com\/?s={search_term_string}"},"query-input":{"@type":"PropertyValueSpecification","valueRequired":true,"valueName":"search_term_string"}}],"inLanguage":"ca"},{"@type":"Organization","@id":"https:\/\/www.willysplan.com\/#organization","name":"Willy&#039;s Plan \ud83c\udf43","url":"https:\/\/www.willysplan.com\/","logo":{"@type":"ImageObject","inLanguage":"ca","@id":"https:\/\/www.willysplan.com\/#\/schema\/logo\/image\/","url":"https:\/\/www.willysplan.com\/wp-content\/uploads\/2020\/04\/cropped-logo-1.png","contentUrl":"https:\/\/www.willysplan.com\/wp-content\/uploads\/2020\/04\/cropped-logo-1.png","width":332,"height":332,"caption":"Willy&#039;s Plan \ud83c\udf43"},"image":{"@id":"https:\/\/www.willysplan.com\/#\/schema\/logo\/image\/"}}]}},"_links":{"self":[{"href":"https:\/\/www.willysplan.com\/ca\/wp-json\/wp\/v2\/pages\/15624","targetHints":{"allow":["GET"]}}],"collection":[{"href":"https:\/\/www.willysplan.com\/ca\/wp-json\/wp\/v2\/pages"}],"about":[{"href":"https:\/\/www.willysplan.com\/ca\/wp-json\/wp\/v2\/types\/page"}],"author":[{"embeddable":true,"href":"https:\/\/www.willysplan.com\/ca\/wp-json\/wp\/v2\/users\/1"}],"replies":[{"embeddable":true,"href":"https:\/\/www.willysplan.com\/ca\/wp-json\/wp\/v2\/comments?post=15624"}],"version-history":[{"count":3,"href":"https:\/\/www.willysplan.com\/ca\/wp-json\/wp\/v2\/pages\/15624\/revisions"}],"predecessor-version":[{"id":18069,"href":"https:\/\/www.willysplan.com\/ca\/wp-json\/wp\/v2\/pages\/15624\/revisions\/18069"}],"wp:featuredmedia":[{"embeddable":true,"href":"https:\/\/www.willysplan.com\/ca\/wp-json\/wp\/v2\/media\/14819"}],"wp:attachment":[{"href":"https:\/\/www.willysplan.com\/ca\/wp-json\/wp\/v2\/media?parent=15624"}],"curies":[{"name":"wp","href":"https:\/\/api.w.org\/{rel}","templated":true}]}}