{"id":15594,"date":"2022-05-23T20:04:34","date_gmt":"2022-05-23T19:04:34","guid":{"rendered":"https:\/\/willysplan.com\/reserva-la-teva-excursio-grups-privats-i-activitats-teambuilding"},"modified":"2023-01-03T21:09:04","modified_gmt":"2023-01-03T20:09:04","slug":"reserva-la-teva-excursio-grups-privats-i-activitats-teambuilding","status":"publish","type":"page","link":"https:\/\/www.willysplan.com\/ca\/reserva-la-teva-excursio-grups-privats-i-activitats-teambuilding","title":{"rendered":"Reserva la teva excursi\u00f3: Grups privats i activitats teambuilding"},"content":{"rendered":"\t\t<div data-elementor-type=\"wp-page\" data-elementor-id=\"15594\" class=\"elementor elementor-15594 elementor-8697\" data-elementor-post-type=\"page\">\n\t\t\t\t\t\t<section class=\"elementor-section elementor-top-section elementor-element elementor-element-27c37e2 elementor-section-boxed elementor-section-height-default elementor-section-height-default\" data-id=\"27c37e2\" data-element_type=\"section\">\n\t\t\t\t\t\t<div class=\"elementor-container elementor-column-gap-default\">\n\t\t\t\t\t<div class=\"elementor-column elementor-col-100 elementor-top-column elementor-element elementor-element-393d36f\" data-id=\"393d36f\" data-element_type=\"column\">\n\t\t\t<div class=\"elementor-widget-wrap elementor-element-populated\">\n\t\t\t\t\t\t<div class=\"elementor-element elementor-element-67740cf elementor-widget elementor-widget-text-editor\" data-id=\"67740cf\" data-element_type=\"widget\" data-widget_type=\"text-editor.default\">\n\t\t\t\t<div class=\"elementor-widget-container\">\n\t\t\t\t\t\t\t\t\t<p>Vols gaudir d\u00b4una de les nostres excursions per a empreses per fomentar el bon ambient entre els membres del vostre equip? Contacta&#8217;ns ara per reservar la teva activitat de team building a Barcelona.<\/p>\n\t\t\t\t\t\t\t\t<\/div>\n\t\t\t\t<\/div>\n\t\t\t\t\t<\/div>\n\t\t<\/div>\n\t\t\t\t\t<\/div>\n\t\t<\/section>\n\t\t\t\t<section class=\"elementor-section elementor-top-section elementor-element elementor-element-d556f49 elementor-section-boxed elementor-section-height-default elementor-section-height-default\" data-id=\"d556f49\" data-element_type=\"section\">\n\t\t\t\t\t\t<div class=\"elementor-container elementor-column-gap-default\">\n\t\t\t\t\t<div class=\"elementor-column elementor-col-50 elementor-top-column elementor-element elementor-element-790b8ea\" data-id=\"790b8ea\" data-element_type=\"column\">\n\t\t\t<div class=\"elementor-widget-wrap elementor-element-populated\">\n\t\t\t\t\t\t<div class=\"elementor-element elementor-element-60bc059 elementor-widget elementor-widget-image\" data-id=\"60bc059\" data-element_type=\"widget\" data-widget_type=\"image.default\">\n\t\t\t\t<div class=\"elementor-widget-container\">\n\t\t\t\t\t\t\t\t\t\t\t\t\t\t\t<img fetchpriority=\"high\" decoding=\"async\" width=\"600\" height=\"338\" src=\"https:\/\/www.willysplan.com\/wp-content\/uploads\/2022\/05\/excursion-a-la-fagedaa.jpg\" class=\"attachment-large size-large wp-image-14815\" alt=\"\" srcset=\"https:\/\/www.willysplan.com\/wp-content\/uploads\/2022\/05\/excursion-a-la-fagedaa.jpg 600w, https:\/\/www.willysplan.com\/wp-content\/uploads\/2022\/05\/excursion-a-la-fagedaa-300x169.jpg 300w\" sizes=\"(max-width: 600px) 100vw, 600px\" \/>\t\t\t\t\t\t\t\t\t\t\t\t\t\t\t<\/div>\n\t\t\t\t<\/div>\n\t\t\t\t\t<\/div>\n\t\t<\/div>\n\t\t\t\t<div class=\"elementor-column elementor-col-50 elementor-top-column elementor-element elementor-element-d63f479\" data-id=\"d63f479\" data-element_type=\"column\">\n\t\t\t<div class=\"elementor-widget-wrap elementor-element-populated\">\n\t\t\t\t\t\t<div class=\"elementor-element elementor-element-d5fb84c elementor-button-align-stretch elementor-widget elementor-widget-form\" data-id=\"d5fb84c\" data-element_type=\"widget\" data-settings=\"{&quot;step_next_label&quot;:&quot;Next&quot;,&quot;step_previous_label&quot;:&quot;Previous&quot;,&quot;button_width&quot;:&quot;100&quot;,&quot;step_type&quot;:&quot;number_text&quot;,&quot;step_icon_shape&quot;:&quot;circle&quot;}\" data-widget_type=\"form.default\">\n\t\t\t\t<div class=\"elementor-widget-container\">\n\t\t\t\t\t\t\t<form class=\"elementor-form\" method=\"post\" name=\"Contacte team building\" aria-label=\"Contacte team building\">\n\t\t\t<input type=\"hidden\" name=\"post_id\" value=\"15594\"\/>\n\t\t\t<input type=\"hidden\" name=\"form_id\" value=\"d5fb84c\"\/>\n\t\t\t<input type=\"hidden\" name=\"referer_title\" value=\"Reserva la teva excursi\u00f3 teambuilding per a empreses - Willy&#039;s Pla \ud83c\udf43\" \/>\n\n\t\t\t\t\t\t\t<input type=\"hidden\" name=\"queried_id\" value=\"15594\"\/>\n\t\t\t\n\t\t\t<div class=\"elementor-form-fields-wrapper elementor-labels-above\">\n\t\t\t\t\t\t\t\t<div class=\"elementor-field-type-text elementor-field-group elementor-column elementor-field-group-name elementor-col-100 elementor-field-required\">\n\t\t\t\t\t\t\t\t\t\t\t\t<label for=\"form-field-name\" class=\"elementor-field-label\">\n\t\t\t\t\t\t\t\tNom i cognoms\t\t\t\t\t\t\t<\/label>\n\t\t\t\t\t\t\t\t\t\t\t\t\t\t<input size=\"1\" type=\"text\" name=\"form_fields[name]\" id=\"form-field-name\" class=\"elementor-field elementor-size-sm  elementor-field-textual\" placeholder=\"Nom\" required=\"required\">\n\t\t\t\t\t\t\t\t\t\t\t<\/div>\n\t\t\t\t\t\t\t\t<div class=\"elementor-field-type-email elementor-field-group elementor-column elementor-field-group-email elementor-col-100 elementor-field-required\">\n\t\t\t\t\t\t\t\t\t\t\t\t<label for=\"form-field-email\" class=\"elementor-field-label\">\n\t\t\t\t\t\t\t\tEmail\t\t\t\t\t\t\t<\/label>\n\t\t\t\t\t\t\t\t\t\t\t\t\t\t<input size=\"1\" type=\"email\" name=\"form_fields[email]\" id=\"form-field-email\" class=\"elementor-field elementor-size-sm  elementor-field-textual\" placeholder=\"Email\" required=\"required\">\n\t\t\t\t\t\t\t\t\t\t\t<\/div>\n\t\t\t\t\t\t\t\t<div class=\"elementor-field-type-tel elementor-field-group elementor-column elementor-field-group-field_fe6d002 elementor-col-100\">\n\t\t\t\t\t\t\t\t\t\t\t\t<label for=\"form-field-field_fe6d002\" class=\"elementor-field-label\">\n\t\t\t\t\t\t\t\tTel\u00e8fon\t\t\t\t\t\t\t<\/label>\n\t\t\t\t\t\t\t\t<input size=\"1\" type=\"tel\" name=\"form_fields[field_fe6d002]\" id=\"form-field-field_fe6d002\" class=\"elementor-field elementor-size-sm  elementor-field-textual\" placeholder=\"(+34) 681859544\" pattern=\"[0-9()#&amp;+*-=.]+\" title=\"Only numbers and phone characters (#, -, *, etc) are accepted.\">\n\n\t\t\t\t\t\t<\/div>\n\t\t\t\t\t\t\t\t<div class=\"elementor-field-type-checkbox elementor-field-group elementor-column elementor-field-group-field_d40a911 elementor-col-100\">\n\t\t\t\t\t\t\t\t\t\t\t\t<label for=\"form-field-field_d40a911\" class=\"elementor-field-label\">\n\t\t\t\t\t\t\t\tTrieu la vostra excursi\u00f3:\t\t\t\t\t\t\t<\/label>\n\t\t\t\t\t\t<div class=\"elementor-field-subgroup  \"><span class=\"elementor-field-option\"><input type=\"checkbox\" value=\"Ruta 7 gorgs\" id=\"form-field-field_d40a911-0\" name=\"form_fields[field_d40a911][]\"> <label for=\"form-field-field_d40a911-0\">Ruta 7 gorgs<\/label><\/span><span class=\"elementor-field-option\"><input type=\"checkbox\" value=\"Excursi\u00f3 al Far del Cap de Creus &amp; Cadaqu\u00e9s\" id=\"form-field-field_d40a911-1\" name=\"form_fields[field_d40a911][]\"> <label for=\"form-field-field_d40a911-1\">Excursi\u00f3 al Far del Cap de Creus &amp; Cadaqu\u00e9s<\/label><\/span><span class=\"elementor-field-option\"><input type=\"checkbox\" value=\"Excursi\u00f3 a Castellfollit del Boix\" id=\"form-field-field_d40a911-2\" name=\"form_fields[field_d40a911][]\"> <label for=\"form-field-field_d40a911-2\">Excursi\u00f3 a Castellfollit del Boix<\/label><\/span><span class=\"elementor-field-option\"><input type=\"checkbox\" value=\"Excursi\u00f3 a la Fageda d&#039;en Jord\u00e0\" id=\"form-field-field_d40a911-3\" name=\"form_fields[field_d40a911][]\"> <label for=\"form-field-field_d40a911-3\">Excursi\u00f3 a la Fageda d'en Jord\u00e0<\/label><\/span><span class=\"elementor-field-option\"><input type=\"checkbox\" value=\"Excursi\u00f3 al Santuari de Cabrera + Sessi\u00f3 de Meditaci\u00f3\" id=\"form-field-field_d40a911-4\" name=\"form_fields[field_d40a911][]\"> <label for=\"form-field-field_d40a911-4\">Excursi\u00f3 al Santuari de Cabrera + Sessi\u00f3 de Meditaci\u00f3<\/label><\/span><span class=\"elementor-field-option\"><input type=\"checkbox\" value=\"Excursi\u00f3 al Congost de Montrebei\" id=\"form-field-field_d40a911-5\" name=\"form_fields[field_d40a911][]\"> <label for=\"form-field-field_d40a911-5\">Excursi\u00f3 al Congost de Montrebei<\/label><\/span><span class=\"elementor-field-option\"><input type=\"checkbox\" value=\"Excursi\u00f3 d\u00b4un dia a la Mola\" id=\"form-field-field_d40a911-6\" name=\"form_fields[field_d40a911][]\"> <label for=\"form-field-field_d40a911-6\">Excursi\u00f3 d\u00b4un dia a la Mola<\/label><\/span><\/div>\t\t\t\t<\/div>\n\t\t\t\t\t\t\t\t<div class=\"elementor-field-type-textarea elementor-field-group elementor-column elementor-field-group-message elementor-col-100\">\n\t\t\t\t\t\t\t\t\t\t\t\t<label for=\"form-field-message\" class=\"elementor-field-label\">\n\t\t\t\t\t\t\t\tObservacions (opcional):\t\t\t\t\t\t\t<\/label>\n\t\t\t\t\t\t<textarea class=\"elementor-field-textual elementor-field  elementor-size-sm\" name=\"form_fields[message]\" id=\"form-field-message\" rows=\"4\" placeholder=\"Missatge\"><\/textarea>\t\t\t\t<\/div>\n\t\t\t\t\t\t\t\t<div class=\"elementor-field-group elementor-column elementor-field-type-submit elementor-col-100 e-form__buttons\">\n\t\t\t\t\t<button class=\"elementor-button elementor-size-sm\" type=\"submit\">\n\t\t\t\t\t\t<span class=\"elementor-button-content-wrapper\">\n\t\t\t\t\t\t\t\t\t\t\t\t\t\t\t\t\t\t\t\t\t\t<span class=\"elementor-button-text\">ENVIAR<\/span>\n\t\t\t\t\t\t\t\t\t\t\t\t\t<\/span>\n\t\t\t\t\t<\/button>\n\t\t\t\t<\/div>\n\t\t\t<\/div>\n\t\t<\/form>\n\t\t\t\t\t\t<\/div>\n\t\t\t\t<\/div>\n\t\t\t\t\t<\/div>\n\t\t<\/div>\n\t\t\t\t\t<\/div>\n\t\t<\/section>\n\t\t\t\t<section class=\"elementor-section elementor-top-section elementor-element elementor-element-604873a elementor-section-boxed elementor-section-height-default elementor-section-height-default\" data-id=\"604873a\" data-element_type=\"section\">\n\t\t\t\t\t\t<div class=\"elementor-container elementor-column-gap-default\">\n\t\t\t\t\t<div class=\"elementor-column elementor-col-100 elementor-top-column elementor-element elementor-element-983459a\" data-id=\"983459a\" data-element_type=\"column\">\n\t\t\t<div class=\"elementor-widget-wrap elementor-element-populated\">\n\t\t\t\t\t\t<div class=\"elementor-element elementor-element-dfa87bc elementor-widget elementor-widget-spacer\" data-id=\"dfa87bc\" data-element_type=\"widget\" data-widget_type=\"spacer.default\">\n\t\t\t\t<div class=\"elementor-widget-container\">\n\t\t\t\t\t\t\t<div class=\"elementor-spacer\">\n\t\t\t<div class=\"elementor-spacer-inner\"><\/div>\n\t\t<\/div>\n\t\t\t\t\t\t<\/div>\n\t\t\t\t<\/div>\n\t\t\t\t\t<\/div>\n\t\t<\/div>\n\t\t\t\t\t<\/div>\n\t\t<\/section>\n\t\t\t\t<section class=\"elementor-section elementor-top-section elementor-element elementor-element-2b8aab8 elementor-section-boxed elementor-section-height-default elementor-section-height-default\" data-id=\"2b8aab8\" data-element_type=\"section\">\n\t\t\t\t\t\t<div class=\"elementor-container elementor-column-gap-default\">\n\t\t\t\t\t<div class=\"elementor-column elementor-col-100 elementor-top-column elementor-element elementor-element-f5ebcfa\" data-id=\"f5ebcfa\" data-element_type=\"column\">\n\t\t\t<div class=\"elementor-widget-wrap elementor-element-populated\">\n\t\t\t\t\t\t<div class=\"elementor-element elementor-element-06eb8fc elementor-widget elementor-widget-heading\" data-id=\"06eb8fc\" data-element_type=\"widget\" data-widget_type=\"heading.default\">\n\t\t\t\t<div class=\"elementor-widget-container\">\n\t\t\t\t\t<h2 class=\"elementor-heading-title elementor-size-default\">Les nostres excursions per a grups privats i empreses<\/h2>\t\t\t\t<\/div>\n\t\t\t\t<\/div>\n\t\t\t\t\t<\/div>\n\t\t<\/div>\n\t\t\t\t\t<\/div>\n\t\t<\/section>\n\t\t\t\t<section class=\"elementor-section elementor-top-section elementor-element elementor-element-3e693f2 elementor-section-boxed elementor-section-height-default elementor-section-height-default\" data-id=\"3e693f2\" data-element_type=\"section\">\n\t\t\t\t\t\t<div class=\"elementor-container elementor-column-gap-default\">\n\t\t\t\t\t<div class=\"elementor-column elementor-col-100 elementor-top-column elementor-element elementor-element-385de5c\" data-id=\"385de5c\" data-element_type=\"column\">\n\t\t\t<div class=\"elementor-widget-wrap elementor-element-populated\">\n\t\t\t\t\t\t<div class=\"elementor-element elementor-element-03977fb elementor-grid-3 elementor-grid-tablet-2 elementor-grid-mobile-1 elementor-posts--thumbnail-top elementor-card-shadow-yes elementor-posts__hover-gradient elementor-widget elementor-widget-posts\" data-id=\"03977fb\" data-element_type=\"widget\" data-settings=\"{&quot;cards_columns&quot;:&quot;3&quot;,&quot;cards_columns_tablet&quot;:&quot;2&quot;,&quot;cards_columns_mobile&quot;:&quot;1&quot;,&quot;cards_row_gap&quot;:{&quot;unit&quot;:&quot;px&quot;,&quot;size&quot;:35,&quot;sizes&quot;:[]},&quot;cards_row_gap_tablet&quot;:{&quot;unit&quot;:&quot;px&quot;,&quot;size&quot;:&quot;&quot;,&quot;sizes&quot;:[]},&quot;cards_row_gap_mobile&quot;:{&quot;unit&quot;:&quot;px&quot;,&quot;size&quot;:&quot;&quot;,&quot;sizes&quot;:[]}}\" data-widget_type=\"posts.cards\">\n\t\t\t\t<div class=\"elementor-widget-container\">\n\t\t\t\t\t\t\t<div class=\"elementor-posts-container elementor-posts elementor-posts--skin-cards elementor-grid\" role=\"list\">\n\t\t\t\t<article class=\"elementor-post elementor-grid-item post-21750 product type-product status-publish has-post-thumbnail product_cat-excursions-organitzades-per-catalunya product_tag-teambuilding-ca first instock shipping-taxable product-type-external\" role=\"listitem\">\n\t\t\t<div class=\"elementor-post__card\">\n\t\t\t\t<a class=\"elementor-post__thumbnail__link\" href=\"https:\/\/www.willysplan.com\/ca\/producto\/excursio-dun-dia-a-la-mola\" tabindex=\"-1\" ><div class=\"elementor-post__thumbnail\"><img decoding=\"async\" width=\"300\" height=\"200\" src=\"https:\/\/www.willysplan.com\/wp-content\/uploads\/2020\/10\/excursio-a-la-mola-300x200.jpg\" class=\"attachment-medium size-medium wp-image-12949\" alt=\"excursi\u00f3 d\u00b4un dia a la mola\" srcset=\"https:\/\/www.willysplan.com\/wp-content\/uploads\/2020\/10\/excursio-a-la-mola-300x200.jpg 300w, https:\/\/www.willysplan.com\/wp-content\/uploads\/2020\/10\/excursio-a-la-mola-768x512.jpg 768w, https:\/\/www.willysplan.com\/wp-content\/uploads\/2020\/10\/excursio-a-la-mola-480x320.jpg 480w, https:\/\/www.willysplan.com\/wp-content\/uploads\/2020\/10\/excursio-a-la-mola-280x186.jpg 280w, https:\/\/www.willysplan.com\/wp-content\/uploads\/2020\/10\/excursio-a-la-mola-600x400.jpg 600w, https:\/\/www.willysplan.com\/wp-content\/uploads\/2020\/10\/excursio-a-la-mola-585x390.jpg 585w, https:\/\/www.willysplan.com\/wp-content\/uploads\/2020\/10\/excursio-a-la-mola.jpg 800w\" sizes=\"(max-width: 300px) 100vw, 300px\" \/><\/div><\/a>\n\t\t\t\t<div class=\"elementor-post__text\">\n\t\t\t\t<h3 class=\"elementor-post__title\">\n\t\t\t<a href=\"https:\/\/www.willysplan.com\/ca\/producto\/excursio-dun-dia-a-la-mola\" >\n\t\t\t\tExcursi\u00f3 d&#8217;un dia a la Mola\t\t\t<\/a>\n\t\t<\/h3>\n\t\t\t\t\t<div class=\"elementor-post__read-more-wrapper\">\n\t\t\n\t\t<a class=\"elementor-post__read-more\" href=\"https:\/\/www.willysplan.com\/ca\/producto\/excursio-dun-dia-a-la-mola\" aria-label=\"Read more about Excursi\u00f3 d&#8217;un dia a la Mola\" tabindex=\"-1\" >\n\t\t\tm\u00e9s informaci\u00f3\t\t<\/a>\n\n\t\t\t\t\t<\/div>\n\t\t\t\t<\/div>\n\t\t\t\t<div class=\"elementor-post__meta-data\">\n\t\t\t\t\t<span class=\"elementor-post-date\">\n\t\t\t08\/10\/2020\t\t<\/span>\n\t\t\t\t<span class=\"elementor-post-avatar\">\n\t\t\tNo hi ha comentaris\t\t<\/span>\n\t\t\t\t<\/div>\n\t\t\t\t\t<\/div>\n\t\t<\/article>\n\t\t\t\t<article class=\"elementor-post elementor-grid-item post-21743 product type-product status-publish has-post-thumbnail product_cat-excursions-organitzades-per-catalunya product_tag-teambuilding-ca  instock shipping-taxable product-type-external\" role=\"listitem\">\n\t\t\t<div class=\"elementor-post__card\">\n\t\t\t\t<a class=\"elementor-post__thumbnail__link\" href=\"https:\/\/www.willysplan.com\/ca\/producto\/excursio-al-congost-de-montrebei\" tabindex=\"-1\" ><div class=\"elementor-post__thumbnail\"><img decoding=\"async\" width=\"300\" height=\"225\" src=\"https:\/\/www.willysplan.com\/wp-content\/uploads\/2020\/12\/excursion-congost-de-montrebei-300x225.jpeg\" class=\"attachment-medium size-medium wp-image-14819\" alt=\"excursi\u00f3 congost de montrebei\" srcset=\"https:\/\/www.willysplan.com\/wp-content\/uploads\/2020\/12\/excursion-congost-de-montrebei-300x225.jpeg 300w, https:\/\/www.willysplan.com\/wp-content\/uploads\/2020\/12\/excursion-congost-de-montrebei-1024x768.jpeg 1024w, https:\/\/www.willysplan.com\/wp-content\/uploads\/2020\/12\/excursion-congost-de-montrebei-768x576.jpeg 768w, https:\/\/www.willysplan.com\/wp-content\/uploads\/2020\/12\/excursion-congost-de-montrebei-1536x1152.jpeg 1536w, https:\/\/www.willysplan.com\/wp-content\/uploads\/2020\/12\/excursion-congost-de-montrebei-600x450.jpeg 600w, https:\/\/www.willysplan.com\/wp-content\/uploads\/2020\/12\/excursion-congost-de-montrebei.jpeg 1600w\" sizes=\"(max-width: 300px) 100vw, 300px\" \/><\/div><\/a>\n\t\t\t\t<div class=\"elementor-post__text\">\n\t\t\t\t<h3 class=\"elementor-post__title\">\n\t\t\t<a href=\"https:\/\/www.willysplan.com\/ca\/producto\/excursio-al-congost-de-montrebei\" >\n\t\t\t\tExcursi\u00f3 al Congost de Montrebei\t\t\t<\/a>\n\t\t<\/h3>\n\t\t\t\t\t<div class=\"elementor-post__read-more-wrapper\">\n\t\t\n\t\t<a class=\"elementor-post__read-more\" href=\"https:\/\/www.willysplan.com\/ca\/producto\/excursio-al-congost-de-montrebei\" aria-label=\"Read more about Excursi\u00f3 al Congost de Montrebei\" tabindex=\"-1\" >\n\t\t\tm\u00e9s informaci\u00f3\t\t<\/a>\n\n\t\t\t\t\t<\/div>\n\t\t\t\t<\/div>\n\t\t\t\t<div class=\"elementor-post__meta-data\">\n\t\t\t\t\t<span class=\"elementor-post-date\">\n\t\t\t08\/12\/2020\t\t<\/span>\n\t\t\t\t<span class=\"elementor-post-avatar\">\n\t\t\tNo hi ha comentaris\t\t<\/span>\n\t\t\t\t<\/div>\n\t\t\t\t\t<\/div>\n\t\t<\/article>\n\t\t\t\t<article class=\"elementor-post elementor-grid-item post-21742 product type-product status-publish has-post-thumbnail product_cat-excursions-organitzades-per-catalunya product_tag-teambuilding-ca last instock shipping-taxable product-type-external\" role=\"listitem\">\n\t\t\t<div class=\"elementor-post__card\">\n\t\t\t\t<a class=\"elementor-post__thumbnail__link\" href=\"https:\/\/www.willysplan.com\/ca\/producto\/excursio-al-santuari-de-cabrera-sessio-de-meditacio\" tabindex=\"-1\" ><div class=\"elementor-post__thumbnail\"><img loading=\"lazy\" decoding=\"async\" width=\"300\" height=\"135\" src=\"https:\/\/www.willysplan.com\/wp-content\/uploads\/2020\/12\/WhatsApp-Image-2021-05-19-at-19.27.32-300x135.jpeg\" class=\"attachment-medium size-medium wp-image-14121\" alt=\"\" srcset=\"https:\/\/www.willysplan.com\/wp-content\/uploads\/2020\/12\/WhatsApp-Image-2021-05-19-at-19.27.32-300x135.jpeg 300w, https:\/\/www.willysplan.com\/wp-content\/uploads\/2020\/12\/WhatsApp-Image-2021-05-19-at-19.27.32-1024x461.jpeg 1024w, https:\/\/www.willysplan.com\/wp-content\/uploads\/2020\/12\/WhatsApp-Image-2021-05-19-at-19.27.32-768x346.jpeg 768w, https:\/\/www.willysplan.com\/wp-content\/uploads\/2020\/12\/WhatsApp-Image-2021-05-19-at-19.27.32-1536x692.jpeg 1536w, https:\/\/www.willysplan.com\/wp-content\/uploads\/2020\/12\/WhatsApp-Image-2021-05-19-at-19.27.32-600x270.jpeg 600w, https:\/\/www.willysplan.com\/wp-content\/uploads\/2020\/12\/WhatsApp-Image-2021-05-19-at-19.27.32.jpeg 2016w\" sizes=\"(max-width: 300px) 100vw, 300px\" \/><\/div><\/a>\n\t\t\t\t<div class=\"elementor-post__text\">\n\t\t\t\t<h3 class=\"elementor-post__title\">\n\t\t\t<a href=\"https:\/\/www.willysplan.com\/ca\/producto\/excursio-al-santuari-de-cabrera-sessio-de-meditacio\" >\n\t\t\t\tExcursi\u00f3 al Santuari de Cabrera + Sessi\u00f3 de Meditaci\u00f3\t\t\t<\/a>\n\t\t<\/h3>\n\t\t\t\t\t<div class=\"elementor-post__read-more-wrapper\">\n\t\t\n\t\t<a class=\"elementor-post__read-more\" href=\"https:\/\/www.willysplan.com\/ca\/producto\/excursio-al-santuari-de-cabrera-sessio-de-meditacio\" aria-label=\"Read more about Excursi\u00f3 al Santuari de Cabrera + Sessi\u00f3 de Meditaci\u00f3\" tabindex=\"-1\" >\n\t\t\tm\u00e9s informaci\u00f3\t\t<\/a>\n\n\t\t\t\t\t<\/div>\n\t\t\t\t<\/div>\n\t\t\t\t<div class=\"elementor-post__meta-data\">\n\t\t\t\t\t<span class=\"elementor-post-date\">\n\t\t\t20\/12\/2020\t\t<\/span>\n\t\t\t\t<span class=\"elementor-post-avatar\">\n\t\t\tNo hi ha comentaris\t\t<\/span>\n\t\t\t\t<\/div>\n\t\t\t\t\t<\/div>\n\t\t<\/article>\n\t\t\t\t<article class=\"elementor-post elementor-grid-item post-21746 product type-product status-publish has-post-thumbnail product_cat-excursions-organitzades-per-catalunya product_tag-teambuilding-ca first instock shipping-taxable product-type-external\" role=\"listitem\">\n\t\t\t<div class=\"elementor-post__card\">\n\t\t\t\t<a class=\"elementor-post__thumbnail__link\" href=\"https:\/\/www.willysplan.com\/ca\/producto\/excursio-a-la-fageda-den-jorda-%f0%9f%8d%82%f0%9f%8c%8b\" tabindex=\"-1\" ><div class=\"elementor-post__thumbnail\"><img loading=\"lazy\" decoding=\"async\" width=\"300\" height=\"169\" src=\"https:\/\/www.willysplan.com\/wp-content\/uploads\/2021\/01\/excursion-a-la-fagedaa-300x169.jpg\" class=\"attachment-medium size-medium wp-image-14441\" alt=\"\" srcset=\"https:\/\/www.willysplan.com\/wp-content\/uploads\/2021\/01\/excursion-a-la-fagedaa-300x169.jpg 300w, https:\/\/www.willysplan.com\/wp-content\/uploads\/2021\/01\/excursion-a-la-fagedaa.jpg 600w\" sizes=\"(max-width: 300px) 100vw, 300px\" \/><\/div><\/a>\n\t\t\t\t<div class=\"elementor-post__text\">\n\t\t\t\t<h3 class=\"elementor-post__title\">\n\t\t\t<a href=\"https:\/\/www.willysplan.com\/ca\/producto\/excursio-a-la-fageda-den-jorda-%f0%9f%8d%82%f0%9f%8c%8b\" >\n\t\t\t\tExcursi\u00f3 a la Fageda d&#8217;en Jord\u00e0 \ud83c\udf42\ud83c\udf0b\t\t\t<\/a>\n\t\t<\/h3>\n\t\t\t\t\t<div class=\"elementor-post__read-more-wrapper\">\n\t\t\n\t\t<a class=\"elementor-post__read-more\" href=\"https:\/\/www.willysplan.com\/ca\/producto\/excursio-a-la-fageda-den-jorda-%f0%9f%8d%82%f0%9f%8c%8b\" aria-label=\"Read more about Excursi\u00f3 a la Fageda d&#8217;en Jord\u00e0 \ud83c\udf42\ud83c\udf0b\" tabindex=\"-1\" >\n\t\t\tm\u00e9s informaci\u00f3\t\t<\/a>\n\n\t\t\t\t\t<\/div>\n\t\t\t\t<\/div>\n\t\t\t\t<div class=\"elementor-post__meta-data\">\n\t\t\t\t\t<span class=\"elementor-post-date\">\n\t\t\t03\/01\/2021\t\t<\/span>\n\t\t\t\t<span class=\"elementor-post-avatar\">\n\t\t\tNo hi ha comentaris\t\t<\/span>\n\t\t\t\t<\/div>\n\t\t\t\t\t<\/div>\n\t\t<\/article>\n\t\t\t\t<article class=\"elementor-post elementor-grid-item post-21740 product type-product status-publish has-post-thumbnail product_cat-excursions-organitzades-per-catalunya product_tag-teambuilding-ca  instock shipping-taxable product-type-external\" role=\"listitem\">\n\t\t\t<div class=\"elementor-post__card\">\n\t\t\t\t<a class=\"elementor-post__thumbnail__link\" href=\"https:\/\/www.willysplan.com\/ca\/producto\/excursio-a-castellfollit-del-boix\" tabindex=\"-1\" ><div class=\"elementor-post__thumbnail\"><img loading=\"lazy\" decoding=\"async\" width=\"300\" height=\"227\" src=\"https:\/\/www.willysplan.com\/wp-content\/uploads\/2021\/01\/copia-2-300x227.png\" class=\"attachment-medium size-medium wp-image-13985\" alt=\"\" srcset=\"https:\/\/www.willysplan.com\/wp-content\/uploads\/2021\/01\/copia-2-300x227.png 300w, https:\/\/www.willysplan.com\/wp-content\/uploads\/2021\/01\/copia-2-1024x775.png 1024w, https:\/\/www.willysplan.com\/wp-content\/uploads\/2021\/01\/copia-2-768x581.png 768w, https:\/\/www.willysplan.com\/wp-content\/uploads\/2021\/01\/copia-2-600x454.png 600w, https:\/\/www.willysplan.com\/wp-content\/uploads\/2021\/01\/copia-2.png 1080w\" sizes=\"(max-width: 300px) 100vw, 300px\" \/><\/div><\/a>\n\t\t\t\t<div class=\"elementor-post__text\">\n\t\t\t\t<h3 class=\"elementor-post__title\">\n\t\t\t<a href=\"https:\/\/www.willysplan.com\/ca\/producto\/excursio-a-castellfollit-del-boix\" >\n\t\t\t\tExcursi\u00f3 a Castellfollit del Boix\t\t\t<\/a>\n\t\t<\/h3>\n\t\t\t\t\t<div class=\"elementor-post__read-more-wrapper\">\n\t\t\n\t\t<a class=\"elementor-post__read-more\" href=\"https:\/\/www.willysplan.com\/ca\/producto\/excursio-a-castellfollit-del-boix\" aria-label=\"Read more about Excursi\u00f3 a Castellfollit del Boix\" tabindex=\"-1\" >\n\t\t\tm\u00e9s informaci\u00f3\t\t<\/a>\n\n\t\t\t\t\t<\/div>\n\t\t\t\t<\/div>\n\t\t\t\t<div class=\"elementor-post__meta-data\">\n\t\t\t\t\t<span class=\"elementor-post-date\">\n\t\t\t19\/01\/2021\t\t<\/span>\n\t\t\t\t<span class=\"elementor-post-avatar\">\n\t\t\tNo hi ha comentaris\t\t<\/span>\n\t\t\t\t<\/div>\n\t\t\t\t\t<\/div>\n\t\t<\/article>\n\t\t\t\t<article class=\"elementor-post elementor-grid-item post-21738 product type-product status-publish has-post-thumbnail product_cat-excursions-organitzades-per-catalunya product_cat-teambuilding product_tag-teambuilding-ca last instock shipping-taxable product-type-external\" role=\"listitem\">\n\t\t\t<div class=\"elementor-post__card\">\n\t\t\t\t<a class=\"elementor-post__thumbnail__link\" href=\"https:\/\/www.willysplan.com\/ca\/producto\/excursio-al-far-del-cap-de-creus-cadaques-%f0%9f%8f%a1%f0%9f%8f%96\" tabindex=\"-1\" ><div class=\"elementor-post__thumbnail\"><img loading=\"lazy\" decoding=\"async\" width=\"300\" height=\"201\" src=\"https:\/\/www.willysplan.com\/wp-content\/uploads\/2021\/05\/dafadsfads-300x201.jpg\" class=\"attachment-medium size-medium wp-image-14155\" alt=\"\" srcset=\"https:\/\/www.willysplan.com\/wp-content\/uploads\/2021\/05\/dafadsfads-300x201.jpg 300w, https:\/\/www.willysplan.com\/wp-content\/uploads\/2021\/05\/dafadsfads-600x402.jpg 600w, https:\/\/www.willysplan.com\/wp-content\/uploads\/2021\/05\/dafadsfads.jpg 768w\" sizes=\"(max-width: 300px) 100vw, 300px\" \/><\/div><\/a>\n\t\t\t\t<div class=\"elementor-post__text\">\n\t\t\t\t<h3 class=\"elementor-post__title\">\n\t\t\t<a href=\"https:\/\/www.willysplan.com\/ca\/producto\/excursio-al-far-del-cap-de-creus-cadaques-%f0%9f%8f%a1%f0%9f%8f%96\" >\n\t\t\t\tExcursi\u00f3 al Far del Cap de Creus &amp; Cadaqu\u00e9s \ud83c\udfe1\ud83c\udfd6\t\t\t<\/a>\n\t\t<\/h3>\n\t\t\t\t\t<div class=\"elementor-post__read-more-wrapper\">\n\t\t\n\t\t<a class=\"elementor-post__read-more\" href=\"https:\/\/www.willysplan.com\/ca\/producto\/excursio-al-far-del-cap-de-creus-cadaques-%f0%9f%8f%a1%f0%9f%8f%96\" aria-label=\"Read more about Excursi\u00f3 al Far del Cap de Creus &amp; Cadaqu\u00e9s \ud83c\udfe1\ud83c\udfd6\" tabindex=\"-1\" >\n\t\t\tm\u00e9s informaci\u00f3\t\t<\/a>\n\n\t\t\t\t\t<\/div>\n\t\t\t\t<\/div>\n\t\t\t\t<div class=\"elementor-post__meta-data\">\n\t\t\t\t\t<span class=\"elementor-post-date\">\n\t\t\t31\/05\/2021\t\t<\/span>\n\t\t\t\t<span class=\"elementor-post-avatar\">\n\t\t\tNo hi ha comentaris\t\t<\/span>\n\t\t\t\t<\/div>\n\t\t\t\t\t<\/div>\n\t\t<\/article>\n\t\t\t\t<\/div>\n\t\t\n\t\t\t\t\t\t<\/div>\n\t\t\t\t<\/div>\n\t\t\t\t\t<\/div>\n\t\t<\/div>\n\t\t\t\t\t<\/div>\n\t\t<\/section>\n\t\t\t\t<\/div>\n\t\t","protected":false},"excerpt":{"rendered":"<p>Vols gaudir d\u00b4una de les nostres excursions per a empreses per fomentar el bon ambient entre els membres del vostre equip? Contacta&#8217;ns ara per reservar<\/p>\n","protected":false},"author":1,"featured_media":12857,"parent":0,"menu_order":0,"comment_status":"closed","ping_status":"closed","template":"","meta":{"neve_meta_sidebar":"","neve_meta_container":"","neve_meta_enable_content_width":"","neve_meta_content_width":0,"neve_meta_title_alignment":"","neve_meta_author_avatar":"","neve_post_elements_order":"","neve_meta_disable_header":"","neve_meta_disable_footer":"","neve_meta_disable_title":"","_joinchat":[],"footnotes":""},"class_list":["post-15594","page","type-page","status-publish","has-post-thumbnail","hentry"],"yoast_head":"<!-- This site is optimized with the Yoast SEO Premium plugin v20.1 (Yoast SEO v26.9) - https:\/\/yoast.com\/product\/yoast-seo-premium-wordpress\/ -->\n<title>Reserva la teva excursi\u00f3 teambuilding per a empreses - Willy&#039;s Pla \ud83c\udf43<\/title>\n<meta name=\"description\" content=\"Encara no heu reservat la vostra excursi\u00f3 team building per a empreses? Selecciona l&#039;activitat que m\u00e9s t&#039;hagi captivat i reserva-la ara. \u2705\" \/>\n<meta name=\"robots\" content=\"noindex, nofollow\" \/>\n<meta property=\"og:locale\" content=\"ca_ES\" \/>\n<meta property=\"og:type\" content=\"article\" \/>\n<meta property=\"og:title\" content=\"Reserva la teva excursi\u00f3: Grups privats i activitats teambuilding\" \/>\n<meta property=\"og:description\" content=\"Encara no heu reservat la vostra excursi\u00f3 team building per a empreses? Selecciona l&#039;activitat que m\u00e9s t&#039;hagi captivat i reserva-la ara. \u2705\" \/>\n<meta property=\"og:url\" content=\"https:\/\/www.willysplan.com\/reserva-tu-excursion-team-building\" \/>\n<meta property=\"og:site_name\" content=\"Willy&#039;s Plan \ud83c\udf43\" \/>\n<meta property=\"article:modified_time\" content=\"2023-01-03T20:09:04+00:00\" \/>\n<meta property=\"og:image\" content=\"https:\/\/www.willysplan.com\/wp-content\/uploads\/2020\/09\/Menjant-amb-Voltors-alt-urgell.jpg\" \/>\n\t<meta property=\"og:image:width\" content=\"600\" \/>\n\t<meta property=\"og:image:height\" content=\"400\" \/>\n\t<meta property=\"og:image:type\" content=\"image\/jpeg\" \/>\n<meta name=\"twitter:card\" content=\"summary_large_image\" \/>\n<script type=\"application\/ld+json\" class=\"yoast-schema-graph\">{\"@context\":\"https:\/\/schema.org\",\"@graph\":[{\"@type\":\"WebPage\",\"@id\":\"https:\/\/www.willysplan.com\/reserva-tu-excursion-team-building\",\"url\":\"https:\/\/www.willysplan.com\/reserva-tu-excursion-team-building\",\"name\":\"Reserva la teva excursi\u00f3 teambuilding per a empreses - Willy's Pla \ud83c\udf43\",\"isPartOf\":{\"@id\":\"https:\/\/www.willysplan.com\/#website\"},\"primaryImageOfPage\":{\"@id\":\"https:\/\/www.willysplan.com\/reserva-tu-excursion-team-building#primaryimage\"},\"image\":{\"@id\":\"https:\/\/www.willysplan.com\/reserva-tu-excursion-team-building#primaryimage\"},\"thumbnailUrl\":\"https:\/\/www.willysplan.com\/wp-content\/uploads\/2020\/09\/Menjant-amb-Voltors-alt-urgell.jpg\",\"datePublished\":\"2022-05-23T19:04:34+00:00\",\"dateModified\":\"2023-01-03T20:09:04+00:00\",\"description\":\"Encara no heu reservat la vostra excursi\u00f3 team building per a empreses? Selecciona l'activitat que m\u00e9s t'hagi captivat i reserva-la ara. \u2705\",\"inLanguage\":\"ca\",\"potentialAction\":[{\"@type\":\"ReadAction\",\"target\":[\"https:\/\/www.willysplan.com\/reserva-tu-excursion-team-building\"]}]},{\"@type\":\"ImageObject\",\"inLanguage\":\"ca\",\"@id\":\"https:\/\/www.willysplan.com\/reserva-tu-excursion-team-building#primaryimage\",\"url\":\"https:\/\/www.willysplan.com\/wp-content\/uploads\/2020\/09\/Menjant-amb-Voltors-alt-urgell.jpg\",\"contentUrl\":\"https:\/\/www.willysplan.com\/wp-content\/uploads\/2020\/09\/Menjant-amb-Voltors-alt-urgell.jpg\",\"width\":600,\"height\":400},{\"@type\":\"WebSite\",\"@id\":\"https:\/\/www.willysplan.com\/#website\",\"url\":\"https:\/\/www.willysplan.com\/\",\"name\":\"Willy&#039;s Plan \ud83c\udf43\",\"description\":\"Escapadas y Planes de fin de semana\",\"publisher\":{\"@id\":\"https:\/\/www.willysplan.com\/#organization\"},\"potentialAction\":[{\"@type\":\"SearchAction\",\"target\":{\"@type\":\"EntryPoint\",\"urlTemplate\":\"https:\/\/www.willysplan.com\/?s={search_term_string}\"},\"query-input\":{\"@type\":\"PropertyValueSpecification\",\"valueRequired\":true,\"valueName\":\"search_term_string\"}}],\"inLanguage\":\"ca\"},{\"@type\":\"Organization\",\"@id\":\"https:\/\/www.willysplan.com\/#organization\",\"name\":\"Willy&#039;s Plan \ud83c\udf43\",\"url\":\"https:\/\/www.willysplan.com\/\",\"logo\":{\"@type\":\"ImageObject\",\"inLanguage\":\"ca\",\"@id\":\"https:\/\/www.willysplan.com\/#\/schema\/logo\/image\/\",\"url\":\"https:\/\/www.willysplan.com\/wp-content\/uploads\/2020\/04\/cropped-logo-1.png\",\"contentUrl\":\"https:\/\/www.willysplan.com\/wp-content\/uploads\/2020\/04\/cropped-logo-1.png\",\"width\":332,\"height\":332,\"caption\":\"Willy&#039;s Plan \ud83c\udf43\"},\"image\":{\"@id\":\"https:\/\/www.willysplan.com\/#\/schema\/logo\/image\/\"}}]}<\/script>\n<!-- \/ Yoast SEO Premium plugin. -->","yoast_head_json":{"title":"Reserva la teva excursi\u00f3 teambuilding per a empreses - Willy's Pla \ud83c\udf43","description":"Encara no heu reservat la vostra excursi\u00f3 team building per a empreses? Selecciona l'activitat que m\u00e9s t'hagi captivat i reserva-la ara. \u2705","robots":{"index":"noindex","follow":"nofollow"},"og_locale":"ca_ES","og_type":"article","og_title":"Reserva la teva excursi\u00f3: Grups privats i activitats teambuilding","og_description":"Encara no heu reservat la vostra excursi\u00f3 team building per a empreses? Selecciona l'activitat que m\u00e9s t'hagi captivat i reserva-la ara. \u2705","og_url":"https:\/\/www.willysplan.com\/reserva-tu-excursion-team-building","og_site_name":"Willy&#039;s Plan \ud83c\udf43","article_modified_time":"2023-01-03T20:09:04+00:00","og_image":[{"width":600,"height":400,"url":"https:\/\/www.willysplan.com\/wp-content\/uploads\/2020\/09\/Menjant-amb-Voltors-alt-urgell.jpg","type":"image\/jpeg"}],"twitter_card":"summary_large_image","schema":{"@context":"https:\/\/schema.org","@graph":[{"@type":"WebPage","@id":"https:\/\/www.willysplan.com\/reserva-tu-excursion-team-building","url":"https:\/\/www.willysplan.com\/reserva-tu-excursion-team-building","name":"Reserva la teva excursi\u00f3 teambuilding per a empreses - Willy's Pla \ud83c\udf43","isPartOf":{"@id":"https:\/\/www.willysplan.com\/#website"},"primaryImageOfPage":{"@id":"https:\/\/www.willysplan.com\/reserva-tu-excursion-team-building#primaryimage"},"image":{"@id":"https:\/\/www.willysplan.com\/reserva-tu-excursion-team-building#primaryimage"},"thumbnailUrl":"https:\/\/www.willysplan.com\/wp-content\/uploads\/2020\/09\/Menjant-amb-Voltors-alt-urgell.jpg","datePublished":"2022-05-23T19:04:34+00:00","dateModified":"2023-01-03T20:09:04+00:00","description":"Encara no heu reservat la vostra excursi\u00f3 team building per a empreses? Selecciona l'activitat que m\u00e9s t'hagi captivat i reserva-la ara. \u2705","inLanguage":"ca","potentialAction":[{"@type":"ReadAction","target":["https:\/\/www.willysplan.com\/reserva-tu-excursion-team-building"]}]},{"@type":"ImageObject","inLanguage":"ca","@id":"https:\/\/www.willysplan.com\/reserva-tu-excursion-team-building#primaryimage","url":"https:\/\/www.willysplan.com\/wp-content\/uploads\/2020\/09\/Menjant-amb-Voltors-alt-urgell.jpg","contentUrl":"https:\/\/www.willysplan.com\/wp-content\/uploads\/2020\/09\/Menjant-amb-Voltors-alt-urgell.jpg","width":600,"height":400},{"@type":"WebSite","@id":"https:\/\/www.willysplan.com\/#website","url":"https:\/\/www.willysplan.com\/","name":"Willy&#039;s Plan \ud83c\udf43","description":"Escapadas y Planes de fin de semana","publisher":{"@id":"https:\/\/www.willysplan.com\/#organization"},"potentialAction":[{"@type":"SearchAction","target":{"@type":"EntryPoint","urlTemplate":"https:\/\/www.willysplan.com\/?s={search_term_string}"},"query-input":{"@type":"PropertyValueSpecification","valueRequired":true,"valueName":"search_term_string"}}],"inLanguage":"ca"},{"@type":"Organization","@id":"https:\/\/www.willysplan.com\/#organization","name":"Willy&#039;s Plan \ud83c\udf43","url":"https:\/\/www.willysplan.com\/","logo":{"@type":"ImageObject","inLanguage":"ca","@id":"https:\/\/www.willysplan.com\/#\/schema\/logo\/image\/","url":"https:\/\/www.willysplan.com\/wp-content\/uploads\/2020\/04\/cropped-logo-1.png","contentUrl":"https:\/\/www.willysplan.com\/wp-content\/uploads\/2020\/04\/cropped-logo-1.png","width":332,"height":332,"caption":"Willy&#039;s Plan \ud83c\udf43"},"image":{"@id":"https:\/\/www.willysplan.com\/#\/schema\/logo\/image\/"}}]}},"_links":{"self":[{"href":"https:\/\/www.willysplan.com\/ca\/wp-json\/wp\/v2\/pages\/15594","targetHints":{"allow":["GET"]}}],"collection":[{"href":"https:\/\/www.willysplan.com\/ca\/wp-json\/wp\/v2\/pages"}],"about":[{"href":"https:\/\/www.willysplan.com\/ca\/wp-json\/wp\/v2\/types\/page"}],"author":[{"embeddable":true,"href":"https:\/\/www.willysplan.com\/ca\/wp-json\/wp\/v2\/users\/1"}],"replies":[{"embeddable":true,"href":"https:\/\/www.willysplan.com\/ca\/wp-json\/wp\/v2\/comments?post=15594"}],"version-history":[{"count":2,"href":"https:\/\/www.willysplan.com\/ca\/wp-json\/wp\/v2\/pages\/15594\/revisions"}],"predecessor-version":[{"id":15603,"href":"https:\/\/www.willysplan.com\/ca\/wp-json\/wp\/v2\/pages\/15594\/revisions\/15603"}],"wp:featuredmedia":[{"embeddable":true,"href":"https:\/\/www.willysplan.com\/ca\/wp-json\/wp\/v2\/media\/12857"}],"wp:attachment":[{"href":"https:\/\/www.willysplan.com\/ca\/wp-json\/wp\/v2\/media?parent=15594"}],"curies":[{"name":"wp","href":"https:\/\/api.w.org\/{rel}","templated":true}]}}