{"id":15581,"date":"2020-08-11T07:28:50","date_gmt":"2020-08-11T06:28:50","guid":{"rendered":"https:\/\/willysplan.com\/idees"},"modified":"2023-03-22T20:57:27","modified_gmt":"2023-03-22T19:57:27","slug":"idees","status":"publish","type":"page","link":"https:\/\/www.willysplan.com\/ca\/idees","title":{"rendered":"Idees"},"content":{"rendered":"\t\t<div data-elementor-type=\"wp-page\" data-elementor-id=\"15581\" class=\"elementor elementor-15581 elementor-2947\" data-elementor-post-type=\"page\">\n\t\t\t\t\t\t<section class=\"elementor-section elementor-top-section elementor-element elementor-element-f8f11d9 elementor-section-boxed elementor-section-height-default elementor-section-height-default\" data-id=\"f8f11d9\" data-element_type=\"section\">\n\t\t\t\t\t\t<div class=\"elementor-container elementor-column-gap-default\">\n\t\t\t\t\t<div class=\"elementor-column elementor-col-100 elementor-top-column elementor-element elementor-element-a45385f\" data-id=\"a45385f\" data-element_type=\"column\">\n\t\t\t<div class=\"elementor-widget-wrap elementor-element-populated\">\n\t\t\t\t\t\t<div class=\"elementor-element elementor-element-bd3e3fc elementor-widget elementor-widget-text-editor\" data-id=\"bd3e3fc\" data-element_type=\"widget\" data-widget_type=\"text-editor.default\">\n\t\t\t\t<div class=\"elementor-widget-container\">\n\t\t\t\t\t\t\t\t\t<p>Benvingut al nostre bloc de viatges i senderisme per Catalunya. En aquest apartat, descobrir\u00e0s milers d&#8217;idees i activitats a fer pel territori catal\u00e0, que mai abans no havies imaginat. Volem ensenyar-te els llocs m\u00e9s amagats i originals de Catalunya. T&#8217;atreveixes a descobrir tot el que tenim preparat per a tu?<\/p>\n\t\t\t\t\t\t\t\t<\/div>\n\t\t\t\t<\/div>\n\t\t\t\t\t<\/div>\n\t\t<\/div>\n\t\t\t\t\t<\/div>\n\t\t<\/section>\n\t\t\t\t<section class=\"elementor-section elementor-top-section elementor-element elementor-element-f8fb148 elementor-section-boxed elementor-section-height-default elementor-section-height-default\" data-id=\"f8fb148\" data-element_type=\"section\">\n\t\t\t\t\t\t<div class=\"elementor-container elementor-column-gap-default\">\n\t\t\t\t\t<div class=\"elementor-column elementor-col-100 elementor-top-column elementor-element elementor-element-cf1eca0\" data-id=\"cf1eca0\" data-element_type=\"column\">\n\t\t\t<div class=\"elementor-widget-wrap elementor-element-populated\">\n\t\t\t\t\t\t<div class=\"elementor-element elementor-element-62a0b8a elementor-grid-3 elementor-grid-tablet-2 elementor-grid-mobile-1 elementor-posts--thumbnail-top elementor-card-shadow-yes elementor-posts__hover-gradient elementor-widget elementor-widget-posts\" data-id=\"62a0b8a\" data-element_type=\"widget\" data-settings=\"{&quot;cards_columns&quot;:&quot;3&quot;,&quot;cards_columns_tablet&quot;:&quot;2&quot;,&quot;cards_columns_mobile&quot;:&quot;1&quot;,&quot;cards_row_gap&quot;:{&quot;unit&quot;:&quot;px&quot;,&quot;size&quot;:35,&quot;sizes&quot;:[]},&quot;cards_row_gap_tablet&quot;:{&quot;unit&quot;:&quot;px&quot;,&quot;size&quot;:&quot;&quot;,&quot;sizes&quot;:[]},&quot;cards_row_gap_mobile&quot;:{&quot;unit&quot;:&quot;px&quot;,&quot;size&quot;:&quot;&quot;,&quot;sizes&quot;:[]}}\" data-widget_type=\"posts.cards\">\n\t\t\t\t<div class=\"elementor-widget-container\">\n\t\t\t\t\t\t\t<div class=\"elementor-posts-container elementor-posts elementor-posts--skin-cards elementor-grid\" role=\"list\">\n\t\t\t\t<article class=\"elementor-post elementor-grid-item post-23826 post type-post status-publish format-standard has-post-thumbnail hentry category-idees tag-ideas\" role=\"listitem\">\n\t\t\t<div class=\"elementor-post__card\">\n\t\t\t\t<a class=\"elementor-post__thumbnail__link\" href=\"https:\/\/www.willysplan.com\/ca\/idees\/que-veure-i-que-fer-al-barri-gotic-de-barcelona\" tabindex=\"-1\" ><div class=\"elementor-post__thumbnail\"><img fetchpriority=\"high\" decoding=\"async\" width=\"300\" height=\"200\" src=\"https:\/\/www.willysplan.com\/wp-content\/uploads\/2022\/06\/barrio-gotico-noche-300x200.webp\" class=\"attachment-medium size-medium wp-image-14911\" alt=\"barrio-gotico-noche\" srcset=\"https:\/\/www.willysplan.com\/wp-content\/uploads\/2022\/06\/barrio-gotico-noche-300x200.webp 300w, https:\/\/www.willysplan.com\/wp-content\/uploads\/2022\/06\/barrio-gotico-noche-768x513.webp 768w, https:\/\/www.willysplan.com\/wp-content\/uploads\/2022\/06\/barrio-gotico-noche-600x401.webp 600w, https:\/\/www.willysplan.com\/wp-content\/uploads\/2022\/06\/barrio-gotico-noche.webp 780w\" sizes=\"(max-width: 300px) 100vw, 300px\" \/><\/div><\/a>\n\t\t\t\t<div class=\"elementor-post__badge\">Idees<\/div>\n\t\t\t\t<div class=\"elementor-post__text\">\n\t\t\t\t<h3 class=\"elementor-post__title\">\n\t\t\t<a href=\"https:\/\/www.willysplan.com\/ca\/idees\/que-veure-i-que-fer-al-barri-gotic-de-barcelona\" >\n\t\t\t\tQu\u00e8 veure i qu\u00e8 fer al Barri G\u00f2tic de Barcelona\t\t\t<\/a>\n\t\t<\/h3>\n\t\t\t\t<div class=\"elementor-post__excerpt\">\n\t\t\t<p>\u00bfDe picnic en Barcelona? Descubre aqu\u00ed los mejores merenderos en Barcelona y las mejores zonas de picnic en Barcelona \u2705<\/p>\n\t\t<\/div>\n\t\t\t\t<\/div>\n\t\t\t\t<div class=\"elementor-post__meta-data\">\n\t\t\t\t\t<span class=\"elementor-post-date\">\n\t\t\t10\/07\/2024\t\t<\/span>\n\t\t\t\t<span class=\"elementor-post-avatar\">\n\t\t\tNo hi ha comentaris\t\t<\/span>\n\t\t\t\t<\/div>\n\t\t\t\t\t<\/div>\n\t\t<\/article>\n\t\t\t\t<article class=\"elementor-post elementor-grid-item post-23778 post type-post status-publish format-standard has-post-thumbnail hentry category-idees tag-blog-barcelona tag-ideas\" role=\"listitem\">\n\t\t\t<div class=\"elementor-post__card\">\n\t\t\t\t<a class=\"elementor-post__thumbnail__link\" href=\"https:\/\/www.willysplan.com\/ca\/idees\/historia-de-la-barceloneta-que-veure-i-que-fer\" tabindex=\"-1\" ><div class=\"elementor-post__thumbnail\"><img decoding=\"async\" width=\"300\" height=\"200\" src=\"https:\/\/www.willysplan.com\/wp-content\/uploads\/2024\/07\/lp7jhwnxz50-300x200.jpg\" class=\"attachment-medium size-medium wp-image-23584\" alt=\"barceloneta\" srcset=\"https:\/\/www.willysplan.com\/wp-content\/uploads\/2024\/07\/lp7jhwnxz50-300x200.jpg 300w, https:\/\/www.willysplan.com\/wp-content\/uploads\/2024\/07\/lp7jhwnxz50-1024x683.jpg 1024w, https:\/\/www.willysplan.com\/wp-content\/uploads\/2024\/07\/lp7jhwnxz50-768x512.jpg 768w, https:\/\/www.willysplan.com\/wp-content\/uploads\/2024\/07\/lp7jhwnxz50-1536x1024.jpg 1536w, https:\/\/www.willysplan.com\/wp-content\/uploads\/2024\/07\/lp7jhwnxz50-930x620.jpg 930w, https:\/\/www.willysplan.com\/wp-content\/uploads\/2024\/07\/lp7jhwnxz50-600x400.jpg 600w, https:\/\/www.willysplan.com\/wp-content\/uploads\/2024\/07\/lp7jhwnxz50.jpg 1600w\" sizes=\"(max-width: 300px) 100vw, 300px\" \/><\/div><\/a>\n\t\t\t\t<div class=\"elementor-post__badge\">Idees<\/div>\n\t\t\t\t<div class=\"elementor-post__text\">\n\t\t\t\t<h3 class=\"elementor-post__title\">\n\t\t\t<a href=\"https:\/\/www.willysplan.com\/ca\/idees\/historia-de-la-barceloneta-que-veure-i-que-fer\" >\n\t\t\t\tHist\u00f2ria de La Barceloneta: Qu\u00e8 veure i qu\u00e8 fer\t\t\t<\/a>\n\t\t<\/h3>\n\t\t\t\t<div class=\"elementor-post__excerpt\">\n\t\t\t<p>Coneixes la hist\u00f2ria de La Barceloneta? Saps per qu\u00e8 se&#8217;n diu el barri pescador de Barcelona? Coneixes els seus principals atractius tur\u00edstics? Nosaltres t&#8217;ho expliquem!<\/p>\n\t\t<\/div>\n\t\t\t\t<\/div>\n\t\t\t\t<div class=\"elementor-post__meta-data\">\n\t\t\t\t\t<span class=\"elementor-post-date\">\n\t\t\t10\/07\/2024\t\t<\/span>\n\t\t\t\t<span class=\"elementor-post-avatar\">\n\t\t\tNo hi ha comentaris\t\t<\/span>\n\t\t\t\t<\/div>\n\t\t\t\t\t<\/div>\n\t\t<\/article>\n\t\t\t\t<article class=\"elementor-post elementor-grid-item post-23735 post type-post status-publish format-standard has-post-thumbnail hentry category-idees tag-blog-barcelona tag-ideas\" role=\"listitem\">\n\t\t\t<div class=\"elementor-post__card\">\n\t\t\t\t<a class=\"elementor-post__thumbnail__link\" href=\"https:\/\/www.willysplan.com\/ca\/idees\/tours-i-rutes-per-coneixer-la-guerra-civil-espanyola-a-barcelona\" tabindex=\"-1\" ><div class=\"elementor-post__thumbnail\"><img decoding=\"async\" width=\"300\" height=\"177\" src=\"https:\/\/www.willysplan.com\/wp-content\/uploads\/2023\/04\/placa-felip-neri-300x177.jpg\" class=\"attachment-medium size-medium wp-image-17875\" alt=\"pla\u00e7a felip neri\" srcset=\"https:\/\/www.willysplan.com\/wp-content\/uploads\/2023\/04\/placa-felip-neri-300x177.jpg 300w, https:\/\/www.willysplan.com\/wp-content\/uploads\/2023\/04\/placa-felip-neri-1024x603.jpg 1024w, https:\/\/www.willysplan.com\/wp-content\/uploads\/2023\/04\/placa-felip-neri-768x452.jpg 768w, https:\/\/www.willysplan.com\/wp-content\/uploads\/2023\/04\/placa-felip-neri-600x353.jpg 600w, https:\/\/www.willysplan.com\/wp-content\/uploads\/2023\/04\/placa-felip-neri.jpg 1262w\" sizes=\"(max-width: 300px) 100vw, 300px\" \/><\/div><\/a>\n\t\t\t\t<div class=\"elementor-post__badge\">Idees<\/div>\n\t\t\t\t<div class=\"elementor-post__text\">\n\t\t\t\t<h3 class=\"elementor-post__title\">\n\t\t\t<a href=\"https:\/\/www.willysplan.com\/ca\/idees\/tours-i-rutes-per-coneixer-la-guerra-civil-espanyola-a-barcelona\" >\n\t\t\t\tTours i rutes per con\u00e8ixer la guerra civil espanyola a Barcelona\t\t\t<\/a>\n\t\t<\/h3>\n\t\t\t\t<div class=\"elementor-post__excerpt\">\n\t\t\t<p>Saps qu\u00e8 va passar durant la guerra civil espanyola a Barcelona? Coneixes quines van ser les repercussions d&#8217;aquest conflicte? T&#8217;ho expliquem des del respecte perqu\u00e8<\/p>\n\t\t<\/div>\n\t\t\t\t<\/div>\n\t\t\t\t<div class=\"elementor-post__meta-data\">\n\t\t\t\t\t<span class=\"elementor-post-date\">\n\t\t\t09\/07\/2024\t\t<\/span>\n\t\t\t\t<span class=\"elementor-post-avatar\">\n\t\t\tNo hi ha comentaris\t\t<\/span>\n\t\t\t\t<\/div>\n\t\t\t\t\t<\/div>\n\t\t<\/article>\n\t\t\t\t<article class=\"elementor-post elementor-grid-item post-23654 post type-post status-publish format-standard has-post-thumbnail hentry category-idees tag-blog-barcelona tag-ideas\" role=\"listitem\">\n\t\t\t<div class=\"elementor-post__card\">\n\t\t\t\t<a class=\"elementor-post__thumbnail__link\" href=\"https:\/\/www.willysplan.com\/ca\/idees\/modernisme-a-barcelona-ruta-modernista-a-barcelona\" tabindex=\"-1\" ><div class=\"elementor-post__thumbnail\"><img loading=\"lazy\" decoding=\"async\" width=\"300\" height=\"200\" src=\"https:\/\/www.willysplan.com\/wp-content\/uploads\/2024\/07\/wljtoupox_u-300x200.jpg\" class=\"attachment-medium size-medium wp-image-23595\" alt=\"sagrada familia\" srcset=\"https:\/\/www.willysplan.com\/wp-content\/uploads\/2024\/07\/wljtoupox_u-300x200.jpg 300w, https:\/\/www.willysplan.com\/wp-content\/uploads\/2024\/07\/wljtoupox_u-1024x683.jpg 1024w, https:\/\/www.willysplan.com\/wp-content\/uploads\/2024\/07\/wljtoupox_u-768x512.jpg 768w, https:\/\/www.willysplan.com\/wp-content\/uploads\/2024\/07\/wljtoupox_u-1536x1024.jpg 1536w, https:\/\/www.willysplan.com\/wp-content\/uploads\/2024\/07\/wljtoupox_u-930x620.jpg 930w, https:\/\/www.willysplan.com\/wp-content\/uploads\/2024\/07\/wljtoupox_u-600x400.jpg 600w, https:\/\/www.willysplan.com\/wp-content\/uploads\/2024\/07\/wljtoupox_u.jpg 1600w\" sizes=\"(max-width: 300px) 100vw, 300px\" \/><\/div><\/a>\n\t\t\t\t<div class=\"elementor-post__badge\">Idees<\/div>\n\t\t\t\t<div class=\"elementor-post__text\">\n\t\t\t\t<h3 class=\"elementor-post__title\">\n\t\t\t<a href=\"https:\/\/www.willysplan.com\/ca\/idees\/modernisme-a-barcelona-ruta-modernista-a-barcelona\" >\n\t\t\t\tModernisme a Barcelona: Ruta modernista a Barcelona\t\t\t<\/a>\n\t\t<\/h3>\n\t\t\t\t<div class=\"elementor-post__excerpt\">\n\t\t\t<p>Coneixes quins s\u00f3n els edificis m\u00e9s importants del modernisme a Barcelona? Nosaltres te&#8217;ls desvetllem! Un dels atractius principals de la ciutat de Barcelona \u00e9s l&#8217;arquitectura<\/p>\n\t\t<\/div>\n\t\t\t\t<\/div>\n\t\t\t\t<div class=\"elementor-post__meta-data\">\n\t\t\t\t\t<span class=\"elementor-post-date\">\n\t\t\t07\/07\/2024\t\t<\/span>\n\t\t\t\t<span class=\"elementor-post-avatar\">\n\t\t\tNo hi ha comentaris\t\t<\/span>\n\t\t\t\t<\/div>\n\t\t\t\t\t<\/div>\n\t\t<\/article>\n\t\t\t\t<article class=\"elementor-post elementor-grid-item post-22039 post type-post status-publish format-standard has-post-thumbnail hentry category-ideas tag-blog-barcelona tag-ideas\" role=\"listitem\">\n\t\t\t<div class=\"elementor-post__card\">\n\t\t\t\t<a class=\"elementor-post__thumbnail__link\" href=\"https:\/\/www.willysplan.com\/ca\/ideas\/museos-gratis-en-barcelona\" tabindex=\"-1\" ><div class=\"elementor-post__thumbnail\"><img loading=\"lazy\" decoding=\"async\" width=\"300\" height=\"199\" src=\"https:\/\/www.willysplan.com\/wp-content\/uploads\/2023\/05\/museu-arqueologia-barcelona-300x199.png\" class=\"attachment-medium size-medium wp-image-20108\" alt=\"museu d&#039;arqueolog\u00eda de Barcelona desde fora\" srcset=\"https:\/\/www.willysplan.com\/wp-content\/uploads\/2023\/05\/museu-arqueologia-barcelona-300x199.png 300w, https:\/\/www.willysplan.com\/wp-content\/uploads\/2023\/05\/museu-arqueologia-barcelona-1024x678.png 1024w, https:\/\/www.willysplan.com\/wp-content\/uploads\/2023\/05\/museu-arqueologia-barcelona-768x508.png 768w, https:\/\/www.willysplan.com\/wp-content\/uploads\/2023\/05\/museu-arqueologia-barcelona-930x620.png 930w, https:\/\/www.willysplan.com\/wp-content\/uploads\/2023\/05\/museu-arqueologia-barcelona-600x397.png 600w, https:\/\/www.willysplan.com\/wp-content\/uploads\/2023\/05\/museu-arqueologia-barcelona.png 1360w\" sizes=\"(max-width: 300px) 100vw, 300px\" \/><\/div><\/a>\n\t\t\t\t<div class=\"elementor-post__badge\">Ideas<\/div>\n\t\t\t\t<div class=\"elementor-post__text\">\n\t\t\t\t<h3 class=\"elementor-post__title\">\n\t\t\t<a href=\"https:\/\/www.willysplan.com\/ca\/ideas\/museos-gratis-en-barcelona\" >\n\t\t\t\tMuseos gratis en Barcelona: D\u00f3nde y Cu\u00e1ndo\t\t\t<\/a>\n\t\t<\/h3>\n\t\t\t\t<div class=\"elementor-post__excerpt\">\n\t\t\t<p>Vols saber com visitar els museus gratu\u00efts a Barcelona? Doncs queda&#8217;t perqu\u00e8, en aquest article, t&#8217;hem preparat un llistat amb tots els museus que ofereixen<\/p>\n\t\t<\/div>\n\t\t\t\t<\/div>\n\t\t\t\t<div class=\"elementor-post__meta-data\">\n\t\t\t\t\t<span class=\"elementor-post-date\">\n\t\t\t05\/09\/2023\t\t<\/span>\n\t\t\t\t<span class=\"elementor-post-avatar\">\n\t\t\tNo hi ha comentaris\t\t<\/span>\n\t\t\t\t<\/div>\n\t\t\t\t\t<\/div>\n\t\t<\/article>\n\t\t\t\t<article class=\"elementor-post elementor-grid-item post-20201 post type-post status-publish format-standard has-post-thumbnail hentry category-ideas tag-blog-barcelona tag-ideas\" role=\"listitem\">\n\t\t\t<div class=\"elementor-post__card\">\n\t\t\t\t<a class=\"elementor-post__thumbnail__link\" href=\"https:\/\/www.willysplan.com\/ca\/ideas\/playas-nudistas-barcelona\" tabindex=\"-1\" ><div class=\"elementor-post__thumbnail\"><img loading=\"lazy\" decoding=\"async\" width=\"300\" height=\"169\" src=\"https:\/\/www.willysplan.com\/wp-content\/uploads\/2023\/05\/Screenshot-2023-05-19-at-08.03.05-300x169.png\" class=\"attachment-medium size-medium wp-image-19834\" alt=\"\" srcset=\"https:\/\/www.willysplan.com\/wp-content\/uploads\/2023\/05\/Screenshot-2023-05-19-at-08.03.05-300x169.png 300w, https:\/\/www.willysplan.com\/wp-content\/uploads\/2023\/05\/Screenshot-2023-05-19-at-08.03.05-1024x575.png 1024w, https:\/\/www.willysplan.com\/wp-content\/uploads\/2023\/05\/Screenshot-2023-05-19-at-08.03.05-768x431.png 768w, https:\/\/www.willysplan.com\/wp-content\/uploads\/2023\/05\/Screenshot-2023-05-19-at-08.03.05-600x337.png 600w, https:\/\/www.willysplan.com\/wp-content\/uploads\/2023\/05\/Screenshot-2023-05-19-at-08.03.05.png 1474w\" sizes=\"(max-width: 300px) 100vw, 300px\" \/><\/div><\/a>\n\t\t\t\t<div class=\"elementor-post__badge\">Ideas<\/div>\n\t\t\t\t<div class=\"elementor-post__text\">\n\t\t\t\t<h3 class=\"elementor-post__title\">\n\t\t\t<a href=\"https:\/\/www.willysplan.com\/ca\/ideas\/playas-nudistas-barcelona\" >\n\t\t\t\tLas 20 mejores playas nudistas de Barcelona\t\t\t<\/a>\n\t\t<\/h3>\n\t\t\t\t<div class=\"elementor-post__excerpt\">\n\t\t\t<p>\u00bfQuieres conocer las mejores playas nudistas de Barcelona? Sigue leyendo porque a continuaci\u00f3n te las presentamos. Cuando llega el verano y, con \u00e9l, la subida<\/p>\n\t\t<\/div>\n\t\t\t\t<\/div>\n\t\t\t\t<div class=\"elementor-post__meta-data\">\n\t\t\t\t\t<span class=\"elementor-post-date\">\n\t\t\t03\/08\/2023\t\t<\/span>\n\t\t\t\t<span class=\"elementor-post-avatar\">\n\t\t\tNo hi ha comentaris\t\t<\/span>\n\t\t\t\t<\/div>\n\t\t\t\t\t<\/div>\n\t\t<\/article>\n\t\t\t\t<article class=\"elementor-post elementor-grid-item post-21828 post type-post status-publish format-standard has-post-thumbnail hentry category-idees tag-blog-barcelona tag-ideas\" role=\"listitem\">\n\t\t\t<div class=\"elementor-post__card\">\n\t\t\t\t<a class=\"elementor-post__thumbnail__link\" href=\"https:\/\/www.willysplan.com\/ca\/idees\/les-20-millors-terrasses-de-barcelona\" tabindex=\"-1\" ><div class=\"elementor-post__thumbnail\"><img loading=\"lazy\" decoding=\"async\" width=\"300\" height=\"177\" src=\"https:\/\/www.willysplan.com\/wp-content\/uploads\/2023\/05\/terrassa-1881-300x177.png\" class=\"attachment-medium size-medium wp-image-20153\" alt=\"terrassa-1881\" srcset=\"https:\/\/www.willysplan.com\/wp-content\/uploads\/2023\/05\/terrassa-1881-300x177.png 300w, https:\/\/www.willysplan.com\/wp-content\/uploads\/2023\/05\/terrassa-1881-1024x604.png 1024w, https:\/\/www.willysplan.com\/wp-content\/uploads\/2023\/05\/terrassa-1881-768x453.png 768w, https:\/\/www.willysplan.com\/wp-content\/uploads\/2023\/05\/terrassa-1881-1536x907.png 1536w, https:\/\/www.willysplan.com\/wp-content\/uploads\/2023\/05\/terrassa-1881-600x354.png 600w, https:\/\/www.willysplan.com\/wp-content\/uploads\/2023\/05\/terrassa-1881.png 1630w\" sizes=\"(max-width: 300px) 100vw, 300px\" \/><\/div><\/a>\n\t\t\t\t<div class=\"elementor-post__badge\">Idees<\/div>\n\t\t\t\t<div class=\"elementor-post__text\">\n\t\t\t\t<h3 class=\"elementor-post__title\">\n\t\t\t<a href=\"https:\/\/www.willysplan.com\/ca\/idees\/les-20-millors-terrasses-de-barcelona\" >\n\t\t\t\tLes 20 millors terrasses de Barcelona\t\t\t<\/a>\n\t\t<\/h3>\n\t\t\t\t<div class=\"elementor-post__excerpt\">\n\t\t\t<p>Est\u00e0s buscant les millors terrasses de Barcelona? En aquest article ens hem posat davant del mapa per triar i presentar-te les millors. Amb l&#8217;arribada del<\/p>\n\t\t<\/div>\n\t\t\t\t<\/div>\n\t\t\t\t<div class=\"elementor-post__meta-data\">\n\t\t\t\t\t<span class=\"elementor-post-date\">\n\t\t\t30\/07\/2023\t\t<\/span>\n\t\t\t\t<span class=\"elementor-post-avatar\">\n\t\t\tNo hi ha comentaris\t\t<\/span>\n\t\t\t\t<\/div>\n\t\t\t\t\t<\/div>\n\t\t<\/article>\n\t\t\t\t<article class=\"elementor-post elementor-grid-item post-21751 post type-post status-publish format-standard has-post-thumbnail hentry category-idees tag-ideas\" role=\"listitem\">\n\t\t\t<div class=\"elementor-post__card\">\n\t\t\t\t<a class=\"elementor-post__thumbnail__link\" href=\"https:\/\/www.willysplan.com\/ca\/idees\/que-veure-al-born-de-barcelona\" tabindex=\"-1\" ><div class=\"elementor-post__thumbnail\"><img loading=\"lazy\" decoding=\"async\" width=\"300\" height=\"200\" src=\"https:\/\/www.willysplan.com\/wp-content\/uploads\/2022\/06\/free-tour-born-1-300x200.webp\" class=\"attachment-medium size-medium wp-image-14913\" alt=\"free tour born barcelona\" srcset=\"https:\/\/www.willysplan.com\/wp-content\/uploads\/2022\/06\/free-tour-born-1-300x200.webp 300w, https:\/\/www.willysplan.com\/wp-content\/uploads\/2022\/06\/free-tour-born-1-768x513.webp 768w, https:\/\/www.willysplan.com\/wp-content\/uploads\/2022\/06\/free-tour-born-1-600x401.webp 600w, https:\/\/www.willysplan.com\/wp-content\/uploads\/2022\/06\/free-tour-born-1.webp 780w\" sizes=\"(max-width: 300px) 100vw, 300px\" \/><\/div><\/a>\n\t\t\t\t<div class=\"elementor-post__badge\">Idees<\/div>\n\t\t\t\t<div class=\"elementor-post__text\">\n\t\t\t\t<h3 class=\"elementor-post__title\">\n\t\t\t<a href=\"https:\/\/www.willysplan.com\/ca\/idees\/que-veure-al-born-de-barcelona\" >\n\t\t\t\tQu\u00e8 veure al Born de Barcelona?\t\t\t<\/a>\n\t\t<\/h3>\n\t\t\t\t<div class=\"elementor-post__excerpt\">\n\t\t\t<p>Si t&#8217;est\u00e0s preguntant qu\u00e8 veure al Born de Barcelona, \u200b\u200baquest conegut barri de la ciutat comtal&#8230; has arribat al lloc correcte. El Born, situat entre<\/p>\n\t\t<\/div>\n\t\t\t\t<\/div>\n\t\t\t\t<div class=\"elementor-post__meta-data\">\n\t\t\t\t\t<span class=\"elementor-post-date\">\n\t\t\t22\/05\/2023\t\t<\/span>\n\t\t\t\t<span class=\"elementor-post-avatar\">\n\t\t\tNo hi ha comentaris\t\t<\/span>\n\t\t\t\t<\/div>\n\t\t\t\t\t<\/div>\n\t\t<\/article>\n\t\t\t\t<\/div>\n\t\t\n\t\t\t\t\t\t<\/div>\n\t\t\t\t<\/div>\n\t\t\t\t\t<\/div>\n\t\t<\/div>\n\t\t\t\t\t<\/div>\n\t\t<\/section>\n\t\t\t\t<section class=\"elementor-section elementor-top-section elementor-element elementor-element-198646d elementor-section-boxed elementor-section-height-default elementor-section-height-default\" data-id=\"198646d\" data-element_type=\"section\">\n\t\t\t\t\t\t<div class=\"elementor-container elementor-column-gap-default\">\n\t\t\t\t\t<div class=\"elementor-column elementor-col-100 elementor-top-column elementor-element elementor-element-071e295\" data-id=\"071e295\" data-element_type=\"column\">\n\t\t\t<div class=\"elementor-widget-wrap elementor-element-populated\">\n\t\t\t\t\t\t<div class=\"elementor-element elementor-element-22ff936 elementor-widget elementor-widget-spacer\" data-id=\"22ff936\" data-element_type=\"widget\" data-widget_type=\"spacer.default\">\n\t\t\t\t<div class=\"elementor-widget-container\">\n\t\t\t\t\t\t\t<div class=\"elementor-spacer\">\n\t\t\t<div class=\"elementor-spacer-inner\"><\/div>\n\t\t<\/div>\n\t\t\t\t\t\t<\/div>\n\t\t\t\t<\/div>\n\t\t\t\t<div class=\"elementor-element elementor-element-8b42452 elementor-widget elementor-widget-heading\" data-id=\"8b42452\" data-element_type=\"widget\" data-widget_type=\"heading.default\">\n\t\t\t\t<div class=\"elementor-widget-container\">\n\t\t\t\t\t<h2 class=\"elementor-heading-title elementor-size-default\">Altres rutes i activitats a fer per Catalunya<\/h2>\t\t\t\t<\/div>\n\t\t\t\t<\/div>\n\t\t\t\t\t<\/div>\n\t\t<\/div>\n\t\t\t\t\t<\/div>\n\t\t<\/section>\n\t\t\t\t<section class=\"elementor-section elementor-top-section elementor-element elementor-element-3e693f2 elementor-section-boxed elementor-section-height-default elementor-section-height-default\" data-id=\"3e693f2\" data-element_type=\"section\">\n\t\t\t\t\t\t<div class=\"elementor-container elementor-column-gap-default\">\n\t\t\t\t\t<div class=\"elementor-column elementor-col-100 elementor-top-column elementor-element elementor-element-385de5c\" data-id=\"385de5c\" data-element_type=\"column\">\n\t\t\t<div class=\"elementor-widget-wrap elementor-element-populated\">\n\t\t\t\t\t\t<div class=\"elementor-element elementor-element-03977fb elementor-grid-3 elementor-grid-tablet-2 elementor-grid-mobile-1 elementor-posts--thumbnail-top elementor-card-shadow-yes elementor-posts__hover-gradient elementor-widget elementor-widget-posts\" data-id=\"03977fb\" data-element_type=\"widget\" data-settings=\"{&quot;cards_columns&quot;:&quot;3&quot;,&quot;cards_columns_tablet&quot;:&quot;2&quot;,&quot;cards_columns_mobile&quot;:&quot;1&quot;,&quot;cards_row_gap&quot;:{&quot;unit&quot;:&quot;px&quot;,&quot;size&quot;:35,&quot;sizes&quot;:[]},&quot;cards_row_gap_tablet&quot;:{&quot;unit&quot;:&quot;px&quot;,&quot;size&quot;:&quot;&quot;,&quot;sizes&quot;:[]},&quot;cards_row_gap_mobile&quot;:{&quot;unit&quot;:&quot;px&quot;,&quot;size&quot;:&quot;&quot;,&quot;sizes&quot;:[]}}\" data-widget_type=\"posts.cards\">\n\t\t\t\t<div class=\"elementor-widget-container\">\n\t\t\t\t\t\t\t<div class=\"elementor-posts-container elementor-posts elementor-posts--skin-cards elementor-grid\" role=\"list\">\n\t\t\t\t<article class=\"elementor-post elementor-grid-item post-16065 post type-post status-publish format-standard has-post-thumbnail hentry category-rutes tag-rutas-barcelona-provincia tag-rutas-beget tag-rutas-berga tag-rutas-bergueda tag-rutas-castellar-de-nhug tag-rutas-cataluna\" role=\"listitem\">\n\t\t\t<div class=\"elementor-post__card\">\n\t\t\t\t<a class=\"elementor-post__thumbnail__link\" href=\"https:\/\/www.willysplan.com\/ca\/rutes\/ruta-des-dels-jardins-artigas-a-castellar-de-nhug\" tabindex=\"-1\" ><div class=\"elementor-post__thumbnail\"><img loading=\"lazy\" decoding=\"async\" width=\"300\" height=\"300\" src=\"https:\/\/www.willysplan.com\/wp-content\/uploads\/2020\/07\/Jardins-artigas21-300x300.jpg\" class=\"attachment-medium size-medium wp-image-13691\" alt=\"\" srcset=\"https:\/\/www.willysplan.com\/wp-content\/uploads\/2020\/07\/Jardins-artigas21-300x300.jpg 300w, https:\/\/www.willysplan.com\/wp-content\/uploads\/2020\/07\/Jardins-artigas21-1024x1024.jpg 1024w, https:\/\/www.willysplan.com\/wp-content\/uploads\/2020\/07\/Jardins-artigas21-150x150.jpg 150w, https:\/\/www.willysplan.com\/wp-content\/uploads\/2020\/07\/Jardins-artigas21-768x768.jpg 768w, https:\/\/www.willysplan.com\/wp-content\/uploads\/2020\/07\/Jardins-artigas21-480x480.jpg 480w, https:\/\/www.willysplan.com\/wp-content\/uploads\/2020\/07\/Jardins-artigas21-280x280.jpg 280w, https:\/\/www.willysplan.com\/wp-content\/uploads\/2020\/07\/Jardins-artigas21-960x960.jpg 960w, https:\/\/www.willysplan.com\/wp-content\/uploads\/2020\/07\/Jardins-artigas21-400x400.jpg 400w, https:\/\/www.willysplan.com\/wp-content\/uploads\/2020\/07\/Jardins-artigas21-585x585.jpg 585w, https:\/\/www.willysplan.com\/wp-content\/uploads\/2020\/07\/Jardins-artigas21-600x600.jpg 600w, https:\/\/www.willysplan.com\/wp-content\/uploads\/2020\/07\/Jardins-artigas21-100x100.jpg 100w, https:\/\/www.willysplan.com\/wp-content\/uploads\/2020\/07\/Jardins-artigas21.jpg 1080w\" sizes=\"(max-width: 300px) 100vw, 300px\" \/><\/div><\/a>\n\t\t\t\t<div class=\"elementor-post__badge\">rutes<\/div>\n\t\t\t\t<div class=\"elementor-post__text\">\n\t\t\t\t<h3 class=\"elementor-post__title\">\n\t\t\t<a href=\"https:\/\/www.willysplan.com\/ca\/rutes\/ruta-des-dels-jardins-artigas-a-castellar-de-nhug\" >\n\t\t\t\tRuta des dels Jardins Artigas a Castellar de N&#8217;hug\t\t\t<\/a>\n\t\t<\/h3>\n\t\t\t\t<div class=\"elementor-post__excerpt\">\n\t\t\t<p>Castellar de N&#8217;hug \u00e9s un petit poble de nom\u00e9s 175 habitants i una superf\u00edcie de 47.12 km\u00b2. Aquest incre\u00efble poble de Bergad\u00e0 ens sorpr\u00e8n cada<\/p>\n\t\t<\/div>\n\t\t\t\t<\/div>\n\t\t\t\t<div class=\"elementor-post__meta-data\">\n\t\t\t\t\t<span class=\"elementor-post-date\">\n\t\t\t11\/07\/2020\t\t<\/span>\n\t\t\t\t<span class=\"elementor-post-avatar\">\n\t\t\tNo hi ha comentaris\t\t<\/span>\n\t\t\t\t<\/div>\n\t\t\t\t\t<\/div>\n\t\t<\/article>\n\t\t\t\t<\/div>\n\t\t\n\t\t\t\t\t\t<\/div>\n\t\t\t\t<\/div>\n\t\t\t\t\t<\/div>\n\t\t<\/div>\n\t\t\t\t\t<\/div>\n\t\t<\/section>\n\t\t\t\t<\/div>\n\t\t","protected":false},"excerpt":{"rendered":"<p>Benvingut al nostre bloc de viatges i senderisme per Catalunya. En aquest apartat, descobrir\u00e0s milers d&#8217;idees i activitats a fer pel territori catal\u00e0, que mai abans no havies imaginat. Volem ensenyar-te els llocs m\u00e9s amagats i originals de Catalunya. T&#8217;atreveixes a descobrir tot el que tenim preparat per a tu? Altres rutes i activitats a&hellip;&nbsp;<a href=\"https:\/\/www.willysplan.com\/ca\/rutes\/ruta-des-dels-jardins-artigas-a-castellar-de-nhug\" rel=\"bookmark\">Llegiu m\u00e9s &raquo;<span class=\"screen-reader-text\">Ruta des dels Jardins Artigas a Castellar de N&#8217;hug<\/span><\/a><\/p>\n","protected":false},"author":2,"featured_media":0,"parent":0,"menu_order":0,"comment_status":"closed","ping_status":"closed","template":"","meta":{"neve_meta_sidebar":"","neve_meta_container":"","neve_meta_enable_content_width":"","neve_meta_content_width":0,"neve_meta_title_alignment":"","neve_meta_author_avatar":"","neve_post_elements_order":"","neve_meta_disable_header":"","neve_meta_disable_footer":"","neve_meta_disable_title":"","_joinchat":[],"footnotes":""},"class_list":["post-15581","page","type-page","status-publish","hentry"],"yoast_head":"<!-- This site is optimized with the Yoast SEO Premium plugin v20.1 (Yoast SEO v26.9) - https:\/\/yoast.com\/product\/yoast-seo-premium-wordpress\/ -->\n<title>Blog de viatges i senderisme per Catalunya - Willy&#039;s Pla \ud83c\udf43<\/title>\n<meta name=\"description\" content=\"Encara no coneixes totes les idees que et proposem al nostre bloc de viatges i senderisme per Catalunya? \u2705 Som experts en idees i rutes!\" \/>\n<meta name=\"robots\" content=\"index, follow, max-snippet:-1, max-image-preview:large, max-video-preview:-1\" \/>\n<link rel=\"canonical\" href=\"https:\/\/willysplan.com\/ca\/idees\" \/>\n<meta property=\"og:locale\" content=\"ca_ES\" \/>\n<meta property=\"og:type\" content=\"article\" \/>\n<meta property=\"og:title\" content=\"Idees\" \/>\n<meta property=\"og:description\" content=\"Encara no coneixes totes les idees que et proposem al nostre bloc de viatges i senderisme per Catalunya? \u2705 Som experts en idees i rutes!\" \/>\n<meta property=\"og:url\" content=\"https:\/\/willysplan.com\/ca\/idees\" \/>\n<meta property=\"og:site_name\" content=\"Willy&#039;s Plan \ud83c\udf43\" \/>\n<meta property=\"article:modified_time\" content=\"2023-03-22T19:57:27+00:00\" \/>\n<meta name=\"twitter:card\" content=\"summary_large_image\" \/>\n<script type=\"application\/ld+json\" class=\"yoast-schema-graph\">{\"@context\":\"https:\/\/schema.org\",\"@graph\":[{\"@type\":\"WebPage\",\"@id\":\"https:\/\/www.willysplan.com\/ideas\",\"url\":\"https:\/\/willysplan.com\/ca\/idees\",\"name\":\"Blog de viatges i senderisme per Catalunya - Willy's Pla \ud83c\udf43\",\"isPartOf\":{\"@id\":\"https:\/\/www.willysplan.com\/#website\"},\"datePublished\":\"2020-08-11T06:28:50+00:00\",\"dateModified\":\"2023-03-22T19:57:27+00:00\",\"description\":\"Encara no coneixes totes les idees que et proposem al nostre bloc de viatges i senderisme per Catalunya? \u2705 Som experts en idees i rutes!\",\"inLanguage\":\"ca\",\"potentialAction\":[{\"@type\":\"ReadAction\",\"target\":[\"https:\/\/willysplan.com\/ca\/idees\"]}]},{\"@type\":\"WebSite\",\"@id\":\"https:\/\/www.willysplan.com\/#website\",\"url\":\"https:\/\/www.willysplan.com\/\",\"name\":\"Willy&#039;s Plan \ud83c\udf43\",\"description\":\"Escapadas y Planes de fin de semana\",\"publisher\":{\"@id\":\"https:\/\/www.willysplan.com\/#organization\"},\"potentialAction\":[{\"@type\":\"SearchAction\",\"target\":{\"@type\":\"EntryPoint\",\"urlTemplate\":\"https:\/\/www.willysplan.com\/?s={search_term_string}\"},\"query-input\":{\"@type\":\"PropertyValueSpecification\",\"valueRequired\":true,\"valueName\":\"search_term_string\"}}],\"inLanguage\":\"ca\"},{\"@type\":\"Organization\",\"@id\":\"https:\/\/www.willysplan.com\/#organization\",\"name\":\"Willy&#039;s Plan \ud83c\udf43\",\"url\":\"https:\/\/www.willysplan.com\/\",\"logo\":{\"@type\":\"ImageObject\",\"inLanguage\":\"ca\",\"@id\":\"https:\/\/www.willysplan.com\/#\/schema\/logo\/image\/\",\"url\":\"https:\/\/www.willysplan.com\/wp-content\/uploads\/2020\/04\/cropped-logo-1.png\",\"contentUrl\":\"https:\/\/www.willysplan.com\/wp-content\/uploads\/2020\/04\/cropped-logo-1.png\",\"width\":332,\"height\":332,\"caption\":\"Willy&#039;s Plan \ud83c\udf43\"},\"image\":{\"@id\":\"https:\/\/www.willysplan.com\/#\/schema\/logo\/image\/\"}}]}<\/script>\n<!-- \/ Yoast SEO Premium plugin. -->","yoast_head_json":{"title":"Blog de viatges i senderisme per Catalunya - Willy's Pla \ud83c\udf43","description":"Encara no coneixes totes les idees que et proposem al nostre bloc de viatges i senderisme per Catalunya? \u2705 Som experts en idees i rutes!","robots":{"index":"index","follow":"follow","max-snippet":"max-snippet:-1","max-image-preview":"max-image-preview:large","max-video-preview":"max-video-preview:-1"},"canonical":"https:\/\/willysplan.com\/ca\/idees","og_locale":"ca_ES","og_type":"article","og_title":"Idees","og_description":"Encara no coneixes totes les idees que et proposem al nostre bloc de viatges i senderisme per Catalunya? \u2705 Som experts en idees i rutes!","og_url":"https:\/\/willysplan.com\/ca\/idees","og_site_name":"Willy&#039;s Plan \ud83c\udf43","article_modified_time":"2023-03-22T19:57:27+00:00","twitter_card":"summary_large_image","schema":{"@context":"https:\/\/schema.org","@graph":[{"@type":"WebPage","@id":"https:\/\/www.willysplan.com\/ideas","url":"https:\/\/willysplan.com\/ca\/idees","name":"Blog de viatges i senderisme per Catalunya - Willy's Pla \ud83c\udf43","isPartOf":{"@id":"https:\/\/www.willysplan.com\/#website"},"datePublished":"2020-08-11T06:28:50+00:00","dateModified":"2023-03-22T19:57:27+00:00","description":"Encara no coneixes totes les idees que et proposem al nostre bloc de viatges i senderisme per Catalunya? \u2705 Som experts en idees i rutes!","inLanguage":"ca","potentialAction":[{"@type":"ReadAction","target":["https:\/\/willysplan.com\/ca\/idees"]}]},{"@type":"WebSite","@id":"https:\/\/www.willysplan.com\/#website","url":"https:\/\/www.willysplan.com\/","name":"Willy&#039;s Plan \ud83c\udf43","description":"Escapadas y Planes de fin de semana","publisher":{"@id":"https:\/\/www.willysplan.com\/#organization"},"potentialAction":[{"@type":"SearchAction","target":{"@type":"EntryPoint","urlTemplate":"https:\/\/www.willysplan.com\/?s={search_term_string}"},"query-input":{"@type":"PropertyValueSpecification","valueRequired":true,"valueName":"search_term_string"}}],"inLanguage":"ca"},{"@type":"Organization","@id":"https:\/\/www.willysplan.com\/#organization","name":"Willy&#039;s Plan \ud83c\udf43","url":"https:\/\/www.willysplan.com\/","logo":{"@type":"ImageObject","inLanguage":"ca","@id":"https:\/\/www.willysplan.com\/#\/schema\/logo\/image\/","url":"https:\/\/www.willysplan.com\/wp-content\/uploads\/2020\/04\/cropped-logo-1.png","contentUrl":"https:\/\/www.willysplan.com\/wp-content\/uploads\/2020\/04\/cropped-logo-1.png","width":332,"height":332,"caption":"Willy&#039;s Plan \ud83c\udf43"},"image":{"@id":"https:\/\/www.willysplan.com\/#\/schema\/logo\/image\/"}}]}},"_links":{"self":[{"href":"https:\/\/www.willysplan.com\/ca\/wp-json\/wp\/v2\/pages\/15581","targetHints":{"allow":["GET"]}}],"collection":[{"href":"https:\/\/www.willysplan.com\/ca\/wp-json\/wp\/v2\/pages"}],"about":[{"href":"https:\/\/www.willysplan.com\/ca\/wp-json\/wp\/v2\/types\/page"}],"author":[{"embeddable":true,"href":"https:\/\/www.willysplan.com\/ca\/wp-json\/wp\/v2\/users\/2"}],"replies":[{"embeddable":true,"href":"https:\/\/www.willysplan.com\/ca\/wp-json\/wp\/v2\/comments?post=15581"}],"version-history":[{"count":3,"href":"https:\/\/www.willysplan.com\/ca\/wp-json\/wp\/v2\/pages\/15581\/revisions"}],"predecessor-version":[{"id":17782,"href":"https:\/\/www.willysplan.com\/ca\/wp-json\/wp\/v2\/pages\/15581\/revisions\/17782"}],"wp:attachment":[{"href":"https:\/\/www.willysplan.com\/ca\/wp-json\/wp\/v2\/media?parent=15581"}],"curies":[{"name":"wp","href":"https:\/\/api.w.org\/{rel}","templated":true}]}}