{"id":15557,"date":"2020-04-17T18:57:17","date_gmt":"2020-04-17T17:57:17","guid":{"rendered":"https:\/\/willysplan.com\/politica-de-privadesa"},"modified":"2023-01-03T21:08:48","modified_gmt":"2023-01-03T20:08:48","slug":"politica-de-privadesa","status":"publish","type":"page","link":"https:\/\/www.willysplan.com\/ca\/politica-de-privadesa","title":{"rendered":"Pol\u00edtica de Privadesa"},"content":{"rendered":"\n<p>La teva privadesa \u00e9s important per a mi. En aquesta declaraci\u00f3 de privadesa t&#8217;explico quines dades personals recopilo dels meus usuaris i com les utilitzo. T&#8217;animo a llegir detingudament aquests termes abans de facilitar les dades personals en aquesta web. Els majors de tretze anys podran registrar-se a https:www.\/\/willysplan.com com a usuaris sense el consentiment previ dels seus pares o tutors.<\/p>\n\n<p>En el cas dels menors de tretze anys es requereix el consentiment dels pares o tutors per al tractament de les dades personals.<\/p>\n\n<p>En cap cas no es demanaran del menor d&#8217;edat dades relatives a la situaci\u00f3 professional, econ\u00f2mica oa la intimitat dels altres membres de la fam\u00edlia, sense el seu consentiment.<\/p>\n\n<p>Si ets menor de tretze anys i has accedit a aquest lloc web sense avisar els teus pares no t&#8217;has de registrar com a usuari.<\/p>\n\n<p>En aquesta web es respecten i cuiden les dades personals dels usuaris. Com a usuari has de saber que els teus drets estan garantits.<\/p>\n\n<p>M&#8217;he esfor\u00e7at a crear un espai segur i fiable i per aix\u00f2 vull compartir els meus principis respecte a la teva privadesa:<\/p>\n\n<ul class=\"wp-block-list\"><li>Mai sol\u00b7licito informaci\u00f3 personal a no ser que realment sigui necess\u00e0ria per prestar-te els serveis que em requereixis.<\/li><li>Mai comparteixo informaci\u00f3 personal dels meus usuaris amb ning\u00fa, excepte per complir amb la llei o en cas que compti amb la teva autoritzaci\u00f3 expressa.<\/li><li>Mai no utilitzo les teves dades personals amb una finalitat diferent de la expressada en aquesta pol\u00edtica de privadesa.<\/li><\/ul>\n<p>Cal advertir que aquesta Pol\u00edtica de Privadesa podria variar en funci\u00f3 d&#8217;exig\u00e8ncies legislatives o d&#8217;autoregulaci\u00f3, per la qual cosa s&#8217;aconsella als usuaris que la visitin peri\u00f2dicament. Ser\u00e0 aplicable en cas que els usuaris decideixin omplir algun formulari de qualsevol dels seus formularis de contacte on es demanin dades de car\u00e0cter personal.<\/p>\n\n<p>Willysplan ha adequat aquest web a les exig\u00e8ncies de la Llei Org\u00e0nica 15\/1999, de 13 de desembre, de Protecci\u00f3 de Dades de Car\u00e0cter Personal (LOPD), i al Reial Decret 1720\/2007, de 21 de desembre, conegut com el Reglament de desenvolupament de la LOPD. Compleix tamb\u00e9 amb el Reglament (UE) 2016\/679 del Parlament Europeu i del Consell de 27 d&#8217;abril del 2016 relatiu a la protecci\u00f3 de les persones f\u00edsiques (RGPD), aix\u00ed com amb la Llei 34\/2002, d&#8217;11 de juliol, de Servicis de la Societat de la Informaci\u00f3 i Comer\u00e7 Electr\u00f2nic (LSSICE o LSSI).<\/p>\n\n<p><strong>Responsable del tractament de les teves dades personals<\/strong><\/p>\n\n<ul class=\"wp-block-list\"><li><strong>Identitat del Responsable:<\/strong> Guillem Asensio<\/li><li><strong>Nom comercial:<\/strong> Willysplan<\/li><li><strong>Adre\u00e7a:<\/strong> C\/ Tur\u00f3 Gros, 08140 Barcelona<\/li><li><strong>Correu electr\u00f2nic:<\/strong> help@willysplan.com<\/li><li><strong>Activitat:<\/strong> Oferir contingut sobre viatges, escapades de cap de setmana i activitats de lleure. <\/li><\/ul>\n<p>A efectes del previst al Reglament General de Protecci\u00f3 de Dades abans esmentat, les dades personals que m&#8217;envi\u00efs a trav\u00e9s dels formularis de la web, rebran el tractament de dades d&#8217;\u201cUsuaris de la web i subscriptors\u201d.<\/p>\n\n<p>Per al tractament de dades dels meus usuaris, implemento totes les mesures t\u00e8cniques i organitzatives de seguretat establertes a la legislaci\u00f3 vigent.<\/p>\n\n<p><strong>Principis que aplicar\u00e9 a la teva informaci\u00f3 personal<\/strong><\/p>\n\n<p>En el tractament de les teves dades personals, aplicar\u00e9 els principis seg\u00fcents que s&#8217;ajusten a les exig\u00e8ncies del nou reglament europeu de protecci\u00f3 de dades:<\/p>\n\n<ul class=\"wp-block-list\"><li><strong>Principi de licitud, lleialtat i transpar\u00e8ncia:<\/strong> Sempre requerir\u00e9 el teu consentiment per al tractament de les teves dades personals per a un o diversos fins espec\u00edfics que t&#8217;informar\u00e9 pr\u00e8viament amb absoluta transpar\u00e8ncia.<\/li><li><strong>Principi de minimitzaci\u00f3 de dades:<\/strong> Nom\u00e9s sol\u00b7licitar\u00e9 dades estrictament necess\u00e0ries en relaci\u00f3 amb les finalitats per a les quals les requereixo. Els m\u00ednims possibles.<\/li><li><strong>Principi de limitaci\u00f3 del termini de conservaci\u00f3:<\/strong> les dades seran mantingudes durant no m\u00e9s temps del necessari per als fins del tractament, en funci\u00f3 de la finalitat, t&#8217;informar\u00e9 del termini de conservaci\u00f3 corresponent, en el cas de subscripcions, peri\u00f2dicament revisar\u00e9 les meves llistes i eliminar\u00e9 aquells registres inactius durant un temps considerable.<\/li><li><strong>Principi d&#8217;integritat i confidencialitat:<\/strong> Les teves dades seran tractades de manera que es garanteixi una seguretat adequada de les dades personals i es garanteixi confidencialitat. Has de saber que prenc totes les precaucions necess\u00e0ries per evitar l&#8217;acc\u00e9s no autoritzat o \u00fas indegut de les dades dels meus usuaris per part de tercers.<\/li><\/ul>\n<p><strong>Com he obtingut les dades?<\/strong><\/p>\n\n<p>Les dades personals que tracto a Willysplan procedeixen de:<\/p>\n\n<ul class=\"wp-block-list\"><li>Formulari de contacte<\/li><li>Formulari de subscripci\u00f3<\/li><li>Campanyes promocionals a xarxes socials.<\/li><\/ul>\n<p><strong>Quins s\u00f3n els teus drets quan em facilites les dades?<\/strong><\/p>\n\n<p>Qualsevol persona t\u00e9 dret a obtenir confirmaci\u00f3 sobre si a Willysplan estic tractant dades personals que em concerneix, o no.<\/p>\n\n<p>Les persones interessades tenen dret a:<\/p>\n\n<ul class=\"wp-block-list\"><li>Sol\u00b7licitar l&#8217;acc\u00e9s a les dades personals relatives a l&#8217;interessat<\/li><li>Sol\u00b7licitar-ne la rectificaci\u00f3 o supressi\u00f3<\/li><li>Sol\u00b7licitar la limitaci\u00f3 del tractament<\/li><li>Oposar-se al tractament<\/li><li>Sol\u00b7licitar la portabilitat de les dades<\/li><\/ul>\n<p>Els interessats podran <strong>accedir<\/strong> a les seves dades personals, aix\u00ed com a sol\u00b7licitar la <strong>rectificaci\u00f3<\/strong> de les dades inexactes o, si escau, sol\u00b7licitar-ne la <strong>supressi\u00f3<\/strong> quan, entre altres motius, les dades ja no siguin necess\u00e0ries per als fins que van ser recollides. En determinades circumst\u00e0ncies, els interessats podran sol\u00b7licitar la <strong>limitaci\u00f3<\/strong> del tractament de les seves dades, cas en qu\u00e8 \u00fanicament les conservar\u00e9 per a l&#8217;exercici o la defensa de reclamacions.<\/p>\n\n<p>En determinades circumst\u00e0ncies i per motius relacionats amb la seva situaci\u00f3 particular, els interessats es poden <strong>oposar<\/strong> al tractament de les seves dades. Guillem Asensio Borr\u00e0s deixar\u00e0 de tractar les dades, tret de motius leg\u00edtims imperiosos, o l&#8217;exercici o la defensa de possibles reclamacions. Com a interessat, tens dret a rebre les dades personals que t&#8217;incumbeixin, que m&#8217;hagis facilitat i en un format estructurat, d&#8217;\u00fas com\u00fa i lectura mec\u00e0nica, ia transmetre&#8217;ls a un altre responsable del tractament quan:<\/p>\n\n<ul class=\"wp-block-list\"><li>El tractament estigui basat en el consentiment<\/li><li>Les dades hagin estat facilitades per la persona interessada.<\/li><li>El tractament es fa per mitjans automatitzats.<\/li><\/ul>\n<p>En exercir el teu dret a la portabilitat de les dades, tindr\u00e0s dret que les dades personals es transmetin directament de responsable a responsable quan sigui t\u00e8cnicament possible.<\/p>\n\n<p>Els interessats tamb\u00e9 tenen dret a la tutela judicial efectiva ia presentar una reclamaci\u00f3 davant de l&#8217;autoritat de control, en aquest cas, l&#8217;Ag\u00e8ncia Espanyola de Protecci\u00f3 de Dades, si consideren que el tractament de dades personals que li concerneixen infringeix el Reglament.<\/p>\n\n<p><strong>Amb quina finalitat tracto les teves dades personals?<\/strong><\/p>\n\n<p>Quan un usuari es connecta amb aquesta web per exemple per comentar un post, enviar un correu al titular, subscriure&#8217;s o realitzar alguna contractaci\u00f3, est\u00e0 facilitant informaci\u00f3 de car\u00e0cter personal de qu\u00e8 \u00e9s responsable Willysplan. Aquesta informaci\u00f3 pot incloure dades de car\u00e0cter personal com poden ser la teva adre\u00e7a IP, nom, adre\u00e7a f\u00edsica, adre\u00e7a de correu electr\u00f2nic, n\u00famero de tel\u00e8fon i altra informaci\u00f3. En facilitar aquesta informaci\u00f3, l&#8217;usuari d\u00f3na el seu consentiment perqu\u00e8 la seva informaci\u00f3 sigui recopilada, utilitzada, gestionada i emmagatzemada per https:\/\/willysplan.com, nom\u00e9s com es descriu a l&#8217;Av\u00eds Legal ia la present Pol\u00edtica de Privadesa.<\/p>\n\n<p>A Willysplan hi ha diferents sistemes de captura d&#8217;informaci\u00f3 personal i tracto la informaci\u00f3 que em faciliten les persones interessades amb la finalitat seg\u00fcent per cada sistema de captura (formularis):<\/p>\n\n<ul class=\"wp-block-list\"><li><strong>Formulari de subscripci\u00f3 a continguts:<\/strong> En aquest cas, sol\u00b7licito les dades personals seg\u00fcents: Nom, Email, per gestionar la llista de subscripcions, enviar butlletins, promocions i ofertes especials, facilitats per l&#8217;usuari en realitzar la subscripci\u00f3. Dins la web hi ha diversos formularis per activar la subscripci\u00f3. Els butlletins electr\u00f2nics o newsletter estan gestionats per Mailer Lite. T&#8217;informo que les dades que em facilites estaran ubicades als servidors de Mailer Lite (prove\u00efdor de Guillem Asensio) a Litu\u00e0nia (Uni\u00f3 Europea). Podeu trobar tota la informaci\u00f3 de Mailer Lite <a href=\"https:\/\/www.mailerlite.com\/legal\/privacy-policy\">aqu\u00ed<\/a> .<\/li><li><strong>Campanyes en xarxes socials:<\/strong> Mitjan\u00e7ant els anuncis comercials a les p\u00e0gines web de <a href=\"https:\/\/www.facebook.com\/\">https:\/\/www.facebook.com\/<\/a> i <a href=\"https:\/\/www.instagram.com\/\">https:\/\/www.instagram.com\/<\/a> , podem recopilar dades com ara: Nom, cognoms, e-mail i tel\u00e8fon m\u00f2bil. Aquestes dades, recopilades i emmagatzemades a la plataforma de <a href=\"https:\/\/www.facebook.com\/\">https:\/\/www.facebook.com\/<\/a> , seran transferides a la base de dades de la plataforma Mailer Lite ( <a href=\"https:\/\/www.mailerlite.com\/\">https:\/\/www.mailerlite.com\/<\/a> ). <\/li><\/ul>\n<p>Hi ha altres finalitats per les quals tracto les teves dades personals:<\/p>\n\n<ul class=\"wp-block-list\"><li>Per garantir el compliment de les condicions d\u00fas i la llei aplicable. Aix\u00f2 pot incloure el desenvolupament d&#8217;eines i algoritmes que ajuden aquesta web a garantir la confidencialitat de les dades personals que recull.<\/li><li>Per donar suport i millorar els serveis que ofereix aquesta web.<\/li><li>Tamb\u00e9 es recullen altres dades no identificatives que s&#8217;obtenen mitjan\u00e7ant algunes galetes que es descarreguen a l&#8217;ordinador de l&#8217;usuari quan navega en aquesta web que detallo a la pol\u00edtica de galetes.<\/li><li>Per gestionar les xarxes socials. Willysplan pot tenir pres\u00e8ncia a xarxes socials. El tractament de les dades que es dugui a terme de les persones que es facin seguidores a les xarxes socials de les p\u00e0gines oficials de https:\/\/willysplan.com, es regir\u00e0 per aquest apartat. Aix\u00ed com per aquelles condicions d\u00fas, pol\u00edtiques de privadesa i normatives dacc\u00e9s que pertanyin a la xarxa social que procedeixi en cada cas i acceptades pr\u00e8viament per lusuari de Guillem Asensio Borras. Tractar\u00e0 les seves dades amb les finalitats d&#8217;administrar correctament la seva pres\u00e8ncia a la xarxa social, informant d&#8217;activitats, productes o serveis de Willysplan. Aix\u00ed com per a qualsevol altra finalitat que les normatives de les xarxes socials permetin. En cap cas far\u00e9 servir els perfils de seguidors en xarxes socials per enviar publicitat de manera individual.<\/li><\/ul>\n<p>D&#8217;acord amb all\u00f2 establert al reglament general de protecci\u00f3 de dades europeu (RGPD) 2016\/679, Guillem Asensio (Willysplan), amb domicili a Carrer Tur\u00f3 Gros 08140 Barcelona ser\u00e0 responsable del tractament de les dades corresponents a Usuaris de la web i subscriptors .<\/p>\n\n<p>Willysplan no ven, lloga ni cedeix dades de car\u00e0cter personal que puguin identificar l&#8217;usuari, ni ho far\u00e0 en el futur, a tercers sense el consentiment previ. Tot i aix\u00f2, en alguns casos es poden realitzar col\u00b7laboracions amb altres professionals, en aquests casos, es requerir\u00e0 consentiment als usuaris informant sobre la identitat del col\u00b7laborador i la finalitat de la col\u00b7laboraci\u00f3. Sempre es realitzar\u00e0 amb els est\u00e0ndards de seguretat m\u00e9s estrictes.<\/p>\n\n<p><strong>Legitimaci\u00f3 per al tractament de les teves dades<\/strong><\/p>\n\n<p>La base legal per al tractament de les vostres dades \u00e9s: el consentiment.<\/p>\n\n<p>Per contactar o fer comentaris en aquesta web es requereix el consentiment amb aquesta pol\u00edtica de privadesa.<\/p>\n\n<p>L&#8217;oferta prospectiva o comercial de productes i serveis est\u00e0 basada en el consentiment que se us demana, sense que en cap cas la retirada d&#8217;aquest consentiment condicioni l&#8217;execuci\u00f3 del contracte de subscripci\u00f3.<\/p>\n\n<p><strong>Categoria de dades<\/strong><\/p>\n\n<p>Les categories de dades que es tracten s\u00f3n dades identificatives.<\/p>\n\n<p>No es tracten categories de dades especialment protegides.<\/p>\n\n<p><strong>Per quant de temps conservar\u00e9 les teves dades?<\/strong><\/p>\n\n<p><strong>Les dades personals proporcionades es conservaran:<\/strong><\/p>\n\n<ul class=\"wp-block-list\"><li>Fins que no se sol\u00b7licite la supressi\u00f3 per l&#8217;interessat.<\/li><\/ul>\n<p><strong>A quins destinataris es comunicaran les teves dades?<\/strong><\/p>\n\n<p>Moltes eines que utilitzo per gestionar les teves dades s\u00f3n contractades per tercers.<\/p>\n\n<p>Per prestar serveis estrictament necessaris per al desenvolupament de l&#8217;activitat, https:\/\/willysplan.com, comparteix dades amb els prestadors seg\u00fcents sota les seves corresponents condicions de privadesa:<\/p>\n\n<p><strong>Google Analytics:<\/strong> un servei anal\u00edtic de web prestat per Google, Inc., una companyia de Delaware que t\u00e9 com a oficina principal el 1600 Amphitheatre Parkway, Mountain View (Calif\u00f2rnia), CA 94043, Estats Units (\u201cGoogle\u201d). Google Analytics utilitza \u201ccookies\u201d, que s\u00f3n arxius de text ubicats al vostre ordinador, per ajudar a https:\/\/willysplan.com a analitzar l&#8217;\u00fas que fan els usuaris del lloc web. La informaci\u00f3 que genera la galeta sobre el seu \u00fas de https:\/\/willysplan.com (incloent-hi la teva adre\u00e7a IP) ser\u00e0 directament transmesa i arxivada per Google als servidors dels Estats Units.<\/p>\n\n<p><strong>Hosting:<\/strong> GoDaddy Operating Company, LLC., amb domicili el 14455 N. HAYDEN RD., STE. 226<br\/>SCOTTSDALE, AZ 85260EE. UU.. M\u00e9s informaci\u00f3 a: <a href=\"https:\/\/es.godaddy.com\/\">https:\/\/es.godaddy.com\/<\/a> (GoDaddy Operating Company, LLC). GoDaddy Operating Company, LLC tracta les dades amb la finalitat de realitzar els seus serveis de hosting a Guillem Asensio Borras.<\/p>\n\n<p><strong>Email m\u00e0rqueting:<\/strong> Mailer Lite , amb domicili a J. Basanavi\u010diaus 15, LT-03108 Vilnius, Lithuania. M\u00e9s informaci\u00f3 a: <a href=\"https:\/\/www.mailerlite.com\/legal\/privacy-policy\">https:\/\/www.mailerlite.com\/legal\/privacy-policy<\/a> (Mailer Lite). Mailer Lite tracta les dades amb la finalitat de realitzar els seus serveis de correu electr\u00f2nic m\u00e0rqueting a Guillem Asensio Borr\u00e0s.<\/p>\n\n<p><strong>An\u00e0lisi de dades:<\/strong> Hotjar Ltd, amb domicili a <em>St Julians Business Centre, 3, Elia Zammit Street St. Julians STJ 1000, Malta, Europe<\/em> . M\u00e9s informaci\u00f3 a: <a href=\"https:\/\/www.hotjar.com\/legal\/policies\/privacy\">https:\/\/www.hotjar.com\/legal\/policies\/privacy<\/a> (Hotjar Ltd). Hotjar Ltd tracta les dades amb la finalitat de realitzar els seus serveis de correu electr\u00f2nic m\u00e0rqueting a Guillem Asensio Borr\u00e0s. M\u00e9s informaci\u00f3 sobre l&#8217;\u00fas de Hotjar a la nostra plataforma per tractar les vostres dades: <\/p>\n\n<p>We use <a href=\"http:\/\/www.hotjar.com\/\">Hotjar<\/a> in order to better understand our users&#8217; needs and to optimize this service and experience. Hotjar is a technology service that helps us better understand our users experience (eg how molt time they spend on which pages, which links they choose to click, what users do and don&#8217;t like, etc.) and this enables us to buil maintain our service with user feedback. Hotjar useu galetes i altres tecnologies per a col\u00b7lectar data en les vostres persones&#8217; behavior and their devices (in particular device&#8217;s IP address (captured and stored only in anonymized form), device screen size, device type (unique device identifiers), browser information, geographic loca (country only), preferred language used to display our website). Hotja stores this information in a pseudonymized user profile. Neither Hotjar nor we will ever use aquesta informaci\u00f3 per identificar individuals users or to match it with further data on an individual user. For further details, si us plau Hotjar&#8217;s privacy policy per click on <a href=\"https:\/\/www.hotjar.com\/legal\/policies\/privacy\">aquest link<\/a> .<\/p>\n\n<p>Heu opt-out per a la creaci\u00f3 d&#8217;user profile, Hotjar storing of data about us usat el seu lloc i Hotjar s&#8217;usa de tracking cookies en altres webs per a following aquest <a href=\"https:\/\/www.hotjar.com\/legal\/compliance\/opt-out\">opt-out link<\/a> .<\/p>\n\n<p>S&#8217;inclouen en aquest tipus de galetes serveis de tercers com: Google Analytics i Hotjar. Quan visiteu aquesta p\u00e0gina, s&#8217;envien cookies procedents d&#8217;aquests serveis al vostre navegador. Consulta m\u00e9s informaci\u00f3 sobre els <a href=\"https:\/\/www.google.es\/intl\/es\/policies\/technologies\/types\/\">tipus de galetes que utilitza Google<\/a> , i descobreix <a href=\"https:\/\/www.google.es\/intl\/es\/policies\/technologies\/cookies\/\">com Google utilitza aquestes galetes<\/a> .<\/p>\n\n<p>Podeu utilitzar la <a href=\"https:\/\/www.google.com\/ads\/preferences\/?hl=es\">configuraci\u00f3 d&#8217;anuncis<\/a> per administrar els anuncis de Google que se us mostren i indicar que no es mostrin anuncis basats en els vostres interessos. Encara que decidiu no rebre aquest tipus d&#8217;anuncis, podeu continuar apareixent en funci\u00f3 de factors com ara la vostra ubicaci\u00f3 general derivada de l&#8217;adre\u00e7a IP, el tipus de navegador i les cerques recents i anteriors relacionades amb la vostra cerca actual. Si vols obtenir m\u00e9s informaci\u00f3 sobre aquesta pr\u00e0ctica i con\u00e8ixer les seves opcions per impedir que aquestes empreses facin servir aquesta informaci\u00f3, <a href=\"https:\/\/www.google.es\/policies\/privacy\">fes clic aqu\u00ed<\/a> .<\/p>\n\n<p><strong>Navegaci\u00f3<\/strong><\/p>\n\n<p>En navegar per <a href=\"https:\/\/willysplan.com\/ca\">https:\/\/willysplan.com<\/a> es poden recollir dades no identificables, que poden incloure, adreces IP, ubicaci\u00f3 geogr\u00e0fica (aproximadament), un registre de com sutilitzen els serveis i llocs, i altres dades que no poden ser utilitzats per identificar l&#8217;usuari. Entre les dades no identificatives hi ha tamb\u00e9 les relacionades amb els teus h\u00e0bits de navegaci\u00f3 a trav\u00e9s de serveis de tercers. Aquest web utilitza els seg\u00fcents serveis d&#8217;an\u00e0lisi de tercers:<\/p>\n\n<ul class=\"wp-block-list\"><li>Jetpack<\/li><li>Google analytics<\/li><\/ul>\n<p>Faig servir aquesta informaci\u00f3 per analitzar tend\u00e8ncies, administrar el lloc, rastrejar els moviments dels usuaris al voltant del lloc i per recopilar informaci\u00f3 demogr\u00e0fica sobre la meva base d&#8217;usuaris en conjunt.<\/p>\n\n<p><strong>Secret i seguretat de les dades<\/strong><\/p>\n\n<p><a href=\"https:\/\/willysplan.com\/ca\">https:\/\/willysplan.com<\/a> es compromet en l&#8217;\u00fas i el tractament de les dades incloses personals dels usuaris, respectant la seva confidencialitat ia utilitzar-les d&#8217;acord amb la finalitat del mateix, aix\u00ed com a donar compliment a la seva obligaci\u00f3 de guardar-les i adaptar totes les mesures per evitar l&#8217;alteraci\u00f3, p\u00e8rdua , tractament o acc\u00e9s no autoritzat, de conformitat amb el que estableix la normativa vigent de protecci\u00f3 de dades.<\/p>\n\n<p>Aquest web inclou un certificat SSL. Es tracta d&#8217;un protocol de seguretat que fa que les vostres dades viatgin de manera \u00edntegra i segura, \u00e9s a dir, la transmissi\u00f3 de les dades entre un servidor i usuari web, i en retroalimentaci\u00f3, \u00e9s totalment xifrada o encriptada.<\/p>\n\n<p>https:\/\/willysplan.com no pot garantir l&#8217;absoluta inexpugnabilitat de la xarxa Internet i per tant la violaci\u00f3 de les dades mitjan\u00e7ant accessos fraudulents per part de tercers.<\/p>\n\n<p>Pel que fa a la confidencialitat del processament, Guillem Asensio s&#8217;assegurar\u00e0 que qualsevol persona que estigui autoritzada per Willysplan per processar les dades del client (incl\u00f2s el seu personal, col\u00b7laboradors i prestadors), estar\u00e0 sota l&#8217;obligaci\u00f3 apropiada de confidencialitat (ja sigui un deure contractual o legal).<\/p>\n\n<p>Quan es presenti algun incident de seguretat, en adonar-se Willysplan, ha de notificar al Client sense demores indegudes i ha de proporcionar informaci\u00f3 oportuna relacionada amb l&#8217;Incident de Seguretat tal com es conegui o quan el Client ho sol\u00b7liciti raonablement.<\/p>\n\n<p><strong>Exactitud i veracitat de les dades<\/strong><\/p>\n\n<p>Com a usuari, ets l&#8217;\u00fanic responsable de la veracitat i correcci\u00f3 de les dades que remetis a https:\/\/willysplan.com exonerant Guillem Asensio (Willysplan), de qualsevol responsabilitat al respecte.<\/p>\n\n<p>Els usuaris garanteixen i responen, en qualsevol cas, de l&#8217;exactitud, vig\u00e8ncia i autenticitat de les dades personals facilitades, i es comprometen a mantenir-les degudament actualitzades. L&#8217;usuari accepta proporcionar informaci\u00f3 completa i correcta al formulari de contacte o subscripci\u00f3.<\/p>\n\n<p><strong>Acceptaci\u00f3 i consentiment<\/strong><\/p>\n\n<p>L&#8217;usuari declara haver estat informat de les condicions sobre protecci\u00f3 de dades de car\u00e0cter personal, acceptant i consentint-ne el tractament per part de Guillem Asensio (Willysplan) en la forma i per a les finalitats indicades en aquesta pol\u00edtica de privadesa.<\/p>\n\n<p><strong>Revocabilitat<\/strong><\/p>\n\n<p>El consentiment prestat, tant per al tractament com per a la cessi\u00f3 de les dades dels interessats, \u00e9s revocable en qualsevol moment comunicant-ho a Guillem Asensio (Willysplan) en els termes establerts en aquesta Pol\u00edtica per a l&#8217;exercici dels drets ARCO. Aquesta revocaci\u00f3 en cap cas no t\u00e9 car\u00e0cter retroactiu.<\/p>\n\n<p><strong>Canvis en la pol\u00edtica de privadesa<\/strong><\/p>\n\n<p>Guillem Asensio es reserva el dret a modificar aquesta pol\u00edtica per adaptar-la a novetats legislatives o jurisprudencials, aix\u00ed com a pr\u00e0ctiques de la ind\u00fastria. En aquests sup\u00f2sits, Guillem Asensio anunciar\u00e0 en aquesta p\u00e0gina els canvis introdu\u00efts amb una antelaci\u00f3 raonable a la seva posada en pr\u00e0ctica.<\/p>\n\n<p><strong>Correus comercials<\/strong><\/p>\n\n<p>D&#8217;acord amb la LSSICE, <a href=\"https:\/\/willysplan.com\/ca\">https:\/\/willysplan.com<\/a> no fa pr\u00e0ctiques de SPAM, per la qual cosa no envia correus comercials per via electr\u00f2nica que no hagin estat pr\u00e8viament sol\u00b7licitats o autoritzats per l&#8217;usuari. En conseq\u00fc\u00e8ncia, a cadascun dels formularis que hi ha al web, l&#8217;usuari t\u00e9 la possibilitat de donar el seu consentiment expr\u00e9s per rebre el butllet\u00ed, amb independ\u00e8ncia de la informaci\u00f3 comercial puntualment sol\u00b7licitada.<\/p>\n\n<p>Conformement al que disposa la Llei 34\/2002 de Serveis de la Societat de la Informaci\u00f3 i de comer\u00e7 electr\u00f2nic, <a href=\"https:\/\/willysplan.com\/ca\">https:\/\/willysplan.com<\/a> es compromet a no enviar comunicacions de car\u00e0cter comercial sense identificar-les degudament.<br\/><\/p>\n","protected":false},"excerpt":{"rendered":"<p>La teva privadesa \u00e9s important per a mi. En aquesta declaraci\u00f3 de privadesa t&#8217;explico quines dades personals recopilo dels meus usuaris i com les utilitzo. T&#8217;animo a llegir detingudament aquests termes abans de facilitar les dades personals en aquesta web. Els majors de tretze anys podran registrar-se a https:www.\/\/willysplan.com com a usuaris sense el consentiment&hellip;&nbsp;<a href=\"https:\/\/www.willysplan.com\/ca\/politica-de-privadesa\" rel=\"bookmark\">Llegiu m\u00e9s &raquo;<span class=\"screen-reader-text\">Pol\u00edtica de Privadesa<\/span><\/a><\/p>\n","protected":false},"author":1,"featured_media":0,"parent":0,"menu_order":0,"comment_status":"closed","ping_status":"closed","template":"","meta":{"neve_meta_sidebar":"","neve_meta_container":"","neve_meta_enable_content_width":"","neve_meta_content_width":0,"neve_meta_title_alignment":"","neve_meta_author_avatar":"","neve_post_elements_order":"","neve_meta_disable_header":"","neve_meta_disable_footer":"","neve_meta_disable_title":"","_joinchat":[],"footnotes":""},"class_list":["post-15557","page","type-page","status-publish","hentry"],"yoast_head":"<!-- This site is optimized with the Yoast SEO Premium plugin v20.1 (Yoast SEO v26.9) - https:\/\/yoast.com\/product\/yoast-seo-premium-wordpress\/ -->\n<title>Pol\u00edtica de Privadesa - Willy&#039;s Plan \ud83c\udf43<\/title>\n<meta name=\"robots\" content=\"noindex, nofollow\" \/>\n<meta property=\"og:locale\" content=\"ca_ES\" \/>\n<meta property=\"og:type\" content=\"article\" \/>\n<meta property=\"og:title\" content=\"Pol\u00edtica de Privadesa\" \/>\n<meta property=\"og:description\" content=\"La teva privadesa \u00e9s important per a mi. En aquesta declaraci\u00f3 de privadesa t&#8217;explico quines dades personals recopilo dels meus usuaris i com les utilitzo. T&#8217;animo a llegir detingudament aquests termes abans de facilitar les dades personals en aquesta web. Els majors de tretze anys podran registrar-se a https:www.\/\/willysplan.com com a usuaris sense el consentiment&hellip;&nbsp;Llegiu m\u00e9s &raquo;Pol\u00edtica de Privadesa\" \/>\n<meta property=\"og:url\" content=\"https:\/\/www.willysplan.com\/politica-de-privacidad\" \/>\n<meta property=\"og:site_name\" content=\"Willy&#039;s Plan \ud83c\udf43\" \/>\n<meta property=\"article:modified_time\" content=\"2023-01-03T20:08:48+00:00\" \/>\n<meta name=\"twitter:card\" content=\"summary_large_image\" \/>\n<meta name=\"twitter:label1\" content=\"Temps estimat de lectura\" \/>\n\t<meta name=\"twitter:data1\" content=\"16 minuts\" \/>\n<script type=\"application\/ld+json\" class=\"yoast-schema-graph\">{\"@context\":\"https:\/\/schema.org\",\"@graph\":[{\"@type\":\"WebPage\",\"@id\":\"https:\/\/www.willysplan.com\/politica-de-privacidad\",\"url\":\"https:\/\/www.willysplan.com\/politica-de-privacidad\",\"name\":\"Pol\u00edtica de Privadesa - Willy&#039;s Plan \ud83c\udf43\",\"isPartOf\":{\"@id\":\"https:\/\/www.willysplan.com\/#website\"},\"datePublished\":\"2020-04-17T17:57:17+00:00\",\"dateModified\":\"2023-01-03T20:08:48+00:00\",\"inLanguage\":\"ca\",\"potentialAction\":[{\"@type\":\"ReadAction\",\"target\":[\"https:\/\/www.willysplan.com\/politica-de-privacidad\"]}]},{\"@type\":\"WebSite\",\"@id\":\"https:\/\/www.willysplan.com\/#website\",\"url\":\"https:\/\/www.willysplan.com\/\",\"name\":\"Willy&#039;s Plan \ud83c\udf43\",\"description\":\"Escapadas y Planes de fin de semana\",\"publisher\":{\"@id\":\"https:\/\/www.willysplan.com\/#organization\"},\"potentialAction\":[{\"@type\":\"SearchAction\",\"target\":{\"@type\":\"EntryPoint\",\"urlTemplate\":\"https:\/\/www.willysplan.com\/?s={search_term_string}\"},\"query-input\":{\"@type\":\"PropertyValueSpecification\",\"valueRequired\":true,\"valueName\":\"search_term_string\"}}],\"inLanguage\":\"ca\"},{\"@type\":\"Organization\",\"@id\":\"https:\/\/www.willysplan.com\/#organization\",\"name\":\"Willy&#039;s Plan \ud83c\udf43\",\"url\":\"https:\/\/www.willysplan.com\/\",\"logo\":{\"@type\":\"ImageObject\",\"inLanguage\":\"ca\",\"@id\":\"https:\/\/www.willysplan.com\/#\/schema\/logo\/image\/\",\"url\":\"https:\/\/www.willysplan.com\/wp-content\/uploads\/2020\/04\/cropped-logo-1.png\",\"contentUrl\":\"https:\/\/www.willysplan.com\/wp-content\/uploads\/2020\/04\/cropped-logo-1.png\",\"width\":332,\"height\":332,\"caption\":\"Willy&#039;s Plan \ud83c\udf43\"},\"image\":{\"@id\":\"https:\/\/www.willysplan.com\/#\/schema\/logo\/image\/\"}}]}<\/script>\n<!-- \/ Yoast SEO Premium plugin. -->","yoast_head_json":{"title":"Pol\u00edtica de Privadesa - Willy&#039;s Plan \ud83c\udf43","robots":{"index":"noindex","follow":"nofollow"},"og_locale":"ca_ES","og_type":"article","og_title":"Pol\u00edtica de Privadesa","og_description":"La teva privadesa \u00e9s important per a mi. En aquesta declaraci\u00f3 de privadesa t&#8217;explico quines dades personals recopilo dels meus usuaris i com les utilitzo. T&#8217;animo a llegir detingudament aquests termes abans de facilitar les dades personals en aquesta web. Els majors de tretze anys podran registrar-se a https:www.\/\/willysplan.com com a usuaris sense el consentiment&hellip;&nbsp;Llegiu m\u00e9s &raquo;Pol\u00edtica de Privadesa","og_url":"https:\/\/www.willysplan.com\/politica-de-privacidad","og_site_name":"Willy&#039;s Plan \ud83c\udf43","article_modified_time":"2023-01-03T20:08:48+00:00","twitter_card":"summary_large_image","twitter_misc":{"Temps estimat de lectura":"16 minuts"},"schema":{"@context":"https:\/\/schema.org","@graph":[{"@type":"WebPage","@id":"https:\/\/www.willysplan.com\/politica-de-privacidad","url":"https:\/\/www.willysplan.com\/politica-de-privacidad","name":"Pol\u00edtica de Privadesa - Willy&#039;s Plan \ud83c\udf43","isPartOf":{"@id":"https:\/\/www.willysplan.com\/#website"},"datePublished":"2020-04-17T17:57:17+00:00","dateModified":"2023-01-03T20:08:48+00:00","inLanguage":"ca","potentialAction":[{"@type":"ReadAction","target":["https:\/\/www.willysplan.com\/politica-de-privacidad"]}]},{"@type":"WebSite","@id":"https:\/\/www.willysplan.com\/#website","url":"https:\/\/www.willysplan.com\/","name":"Willy&#039;s Plan \ud83c\udf43","description":"Escapadas y Planes de fin de semana","publisher":{"@id":"https:\/\/www.willysplan.com\/#organization"},"potentialAction":[{"@type":"SearchAction","target":{"@type":"EntryPoint","urlTemplate":"https:\/\/www.willysplan.com\/?s={search_term_string}"},"query-input":{"@type":"PropertyValueSpecification","valueRequired":true,"valueName":"search_term_string"}}],"inLanguage":"ca"},{"@type":"Organization","@id":"https:\/\/www.willysplan.com\/#organization","name":"Willy&#039;s Plan \ud83c\udf43","url":"https:\/\/www.willysplan.com\/","logo":{"@type":"ImageObject","inLanguage":"ca","@id":"https:\/\/www.willysplan.com\/#\/schema\/logo\/image\/","url":"https:\/\/www.willysplan.com\/wp-content\/uploads\/2020\/04\/cropped-logo-1.png","contentUrl":"https:\/\/www.willysplan.com\/wp-content\/uploads\/2020\/04\/cropped-logo-1.png","width":332,"height":332,"caption":"Willy&#039;s Plan \ud83c\udf43"},"image":{"@id":"https:\/\/www.willysplan.com\/#\/schema\/logo\/image\/"}}]}},"_links":{"self":[{"href":"https:\/\/www.willysplan.com\/ca\/wp-json\/wp\/v2\/pages\/15557","targetHints":{"allow":["GET"]}}],"collection":[{"href":"https:\/\/www.willysplan.com\/ca\/wp-json\/wp\/v2\/pages"}],"about":[{"href":"https:\/\/www.willysplan.com\/ca\/wp-json\/wp\/v2\/types\/page"}],"author":[{"embeddable":true,"href":"https:\/\/www.willysplan.com\/ca\/wp-json\/wp\/v2\/users\/1"}],"replies":[{"embeddable":true,"href":"https:\/\/www.willysplan.com\/ca\/wp-json\/wp\/v2\/comments?post=15557"}],"version-history":[{"count":2,"href":"https:\/\/www.willysplan.com\/ca\/wp-json\/wp\/v2\/pages\/15557\/revisions"}],"predecessor-version":[{"id":15570,"href":"https:\/\/www.willysplan.com\/ca\/wp-json\/wp\/v2\/pages\/15557\/revisions\/15570"}],"wp:attachment":[{"href":"https:\/\/www.willysplan.com\/ca\/wp-json\/wp\/v2\/media?parent=15557"}],"curies":[{"name":"wp","href":"https:\/\/api.w.org\/{rel}","templated":true}]}}