{"id":15537,"date":"2020-04-12T22:09:53","date_gmt":"2020-04-12T21:09:53","guid":{"rendered":"https:\/\/willysplan.com\/rutes-i-excursions"},"modified":"2023-04-14T06:41:39","modified_gmt":"2023-04-14T05:41:39","slug":"rutes-i-excursions","status":"publish","type":"page","link":"https:\/\/www.willysplan.com\/ca\/rutes-i-excursions","title":{"rendered":"Rutes i excursions"},"content":{"rendered":"\t\t<div data-elementor-type=\"wp-page\" data-elementor-id=\"15537\" class=\"elementor elementor-15537 elementor-572\" data-elementor-post-type=\"page\">\n\t\t\t\t\t\t<section class=\"elementor-section elementor-top-section elementor-element elementor-element-f8f11d9 elementor-section-boxed elementor-section-height-default elementor-section-height-default\" data-id=\"f8f11d9\" data-element_type=\"section\">\n\t\t\t\t\t\t<div class=\"elementor-container elementor-column-gap-default\">\n\t\t\t\t\t<div class=\"elementor-column elementor-col-100 elementor-top-column elementor-element elementor-element-a45385f\" data-id=\"a45385f\" data-element_type=\"column\">\n\t\t\t<div class=\"elementor-widget-wrap elementor-element-populated\">\n\t\t\t\t\t\t<div class=\"elementor-element elementor-element-bd3e3fc elementor-widget elementor-widget-text-editor\" data-id=\"bd3e3fc\" data-element_type=\"widget\" data-widget_type=\"text-editor.default\">\n\t\t\t\t<div class=\"elementor-widget-container\">\n\t\t\t\t\t\t\t\t\t<p>Benvingut a les millors excursions, rutes amb cotxe, i rutes de senderisme per Catalunya i les Illes Balears. Dues zones geogr\u00e0fiques que al llarg del temps han compartit molta hist\u00f2ria i cultura: D&#8217;aqu\u00ed que a les dues regions es parli un idioma molt semblant entre ells: catal\u00e0, mallorqu\u00ed, menorqu\u00ed i eivissenc. Al llarg d&#8217;aquesta p\u00e0gina, trobar\u00e0s moltes idees perqu\u00e8 puguis passar un dia o cap de setmana original amb la fam\u00edlia, parella, amics o sol.<\/p>\n<p>Est\u00e0s a punt per descobrir-les?<\/p>\n\t\t\t\t\t\t\t\t<\/div>\n\t\t\t\t<\/div>\n\t\t\t\t\t<\/div>\n\t\t<\/div>\n\t\t\t\t\t<\/div>\n\t\t<\/section>\n\t\t\t\t<section class=\"elementor-section elementor-top-section elementor-element elementor-element-c73954e elementor-section-boxed elementor-section-height-default elementor-section-height-default\" data-id=\"c73954e\" data-element_type=\"section\">\n\t\t\t\t\t\t<div class=\"elementor-container elementor-column-gap-default\">\n\t\t\t\t\t<div class=\"elementor-column elementor-col-100 elementor-top-column elementor-element elementor-element-612822c\" data-id=\"612822c\" data-element_type=\"column\">\n\t\t\t<div class=\"elementor-widget-wrap elementor-element-populated\">\n\t\t\t\t\t\t<div class=\"elementor-element elementor-element-6d4123d elementor-widget elementor-widget-heading\" data-id=\"6d4123d\" data-element_type=\"widget\" data-widget_type=\"heading.default\">\n\t\t\t\t<div class=\"elementor-widget-container\">\n\t\t\t\t\t<h2 class=\"elementor-heading-title elementor-size-default\">Rutes i excursions per Catalunya<\/h2>\t\t\t\t<\/div>\n\t\t\t\t<\/div>\n\t\t\t\t\t<\/div>\n\t\t<\/div>\n\t\t\t\t\t<\/div>\n\t\t<\/section>\n\t\t\t\t<section class=\"elementor-section elementor-top-section elementor-element elementor-element-879467b elementor-section-boxed elementor-section-height-default elementor-section-height-default\" data-id=\"879467b\" data-element_type=\"section\">\n\t\t\t\t\t\t<div class=\"elementor-container elementor-column-gap-default\">\n\t\t\t\t\t<div class=\"elementor-column elementor-col-100 elementor-top-column elementor-element elementor-element-1a16bfe\" data-id=\"1a16bfe\" data-element_type=\"column\">\n\t\t\t<div class=\"elementor-widget-wrap elementor-element-populated\">\n\t\t\t\t\t\t<div class=\"elementor-element elementor-element-8b556c2 elementor-widget elementor-widget-text-editor\" data-id=\"8b556c2\" data-element_type=\"widget\" data-widget_type=\"text-editor.default\">\n\t\t\t\t<div class=\"elementor-widget-container\">\n\t\t\t\t\t\t\t\t\t<p>Atreveix-te a explorar les m\u00e9s de 50 rutes i excursions que hem dissenyat acuradament per a tu. Aquestes, estan pensades perqu\u00e8 la puguin fer des dels m\u00e9s petits fins als m\u00e9s grans de la fam\u00edlia: M\u00e9s de 32.000 km2 us esperen per ser descoberts, aix\u00ed com molts llocs que potser ni coneixies. Hem volgut segmentar per prov\u00edncies, comarques, pobles i rutes, totes les excursions i plans diferents que pots dur a terme a les terres catalanes.<\/p>\n\t\t\t\t\t\t\t\t<\/div>\n\t\t\t\t<\/div>\n\t\t\t\t\t<\/div>\n\t\t<\/div>\n\t\t\t\t\t<\/div>\n\t\t<\/section>\n\t\t\t\t<section class=\"elementor-section elementor-top-section elementor-element elementor-element-e3760b7 elementor-section-boxed elementor-section-height-default elementor-section-height-default\" data-id=\"e3760b7\" data-element_type=\"section\">\n\t\t\t\t\t\t<div class=\"elementor-container elementor-column-gap-default\">\n\t\t\t\t\t<div class=\"elementor-column elementor-col-100 elementor-top-column elementor-element elementor-element-17184e0\" data-id=\"17184e0\" data-element_type=\"column\">\n\t\t\t<div class=\"elementor-widget-wrap elementor-element-populated\">\n\t\t\t\t\t\t<div class=\"elementor-element elementor-element-95e080b elementor-grid-3 elementor-grid-tablet-2 elementor-grid-mobile-1 elementor-posts--thumbnail-top elementor-card-shadow-yes elementor-posts__hover-gradient elementor-widget elementor-widget-posts\" data-id=\"95e080b\" data-element_type=\"widget\" data-settings=\"{&quot;cards_columns&quot;:&quot;3&quot;,&quot;cards_columns_tablet&quot;:&quot;2&quot;,&quot;cards_columns_mobile&quot;:&quot;1&quot;,&quot;cards_row_gap&quot;:{&quot;unit&quot;:&quot;px&quot;,&quot;size&quot;:35,&quot;sizes&quot;:[]},&quot;cards_row_gap_tablet&quot;:{&quot;unit&quot;:&quot;px&quot;,&quot;size&quot;:&quot;&quot;,&quot;sizes&quot;:[]},&quot;cards_row_gap_mobile&quot;:{&quot;unit&quot;:&quot;px&quot;,&quot;size&quot;:&quot;&quot;,&quot;sizes&quot;:[]}}\" data-widget_type=\"posts.cards\">\n\t\t\t\t<div class=\"elementor-widget-container\">\n\t\t\t\t\t\t\t<div class=\"elementor-posts-container elementor-posts elementor-posts--skin-cards elementor-grid\" role=\"list\">\n\t\t\t\t<article class=\"elementor-post elementor-grid-item post-23826 post type-post status-publish format-standard has-post-thumbnail hentry category-idees tag-ideas\" role=\"listitem\">\n\t\t\t<div class=\"elementor-post__card\">\n\t\t\t\t<a class=\"elementor-post__thumbnail__link\" href=\"https:\/\/www.willysplan.com\/ca\/idees\/que-veure-i-que-fer-al-barri-gotic-de-barcelona\" tabindex=\"-1\" ><div class=\"elementor-post__thumbnail\"><img fetchpriority=\"high\" decoding=\"async\" width=\"300\" height=\"200\" src=\"https:\/\/www.willysplan.com\/wp-content\/uploads\/2022\/06\/barrio-gotico-noche-300x200.webp\" class=\"attachment-medium size-medium wp-image-14911\" alt=\"barrio-gotico-noche\" srcset=\"https:\/\/www.willysplan.com\/wp-content\/uploads\/2022\/06\/barrio-gotico-noche-300x200.webp 300w, https:\/\/www.willysplan.com\/wp-content\/uploads\/2022\/06\/barrio-gotico-noche-768x513.webp 768w, https:\/\/www.willysplan.com\/wp-content\/uploads\/2022\/06\/barrio-gotico-noche-600x401.webp 600w, https:\/\/www.willysplan.com\/wp-content\/uploads\/2022\/06\/barrio-gotico-noche.webp 780w\" sizes=\"(max-width: 300px) 100vw, 300px\" \/><\/div><\/a>\n\t\t\t\t<div class=\"elementor-post__badge\">Idees<\/div>\n\t\t\t\t<div class=\"elementor-post__text\">\n\t\t\t\t<h3 class=\"elementor-post__title\">\n\t\t\t<a href=\"https:\/\/www.willysplan.com\/ca\/idees\/que-veure-i-que-fer-al-barri-gotic-de-barcelona\" >\n\t\t\t\tQu\u00e8 veure i qu\u00e8 fer al Barri G\u00f2tic de Barcelona\t\t\t<\/a>\n\t\t<\/h3>\n\t\t\t\t<div class=\"elementor-post__excerpt\">\n\t\t\t<p>\u00bfDe picnic en Barcelona? Descubre aqu\u00ed los mejores merenderos en Barcelona y las mejores zonas de picnic en Barcelona \u2705<\/p>\n\t\t<\/div>\n\t\t\t\t<\/div>\n\t\t\t\t<div class=\"elementor-post__meta-data\">\n\t\t\t\t\t<span class=\"elementor-post-date\">\n\t\t\t10\/07\/2024\t\t<\/span>\n\t\t\t\t<span class=\"elementor-post-avatar\">\n\t\t\tNo hi ha comentaris\t\t<\/span>\n\t\t\t\t<\/div>\n\t\t\t\t\t<\/div>\n\t\t<\/article>\n\t\t\t\t<article class=\"elementor-post elementor-grid-item post-23778 post type-post status-publish format-standard has-post-thumbnail hentry category-idees tag-blog-barcelona tag-ideas\" role=\"listitem\">\n\t\t\t<div class=\"elementor-post__card\">\n\t\t\t\t<a class=\"elementor-post__thumbnail__link\" href=\"https:\/\/www.willysplan.com\/ca\/idees\/historia-de-la-barceloneta-que-veure-i-que-fer\" tabindex=\"-1\" ><div class=\"elementor-post__thumbnail\"><img decoding=\"async\" width=\"300\" height=\"200\" src=\"https:\/\/www.willysplan.com\/wp-content\/uploads\/2024\/07\/lp7jhwnxz50-300x200.jpg\" class=\"attachment-medium size-medium wp-image-23584\" alt=\"barceloneta\" srcset=\"https:\/\/www.willysplan.com\/wp-content\/uploads\/2024\/07\/lp7jhwnxz50-300x200.jpg 300w, https:\/\/www.willysplan.com\/wp-content\/uploads\/2024\/07\/lp7jhwnxz50-1024x683.jpg 1024w, https:\/\/www.willysplan.com\/wp-content\/uploads\/2024\/07\/lp7jhwnxz50-768x512.jpg 768w, https:\/\/www.willysplan.com\/wp-content\/uploads\/2024\/07\/lp7jhwnxz50-1536x1024.jpg 1536w, https:\/\/www.willysplan.com\/wp-content\/uploads\/2024\/07\/lp7jhwnxz50-930x620.jpg 930w, https:\/\/www.willysplan.com\/wp-content\/uploads\/2024\/07\/lp7jhwnxz50-600x400.jpg 600w, https:\/\/www.willysplan.com\/wp-content\/uploads\/2024\/07\/lp7jhwnxz50.jpg 1600w\" sizes=\"(max-width: 300px) 100vw, 300px\" \/><\/div><\/a>\n\t\t\t\t<div class=\"elementor-post__badge\">Idees<\/div>\n\t\t\t\t<div class=\"elementor-post__text\">\n\t\t\t\t<h3 class=\"elementor-post__title\">\n\t\t\t<a href=\"https:\/\/www.willysplan.com\/ca\/idees\/historia-de-la-barceloneta-que-veure-i-que-fer\" >\n\t\t\t\tHist\u00f2ria de La Barceloneta: Qu\u00e8 veure i qu\u00e8 fer\t\t\t<\/a>\n\t\t<\/h3>\n\t\t\t\t<div class=\"elementor-post__excerpt\">\n\t\t\t<p>Coneixes la hist\u00f2ria de La Barceloneta? Saps per qu\u00e8 se&#8217;n diu el barri pescador de Barcelona? Coneixes els seus principals atractius tur\u00edstics? Nosaltres t&#8217;ho expliquem!<\/p>\n\t\t<\/div>\n\t\t\t\t<\/div>\n\t\t\t\t<div class=\"elementor-post__meta-data\">\n\t\t\t\t\t<span class=\"elementor-post-date\">\n\t\t\t10\/07\/2024\t\t<\/span>\n\t\t\t\t<span class=\"elementor-post-avatar\">\n\t\t\tNo hi ha comentaris\t\t<\/span>\n\t\t\t\t<\/div>\n\t\t\t\t\t<\/div>\n\t\t<\/article>\n\t\t\t\t<article class=\"elementor-post elementor-grid-item post-23735 post type-post status-publish format-standard has-post-thumbnail hentry category-idees tag-blog-barcelona tag-ideas\" role=\"listitem\">\n\t\t\t<div class=\"elementor-post__card\">\n\t\t\t\t<a class=\"elementor-post__thumbnail__link\" href=\"https:\/\/www.willysplan.com\/ca\/idees\/tours-i-rutes-per-coneixer-la-guerra-civil-espanyola-a-barcelona\" tabindex=\"-1\" ><div class=\"elementor-post__thumbnail\"><img decoding=\"async\" width=\"300\" height=\"177\" src=\"https:\/\/www.willysplan.com\/wp-content\/uploads\/2023\/04\/placa-felip-neri-300x177.jpg\" class=\"attachment-medium size-medium wp-image-17875\" alt=\"pla\u00e7a felip neri\" srcset=\"https:\/\/www.willysplan.com\/wp-content\/uploads\/2023\/04\/placa-felip-neri-300x177.jpg 300w, https:\/\/www.willysplan.com\/wp-content\/uploads\/2023\/04\/placa-felip-neri-1024x603.jpg 1024w, https:\/\/www.willysplan.com\/wp-content\/uploads\/2023\/04\/placa-felip-neri-768x452.jpg 768w, https:\/\/www.willysplan.com\/wp-content\/uploads\/2023\/04\/placa-felip-neri-600x353.jpg 600w, https:\/\/www.willysplan.com\/wp-content\/uploads\/2023\/04\/placa-felip-neri.jpg 1262w\" sizes=\"(max-width: 300px) 100vw, 300px\" \/><\/div><\/a>\n\t\t\t\t<div class=\"elementor-post__badge\">Idees<\/div>\n\t\t\t\t<div class=\"elementor-post__text\">\n\t\t\t\t<h3 class=\"elementor-post__title\">\n\t\t\t<a href=\"https:\/\/www.willysplan.com\/ca\/idees\/tours-i-rutes-per-coneixer-la-guerra-civil-espanyola-a-barcelona\" >\n\t\t\t\tTours i rutes per con\u00e8ixer la guerra civil espanyola a Barcelona\t\t\t<\/a>\n\t\t<\/h3>\n\t\t\t\t<div class=\"elementor-post__excerpt\">\n\t\t\t<p>Saps qu\u00e8 va passar durant la guerra civil espanyola a Barcelona? Coneixes quines van ser les repercussions d&#8217;aquest conflicte? T&#8217;ho expliquem des del respecte perqu\u00e8<\/p>\n\t\t<\/div>\n\t\t\t\t<\/div>\n\t\t\t\t<div class=\"elementor-post__meta-data\">\n\t\t\t\t\t<span class=\"elementor-post-date\">\n\t\t\t09\/07\/2024\t\t<\/span>\n\t\t\t\t<span class=\"elementor-post-avatar\">\n\t\t\tNo hi ha comentaris\t\t<\/span>\n\t\t\t\t<\/div>\n\t\t\t\t\t<\/div>\n\t\t<\/article>\n\t\t\t\t<article class=\"elementor-post elementor-grid-item post-23654 post type-post status-publish format-standard has-post-thumbnail hentry category-idees tag-blog-barcelona tag-ideas\" role=\"listitem\">\n\t\t\t<div class=\"elementor-post__card\">\n\t\t\t\t<a class=\"elementor-post__thumbnail__link\" href=\"https:\/\/www.willysplan.com\/ca\/idees\/modernisme-a-barcelona-ruta-modernista-a-barcelona\" tabindex=\"-1\" ><div class=\"elementor-post__thumbnail\"><img loading=\"lazy\" decoding=\"async\" width=\"300\" height=\"200\" src=\"https:\/\/www.willysplan.com\/wp-content\/uploads\/2024\/07\/wljtoupox_u-300x200.jpg\" class=\"attachment-medium size-medium wp-image-23595\" alt=\"sagrada familia\" srcset=\"https:\/\/www.willysplan.com\/wp-content\/uploads\/2024\/07\/wljtoupox_u-300x200.jpg 300w, https:\/\/www.willysplan.com\/wp-content\/uploads\/2024\/07\/wljtoupox_u-1024x683.jpg 1024w, https:\/\/www.willysplan.com\/wp-content\/uploads\/2024\/07\/wljtoupox_u-768x512.jpg 768w, https:\/\/www.willysplan.com\/wp-content\/uploads\/2024\/07\/wljtoupox_u-1536x1024.jpg 1536w, https:\/\/www.willysplan.com\/wp-content\/uploads\/2024\/07\/wljtoupox_u-930x620.jpg 930w, https:\/\/www.willysplan.com\/wp-content\/uploads\/2024\/07\/wljtoupox_u-600x400.jpg 600w, https:\/\/www.willysplan.com\/wp-content\/uploads\/2024\/07\/wljtoupox_u.jpg 1600w\" sizes=\"(max-width: 300px) 100vw, 300px\" \/><\/div><\/a>\n\t\t\t\t<div class=\"elementor-post__badge\">Idees<\/div>\n\t\t\t\t<div class=\"elementor-post__text\">\n\t\t\t\t<h3 class=\"elementor-post__title\">\n\t\t\t<a href=\"https:\/\/www.willysplan.com\/ca\/idees\/modernisme-a-barcelona-ruta-modernista-a-barcelona\" >\n\t\t\t\tModernisme a Barcelona: Ruta modernista a Barcelona\t\t\t<\/a>\n\t\t<\/h3>\n\t\t\t\t<div class=\"elementor-post__excerpt\">\n\t\t\t<p>Coneixes quins s\u00f3n els edificis m\u00e9s importants del modernisme a Barcelona? Nosaltres te&#8217;ls desvetllem! Un dels atractius principals de la ciutat de Barcelona \u00e9s l&#8217;arquitectura<\/p>\n\t\t<\/div>\n\t\t\t\t<\/div>\n\t\t\t\t<div class=\"elementor-post__meta-data\">\n\t\t\t\t\t<span class=\"elementor-post-date\">\n\t\t\t07\/07\/2024\t\t<\/span>\n\t\t\t\t<span class=\"elementor-post-avatar\">\n\t\t\tNo hi ha comentaris\t\t<\/span>\n\t\t\t\t<\/div>\n\t\t\t\t\t<\/div>\n\t\t<\/article>\n\t\t\t\t<article class=\"elementor-post elementor-grid-item post-23535 post type-post status-publish format-standard has-post-thumbnail hentry category-idees tag-idees\" role=\"listitem\">\n\t\t\t<div class=\"elementor-post__card\">\n\t\t\t\t<a class=\"elementor-post__thumbnail__link\" href=\"https:\/\/www.willysplan.com\/ca\/idees\/10-plans-romantics-per-fer-amb-la-teva-parella-en-barcelona\" tabindex=\"-1\" ><div class=\"elementor-post__thumbnail\"><img loading=\"lazy\" decoding=\"async\" width=\"300\" height=\"200\" src=\"https:\/\/www.willysplan.com\/wp-content\/uploads\/2024\/06\/ryl1rxj2kmm-300x200.jpg\" class=\"attachment-medium size-medium wp-image-23502\" alt=\"planes romanticos en pareja en Barcelona\" srcset=\"https:\/\/www.willysplan.com\/wp-content\/uploads\/2024\/06\/ryl1rxj2kmm-300x200.jpg 300w, https:\/\/www.willysplan.com\/wp-content\/uploads\/2024\/06\/ryl1rxj2kmm-1024x683.jpg 1024w, https:\/\/www.willysplan.com\/wp-content\/uploads\/2024\/06\/ryl1rxj2kmm-768x512.jpg 768w, https:\/\/www.willysplan.com\/wp-content\/uploads\/2024\/06\/ryl1rxj2kmm-1536x1024.jpg 1536w, https:\/\/www.willysplan.com\/wp-content\/uploads\/2024\/06\/ryl1rxj2kmm-930x620.jpg 930w, https:\/\/www.willysplan.com\/wp-content\/uploads\/2024\/06\/ryl1rxj2kmm-600x400.jpg 600w, https:\/\/www.willysplan.com\/wp-content\/uploads\/2024\/06\/ryl1rxj2kmm.jpg 1600w\" sizes=\"(max-width: 300px) 100vw, 300px\" \/><\/div><\/a>\n\t\t\t\t<div class=\"elementor-post__badge\">Idees<\/div>\n\t\t\t\t<div class=\"elementor-post__text\">\n\t\t\t\t<h3 class=\"elementor-post__title\">\n\t\t\t<a href=\"https:\/\/www.willysplan.com\/ca\/idees\/10-plans-romantics-per-fer-amb-la-teva-parella-en-barcelona\" >\n\t\t\t\t10 Plans rom\u00e0ntics per fer amb la teva parella a Barcelona\t\t\t<\/a>\n\t\t<\/h3>\n\t\t\t\t<div class=\"elementor-post__excerpt\">\n\t\t\t<p>Est\u00e0s buscant els millors plans rom\u00e0ntics per fer amb la teva parella a Barcelona? Nosaltres us donem algunes opcions! Un dels millors secrets per enfortir<\/p>\n\t\t<\/div>\n\t\t\t\t<\/div>\n\t\t\t\t<div class=\"elementor-post__meta-data\">\n\t\t\t\t\t<span class=\"elementor-post-date\">\n\t\t\t12\/06\/2024\t\t<\/span>\n\t\t\t\t<span class=\"elementor-post-avatar\">\n\t\t\tNo hi ha comentaris\t\t<\/span>\n\t\t\t\t<\/div>\n\t\t\t\t\t<\/div>\n\t\t<\/article>\n\t\t\t\t<article class=\"elementor-post elementor-grid-item post-20231 post type-post status-publish format-standard has-post-thumbnail hentry category-idees tag-blog-barcelona tag-idees\" role=\"listitem\">\n\t\t\t<div class=\"elementor-post__card\">\n\t\t\t\t<a class=\"elementor-post__thumbnail__link\" href=\"https:\/\/www.willysplan.com\/ca\/idees\/els-11-millors-free-tours-de-barcelona\" tabindex=\"-1\" ><div class=\"elementor-post__thumbnail\"><img loading=\"lazy\" decoding=\"async\" width=\"300\" height=\"200\" src=\"https:\/\/www.willysplan.com\/wp-content\/uploads\/2022\/06\/casa-les-punxes-free-tour-modernista-bcn-300x200.webp\" class=\"attachment-medium size-medium wp-image-14855\" alt=\"\" srcset=\"https:\/\/www.willysplan.com\/wp-content\/uploads\/2022\/06\/casa-les-punxes-free-tour-modernista-bcn-300x200.webp 300w, https:\/\/www.willysplan.com\/wp-content\/uploads\/2022\/06\/casa-les-punxes-free-tour-modernista-bcn-768x513.webp 768w, https:\/\/www.willysplan.com\/wp-content\/uploads\/2022\/06\/casa-les-punxes-free-tour-modernista-bcn-600x401.webp 600w, https:\/\/www.willysplan.com\/wp-content\/uploads\/2022\/06\/casa-les-punxes-free-tour-modernista-bcn.webp 780w\" sizes=\"(max-width: 300px) 100vw, 300px\" \/><\/div><\/a>\n\t\t\t\t<div class=\"elementor-post__badge\">Idees<\/div>\n\t\t\t\t<div class=\"elementor-post__text\">\n\t\t\t\t<h3 class=\"elementor-post__title\">\n\t\t\t<a href=\"https:\/\/www.willysplan.com\/ca\/idees\/els-11-millors-free-tours-de-barcelona\" >\n\t\t\t\tEls 11 millors Free Tours a Barcelona\t\t\t<\/a>\n\t\t<\/h3>\n\t\t\t\t<div class=\"elementor-post__excerpt\">\n\t\t\t<p>Est\u00e0s buscant els millors Free Tours a Barcelona per con\u00e8ixer la Ciutat Comtal en profunditat? Doncs segueix llegint, perqu\u00e8 a continuaci\u00f3 et presentem totes les<\/p>\n\t\t<\/div>\n\t\t\t\t<\/div>\n\t\t\t\t<div class=\"elementor-post__meta-data\">\n\t\t\t\t\t<span class=\"elementor-post-date\">\n\t\t\t06\/04\/2024\t\t<\/span>\n\t\t\t\t<span class=\"elementor-post-avatar\">\n\t\t\tNo hi ha comentaris\t\t<\/span>\n\t\t\t\t<\/div>\n\t\t\t\t\t<\/div>\n\t\t<\/article>\n\t\t\t\t<\/div>\n\t\t\n\t\t\t\t\t\t<\/div>\n\t\t\t\t<\/div>\n\t\t\t\t<div class=\"elementor-element elementor-element-82be32e elementor-align-center elementor-widget elementor-widget-button\" data-id=\"82be32e\" data-element_type=\"widget\" data-widget_type=\"button.default\">\n\t\t\t\t<div class=\"elementor-widget-container\">\n\t\t\t\t\t\t\t\t\t<div class=\"elementor-button-wrapper\">\n\t\t\t\t\t<a class=\"elementor-button elementor-button-link elementor-size-sm\" href=\"https:\/\/www.willysplan.com\/ca\/rutes\/rutes-de-senderisme-i-excursions-per-catalunya\">\n\t\t\t\t\t\t<span class=\"elementor-button-content-wrapper\">\n\t\t\t\t\t\t\t\t\t<span class=\"elementor-button-text\">Rutes a Catalunya<\/span>\n\t\t\t\t\t<\/span>\n\t\t\t\t\t<\/a>\n\t\t\t\t<\/div>\n\t\t\t\t\t\t\t\t<\/div>\n\t\t\t\t<\/div>\n\t\t\t\t\t<\/div>\n\t\t<\/div>\n\t\t\t\t\t<\/div>\n\t\t<\/section>\n\t\t\t\t<section class=\"elementor-section elementor-top-section elementor-element elementor-element-2e98517 elementor-section-boxed elementor-section-height-default elementor-section-height-default\" data-id=\"2e98517\" data-element_type=\"section\">\n\t\t\t\t\t\t<div class=\"elementor-container elementor-column-gap-default\">\n\t\t\t\t\t<div class=\"elementor-column elementor-col-100 elementor-top-column elementor-element elementor-element-cfbdfad\" data-id=\"cfbdfad\" data-element_type=\"column\">\n\t\t\t<div class=\"elementor-widget-wrap elementor-element-populated\">\n\t\t\t\t\t\t<div class=\"elementor-element elementor-element-16886da elementor-widget elementor-widget-heading\" data-id=\"16886da\" data-element_type=\"widget\" data-widget_type=\"heading.default\">\n\t\t\t\t<div class=\"elementor-widget-container\">\n\t\t\t\t\t<h3 class=\"elementor-heading-title elementor-size-default\">Rutes i excursions per Barcelona<\/h3>\t\t\t\t<\/div>\n\t\t\t\t<\/div>\n\t\t\t\t\t<\/div>\n\t\t<\/div>\n\t\t\t\t\t<\/div>\n\t\t<\/section>\n\t\t\t\t<section class=\"elementor-section elementor-top-section elementor-element elementor-element-b452d5a elementor-section-boxed elementor-section-height-default elementor-section-height-default\" data-id=\"b452d5a\" data-element_type=\"section\">\n\t\t\t\t\t\t<div class=\"elementor-container elementor-column-gap-default\">\n\t\t\t\t\t<div class=\"elementor-column elementor-col-100 elementor-top-column elementor-element elementor-element-bbc036f\" data-id=\"bbc036f\" data-element_type=\"column\">\n\t\t\t<div class=\"elementor-widget-wrap elementor-element-populated\">\n\t\t\t\t\t\t<div class=\"elementor-element elementor-element-9e09872 elementor-widget elementor-widget-text-editor\" data-id=\"9e09872\" data-element_type=\"widget\" data-widget_type=\"text-editor.default\">\n\t\t\t\t<div class=\"elementor-widget-container\">\n\t\t\t\t\t\t\t\t\t<p>Potser la prov\u00edncia m\u00e9s coneguda entre tots els turistes, i on evidentment hi viu la major part de la poblaci\u00f3 de les terres catalanes: en efecte, estem parlant de la prov\u00edncia de Barcelona. <\/p>\n<p>Sent Barcelona ciutat la capital cosmopolita de Catalunya, i albergant avui m\u00e9s de 5 milions d&#8217;habitants, \u00e9s la que aconsegueix destacar per sobre de les altres per la seva arquitectura, monuments i innovaci\u00f3.<\/p>\n<p>T&#8217;esperen moltes rutes per descobrir a la prov\u00edncia de Barcelona que, de ben segur que no coneixies.<\/p>\n\t\t\t\t\t\t\t\t<\/div>\n\t\t\t\t<\/div>\n\t\t\t\t\t<\/div>\n\t\t<\/div>\n\t\t\t\t\t<\/div>\n\t\t<\/section>\n\t\t\t\t<section class=\"elementor-section elementor-top-section elementor-element elementor-element-82e5966 elementor-section-boxed elementor-section-height-default elementor-section-height-default\" data-id=\"82e5966\" data-element_type=\"section\">\n\t\t\t\t\t\t<div class=\"elementor-container elementor-column-gap-default\">\n\t\t\t\t\t<div class=\"elementor-column elementor-col-100 elementor-top-column elementor-element elementor-element-63c6d1b\" data-id=\"63c6d1b\" data-element_type=\"column\">\n\t\t\t<div class=\"elementor-widget-wrap elementor-element-populated\">\n\t\t\t\t\t\t<div class=\"elementor-element elementor-element-001b49c elementor-grid-3 elementor-grid-tablet-2 elementor-grid-mobile-1 elementor-posts--thumbnail-top elementor-card-shadow-yes elementor-posts__hover-gradient elementor-widget elementor-widget-posts\" data-id=\"001b49c\" data-element_type=\"widget\" data-settings=\"{&quot;cards_columns&quot;:&quot;3&quot;,&quot;cards_columns_tablet&quot;:&quot;2&quot;,&quot;cards_columns_mobile&quot;:&quot;1&quot;,&quot;cards_row_gap&quot;:{&quot;unit&quot;:&quot;px&quot;,&quot;size&quot;:35,&quot;sizes&quot;:[]},&quot;cards_row_gap_tablet&quot;:{&quot;unit&quot;:&quot;px&quot;,&quot;size&quot;:&quot;&quot;,&quot;sizes&quot;:[]},&quot;cards_row_gap_mobile&quot;:{&quot;unit&quot;:&quot;px&quot;,&quot;size&quot;:&quot;&quot;,&quot;sizes&quot;:[]}}\" data-widget_type=\"posts.cards\">\n\t\t\t\t<div class=\"elementor-widget-container\">\n\t\t\t\t\t\t\t<div class=\"elementor-posts-container elementor-posts elementor-posts--skin-cards elementor-grid\" role=\"list\">\n\t\t\t\t<article class=\"elementor-post elementor-grid-item post-16065 post type-post status-publish format-standard has-post-thumbnail hentry category-rutes tag-rutas-barcelona-provincia tag-rutas-beget tag-rutas-berga tag-rutas-bergueda tag-rutas-castellar-de-nhug tag-rutas-cataluna\" role=\"listitem\">\n\t\t\t<div class=\"elementor-post__card\">\n\t\t\t\t<a class=\"elementor-post__thumbnail__link\" href=\"https:\/\/www.willysplan.com\/ca\/rutes\/ruta-des-dels-jardins-artigas-a-castellar-de-nhug\" tabindex=\"-1\" ><div class=\"elementor-post__thumbnail\"><img loading=\"lazy\" decoding=\"async\" width=\"300\" height=\"300\" src=\"https:\/\/www.willysplan.com\/wp-content\/uploads\/2020\/07\/Jardins-artigas21-300x300.jpg\" class=\"attachment-medium size-medium wp-image-13691\" alt=\"\" srcset=\"https:\/\/www.willysplan.com\/wp-content\/uploads\/2020\/07\/Jardins-artigas21-300x300.jpg 300w, https:\/\/www.willysplan.com\/wp-content\/uploads\/2020\/07\/Jardins-artigas21-1024x1024.jpg 1024w, https:\/\/www.willysplan.com\/wp-content\/uploads\/2020\/07\/Jardins-artigas21-150x150.jpg 150w, https:\/\/www.willysplan.com\/wp-content\/uploads\/2020\/07\/Jardins-artigas21-768x768.jpg 768w, https:\/\/www.willysplan.com\/wp-content\/uploads\/2020\/07\/Jardins-artigas21-480x480.jpg 480w, https:\/\/www.willysplan.com\/wp-content\/uploads\/2020\/07\/Jardins-artigas21-280x280.jpg 280w, https:\/\/www.willysplan.com\/wp-content\/uploads\/2020\/07\/Jardins-artigas21-960x960.jpg 960w, https:\/\/www.willysplan.com\/wp-content\/uploads\/2020\/07\/Jardins-artigas21-400x400.jpg 400w, https:\/\/www.willysplan.com\/wp-content\/uploads\/2020\/07\/Jardins-artigas21-585x585.jpg 585w, https:\/\/www.willysplan.com\/wp-content\/uploads\/2020\/07\/Jardins-artigas21-600x600.jpg 600w, https:\/\/www.willysplan.com\/wp-content\/uploads\/2020\/07\/Jardins-artigas21-100x100.jpg 100w, https:\/\/www.willysplan.com\/wp-content\/uploads\/2020\/07\/Jardins-artigas21.jpg 1080w\" sizes=\"(max-width: 300px) 100vw, 300px\" \/><\/div><\/a>\n\t\t\t\t<div class=\"elementor-post__badge\">rutes<\/div>\n\t\t\t\t<div class=\"elementor-post__text\">\n\t\t\t\t<h3 class=\"elementor-post__title\">\n\t\t\t<a href=\"https:\/\/www.willysplan.com\/ca\/rutes\/ruta-des-dels-jardins-artigas-a-castellar-de-nhug\" >\n\t\t\t\tRuta des dels Jardins Artigas a Castellar de N&#8217;hug\t\t\t<\/a>\n\t\t<\/h3>\n\t\t\t\t<div class=\"elementor-post__excerpt\">\n\t\t\t<p>Castellar de N&#8217;hug \u00e9s un petit poble de nom\u00e9s 175 habitants i una superf\u00edcie de 47.12 km\u00b2. Aquest incre\u00efble poble de Bergad\u00e0 ens sorpr\u00e8n cada<\/p>\n\t\t<\/div>\n\t\t\t\t<\/div>\n\t\t\t\t<div class=\"elementor-post__meta-data\">\n\t\t\t\t\t<span class=\"elementor-post-date\">\n\t\t\t11\/07\/2020\t\t<\/span>\n\t\t\t\t<span class=\"elementor-post-avatar\">\n\t\t\tNo hi ha comentaris\t\t<\/span>\n\t\t\t\t<\/div>\n\t\t\t\t\t<\/div>\n\t\t<\/article>\n\t\t\t\t<\/div>\n\t\t\n\t\t\t\t\t\t<\/div>\n\t\t\t\t<\/div>\n\t\t\t\t\t<\/div>\n\t\t<\/div>\n\t\t\t\t\t<\/div>\n\t\t<\/section>\n\t\t\t\t<section class=\"elementor-section elementor-top-section elementor-element elementor-element-8df60c1 elementor-section-boxed elementor-section-height-default elementor-section-height-default\" data-id=\"8df60c1\" data-element_type=\"section\">\n\t\t\t\t\t\t<div class=\"elementor-container elementor-column-gap-default\">\n\t\t\t\t\t<div class=\"elementor-column elementor-col-100 elementor-top-column elementor-element elementor-element-0d016d6\" data-id=\"0d016d6\" data-element_type=\"column\">\n\t\t\t<div class=\"elementor-widget-wrap elementor-element-populated\">\n\t\t\t\t\t\t<div class=\"elementor-element elementor-element-e56c52c elementor-align-center elementor-widget elementor-widget-button\" data-id=\"e56c52c\" data-element_type=\"widget\" data-widget_type=\"button.default\">\n\t\t\t\t<div class=\"elementor-widget-container\">\n\t\t\t\t\t\t\t\t\t<div class=\"elementor-button-wrapper\">\n\t\t\t\t\t<a class=\"elementor-button elementor-button-link elementor-size-sm\" href=\"https:\/\/www.willysplan.com\/ca\/rutes\/rutes-de-senderisme-i-excursions-per-barcelona-provincia\">\n\t\t\t\t\t\t<span class=\"elementor-button-content-wrapper\">\n\t\t\t\t\t\t\t\t\t<span class=\"elementor-button-text\">Rutes a Barcelona<\/span>\n\t\t\t\t\t<\/span>\n\t\t\t\t\t<\/a>\n\t\t\t\t<\/div>\n\t\t\t\t\t\t\t\t<\/div>\n\t\t\t\t<\/div>\n\t\t\t\t\t<\/div>\n\t\t<\/div>\n\t\t\t\t\t<\/div>\n\t\t<\/section>\n\t\t\t\t<section class=\"elementor-section elementor-top-section elementor-element elementor-element-db3e35c elementor-section-boxed elementor-section-height-default elementor-section-height-default\" data-id=\"db3e35c\" data-element_type=\"section\">\n\t\t\t\t\t\t<div class=\"elementor-container elementor-column-gap-default\">\n\t\t\t\t\t<div class=\"elementor-column elementor-col-100 elementor-top-column elementor-element elementor-element-5845338\" data-id=\"5845338\" data-element_type=\"column\">\n\t\t\t<div class=\"elementor-widget-wrap elementor-element-populated\">\n\t\t\t\t\t\t<div class=\"elementor-element elementor-element-3582056 elementor-widget elementor-widget-heading\" data-id=\"3582056\" data-element_type=\"widget\" data-widget_type=\"heading.default\">\n\t\t\t\t<div class=\"elementor-widget-container\">\n\t\t\t\t\t<h3 class=\"elementor-heading-title elementor-size-default\">Rutes i excursions per Girona<\/h3>\t\t\t\t<\/div>\n\t\t\t\t<\/div>\n\t\t\t\t\t<\/div>\n\t\t<\/div>\n\t\t\t\t\t<\/div>\n\t\t<\/section>\n\t\t\t\t<section class=\"elementor-section elementor-top-section elementor-element elementor-element-1d428ae elementor-section-boxed elementor-section-height-default elementor-section-height-default\" data-id=\"1d428ae\" data-element_type=\"section\">\n\t\t\t\t\t\t<div class=\"elementor-container elementor-column-gap-default\">\n\t\t\t\t\t<div class=\"elementor-column elementor-col-100 elementor-top-column elementor-element elementor-element-e9b44f9\" data-id=\"e9b44f9\" data-element_type=\"column\">\n\t\t\t<div class=\"elementor-widget-wrap elementor-element-populated\">\n\t\t\t\t\t\t<div class=\"elementor-element elementor-element-a7e82ee elementor-widget elementor-widget-text-editor\" data-id=\"a7e82ee\" data-element_type=\"widget\" data-widget_type=\"text-editor.default\">\n\t\t\t\t<div class=\"elementor-widget-container\">\n\t\t\t\t\t\t\t\t\t<p>Famosa per la Costa Brava i les incre\u00efbles platges paradis\u00edaques, les rutes de senderisme a Girona Prov\u00edncia ja s&#8217;han convertit en una tradici\u00f3 de cada estiu.<\/p>\n<p>Des dels pirineus fins a la cala m\u00e9s amagada, passant pels innombrables camins de ronda o les zones volc\u00e0niques de la Garrotxa, Girona ens continua enamorant amb les m\u00faltiples rutes i excursions que es poden fer. T&#8217;atreveixes a explorar els pobles i rutes que t&#8217;hem preparat?<\/p>\n\t\t\t\t\t\t\t\t<\/div>\n\t\t\t\t<\/div>\n\t\t\t\t\t<\/div>\n\t\t<\/div>\n\t\t\t\t\t<\/div>\n\t\t<\/section>\n\t\t\t\t<section class=\"elementor-section elementor-top-section elementor-element elementor-element-b49ce93 elementor-section-boxed elementor-section-height-default elementor-section-height-default\" data-id=\"b49ce93\" data-element_type=\"section\">\n\t\t\t\t\t\t<div class=\"elementor-container elementor-column-gap-default\">\n\t\t\t\t\t<div class=\"elementor-column elementor-col-100 elementor-top-column elementor-element elementor-element-e349bb8\" data-id=\"e349bb8\" data-element_type=\"column\">\n\t\t\t<div class=\"elementor-widget-wrap elementor-element-populated\">\n\t\t\t\t\t\t\t<\/div>\n\t\t<\/div>\n\t\t\t\t\t<\/div>\n\t\t<\/section>\n\t\t\t\t<section class=\"elementor-section elementor-top-section elementor-element elementor-element-be442fa elementor-section-boxed elementor-section-height-default elementor-section-height-default\" data-id=\"be442fa\" data-element_type=\"section\">\n\t\t\t\t\t\t<div class=\"elementor-container elementor-column-gap-default\">\n\t\t\t\t\t<div class=\"elementor-column elementor-col-100 elementor-top-column elementor-element elementor-element-97e136a\" data-id=\"97e136a\" data-element_type=\"column\">\n\t\t\t<div class=\"elementor-widget-wrap elementor-element-populated\">\n\t\t\t\t\t\t<div class=\"elementor-element elementor-element-919abb7 elementor-align-center elementor-widget elementor-widget-button\" data-id=\"919abb7\" data-element_type=\"widget\" data-widget_type=\"button.default\">\n\t\t\t\t<div class=\"elementor-widget-container\">\n\t\t\t\t\t\t\t\t\t<div class=\"elementor-button-wrapper\">\n\t\t\t\t\t<a class=\"elementor-button elementor-button-link elementor-size-sm\" href=\"https:\/\/www.willysplan.com\/ca\/rutes\/rutes-de-senderisme-i-excursions-per-girona-provincia\">\n\t\t\t\t\t\t<span class=\"elementor-button-content-wrapper\">\n\t\t\t\t\t\t\t\t\t<span class=\"elementor-button-text\">Rutes a Girona<\/span>\n\t\t\t\t\t<\/span>\n\t\t\t\t\t<\/a>\n\t\t\t\t<\/div>\n\t\t\t\t\t\t\t\t<\/div>\n\t\t\t\t<\/div>\n\t\t\t\t\t<\/div>\n\t\t<\/div>\n\t\t\t\t\t<\/div>\n\t\t<\/section>\n\t\t\t\t<section class=\"elementor-section elementor-top-section elementor-element elementor-element-3f6ac8d elementor-section-boxed elementor-section-height-default elementor-section-height-default\" data-id=\"3f6ac8d\" data-element_type=\"section\">\n\t\t\t\t\t\t<div class=\"elementor-container elementor-column-gap-default\">\n\t\t\t\t\t<div class=\"elementor-column elementor-col-100 elementor-top-column elementor-element elementor-element-327aa06\" data-id=\"327aa06\" data-element_type=\"column\">\n\t\t\t<div class=\"elementor-widget-wrap elementor-element-populated\">\n\t\t\t\t\t\t<div class=\"elementor-element elementor-element-8cf9750 elementor-widget elementor-widget-heading\" data-id=\"8cf9750\" data-element_type=\"widget\" data-widget_type=\"heading.default\">\n\t\t\t\t<div class=\"elementor-widget-container\">\n\t\t\t\t\t<h3 class=\"elementor-heading-title elementor-size-default\">Rutes i excursions per Lleida<\/h3>\t\t\t\t<\/div>\n\t\t\t\t<\/div>\n\t\t\t\t\t<\/div>\n\t\t<\/div>\n\t\t\t\t\t<\/div>\n\t\t<\/section>\n\t\t\t\t<section class=\"elementor-section elementor-top-section elementor-element elementor-element-e8b00bc elementor-section-boxed elementor-section-height-default elementor-section-height-default\" data-id=\"e8b00bc\" data-element_type=\"section\">\n\t\t\t\t\t\t<div class=\"elementor-container elementor-column-gap-default\">\n\t\t\t\t\t<div class=\"elementor-column elementor-col-100 elementor-top-column elementor-element elementor-element-ff7ac9a\" data-id=\"ff7ac9a\" data-element_type=\"column\">\n\t\t\t<div class=\"elementor-widget-wrap elementor-element-populated\">\n\t\t\t\t\t\t<div class=\"elementor-element elementor-element-e2f8046 elementor-widget elementor-widget-image\" data-id=\"e2f8046\" data-element_type=\"widget\" data-widget_type=\"image.default\">\n\t\t\t\t<div class=\"elementor-widget-container\">\n\t\t\t\t\t\t\t\t\t\t\t\t\t\t\t<img loading=\"lazy\" decoding=\"async\" width=\"1024\" height=\"683\" src=\"https:\/\/www.willysplan.com\/wp-content\/uploads\/2020\/06\/congost-de-montrebei.jpg\" class=\"attachment-large size-large wp-image-12197\" alt=\"\" \/>\t\t\t\t\t\t\t\t\t\t\t\t\t\t\t<\/div>\n\t\t\t\t<\/div>\n\t\t\t\t\t<\/div>\n\t\t<\/div>\n\t\t\t\t\t<\/div>\n\t\t<\/section>\n\t\t\t\t<section class=\"elementor-section elementor-top-section elementor-element elementor-element-462423b elementor-section-boxed elementor-section-height-default elementor-section-height-default\" data-id=\"462423b\" data-element_type=\"section\">\n\t\t\t\t\t\t<div class=\"elementor-container elementor-column-gap-default\">\n\t\t\t\t\t<div class=\"elementor-column elementor-col-100 elementor-top-column elementor-element elementor-element-8945dae\" data-id=\"8945dae\" data-element_type=\"column\">\n\t\t\t<div class=\"elementor-widget-wrap elementor-element-populated\">\n\t\t\t\t\t\t<div class=\"elementor-element elementor-element-2661244 elementor-widget elementor-widget-text-editor\" data-id=\"2661244\" data-element_type=\"widget\" data-widget_type=\"text-editor.default\">\n\t\t\t\t<div class=\"elementor-widget-container\">\n\t\t\t\t\t\t\t\t\t<p>Lleida \u00e9s de les prov\u00edncies catalanes que m\u00e9s sorpr\u00e8n: sent poc coneguda a ulls dels turistes, per\u00f2 amb un potencial inigualable davant de les altres prov\u00edncies catalanes.<\/p>\n<p>Amb joies com el Congost de Mont-rebei o la zona d&#8217;alta muntanya de la Vall d&#8217;Aran fan d&#8217;aquesta zona una de les m\u00e9s desitjades pels excursionistes i exploradors locals.<\/p>\n<p>Vols con\u00e8ixer totes les rutes que t&#8217;hem preparat a Lleida prov\u00edncia?<\/p>\n\t\t\t\t\t\t\t\t<\/div>\n\t\t\t\t<\/div>\n\t\t\t\t\t<\/div>\n\t\t<\/div>\n\t\t\t\t\t<\/div>\n\t\t<\/section>\n\t\t\t\t<section class=\"elementor-section elementor-top-section elementor-element elementor-element-b429887 elementor-section-boxed elementor-section-height-default elementor-section-height-default\" data-id=\"b429887\" data-element_type=\"section\">\n\t\t\t\t\t\t<div class=\"elementor-container elementor-column-gap-default\">\n\t\t\t\t\t<div class=\"elementor-column elementor-col-100 elementor-top-column elementor-element elementor-element-5c76052\" data-id=\"5c76052\" data-element_type=\"column\">\n\t\t\t<div class=\"elementor-widget-wrap elementor-element-populated\">\n\t\t\t\t\t\t\t<\/div>\n\t\t<\/div>\n\t\t\t\t\t<\/div>\n\t\t<\/section>\n\t\t\t\t<section class=\"elementor-section elementor-top-section elementor-element elementor-element-23709ba elementor-section-boxed elementor-section-height-default elementor-section-height-default\" data-id=\"23709ba\" data-element_type=\"section\">\n\t\t\t\t\t\t<div class=\"elementor-container elementor-column-gap-default\">\n\t\t\t\t\t<div class=\"elementor-column elementor-col-100 elementor-top-column elementor-element elementor-element-0e486da\" data-id=\"0e486da\" data-element_type=\"column\">\n\t\t\t<div class=\"elementor-widget-wrap\">\n\t\t\t\t\t\t\t<\/div>\n\t\t<\/div>\n\t\t\t\t\t<\/div>\n\t\t<\/section>\n\t\t\t\t<section class=\"elementor-section elementor-top-section elementor-element elementor-element-c269c9a elementor-section-boxed elementor-section-height-default elementor-section-height-default\" data-id=\"c269c9a\" data-element_type=\"section\">\n\t\t\t\t\t\t<div class=\"elementor-container elementor-column-gap-default\">\n\t\t\t\t\t<div class=\"elementor-column elementor-col-100 elementor-top-column elementor-element elementor-element-ef2bb93\" data-id=\"ef2bb93\" data-element_type=\"column\">\n\t\t\t<div class=\"elementor-widget-wrap elementor-element-populated\">\n\t\t\t\t\t\t<div class=\"elementor-element elementor-element-18b7fc6 elementor-align-center elementor-widget elementor-widget-button\" data-id=\"18b7fc6\" data-element_type=\"widget\" data-widget_type=\"button.default\">\n\t\t\t\t<div class=\"elementor-widget-container\">\n\t\t\t\t\t\t\t\t\t<div class=\"elementor-button-wrapper\">\n\t\t\t\t\t<a class=\"elementor-button elementor-button-link elementor-size-sm\" href=\"https:\/\/www.willysplan.com\/ca\/rutes\/rutes-de-senderisme-i-excursions-per-lleida-provincia\">\n\t\t\t\t\t\t<span class=\"elementor-button-content-wrapper\">\n\t\t\t\t\t\t\t\t\t<span class=\"elementor-button-text\">Rutes a Lleida<\/span>\n\t\t\t\t\t<\/span>\n\t\t\t\t\t<\/a>\n\t\t\t\t<\/div>\n\t\t\t\t\t\t\t\t<\/div>\n\t\t\t\t<\/div>\n\t\t\t\t\t<\/div>\n\t\t<\/div>\n\t\t\t\t\t<\/div>\n\t\t<\/section>\n\t\t\t\t<section class=\"elementor-section elementor-top-section elementor-element elementor-element-34067e0 elementor-section-boxed elementor-section-height-default elementor-section-height-default\" data-id=\"34067e0\" data-element_type=\"section\">\n\t\t\t\t\t\t<div class=\"elementor-container elementor-column-gap-default\">\n\t\t\t\t\t<div class=\"elementor-column elementor-col-100 elementor-top-column elementor-element elementor-element-0d813ff\" data-id=\"0d813ff\" data-element_type=\"column\">\n\t\t\t<div class=\"elementor-widget-wrap elementor-element-populated\">\n\t\t\t\t\t\t<div class=\"elementor-element elementor-element-0ebf366 elementor-widget elementor-widget-heading\" data-id=\"0ebf366\" data-element_type=\"widget\" data-widget_type=\"heading.default\">\n\t\t\t\t<div class=\"elementor-widget-container\">\n\t\t\t\t\t<h3 class=\"elementor-heading-title elementor-size-default\">Rutes i excursions per les Illes Balears<\/h3>\t\t\t\t<\/div>\n\t\t\t\t<\/div>\n\t\t\t\t\t<\/div>\n\t\t<\/div>\n\t\t\t\t\t<\/div>\n\t\t<\/section>\n\t\t\t\t<section class=\"elementor-section elementor-top-section elementor-element elementor-element-a011650 elementor-section-boxed elementor-section-height-default elementor-section-height-default\" data-id=\"a011650\" data-element_type=\"section\">\n\t\t\t\t\t\t<div class=\"elementor-container elementor-column-gap-default\">\n\t\t\t\t\t<div class=\"elementor-column elementor-col-100 elementor-top-column elementor-element elementor-element-0fdcb9c\" data-id=\"0fdcb9c\" data-element_type=\"column\">\n\t\t\t<div class=\"elementor-widget-wrap elementor-element-populated\">\n\t\t\t\t\t\t<div class=\"elementor-element elementor-element-ab5bba0 elementor-widget elementor-widget-image\" data-id=\"ab5bba0\" data-element_type=\"widget\" data-widget_type=\"image.default\">\n\t\t\t\t<div class=\"elementor-widget-container\">\n\t\t\t\t\t\t\t\t\t\t\t\t\t\t\t<img loading=\"lazy\" decoding=\"async\" width=\"910\" height=\"607\" src=\"https:\/\/www.willysplan.com\/wp-content\/uploads\/2020\/06\/ruta-por-son-marroig.jpg\" class=\"attachment-large size-large wp-image-12137\" alt=\"\" \/>\t\t\t\t\t\t\t\t\t\t\t\t\t\t\t<\/div>\n\t\t\t\t<\/div>\n\t\t\t\t\t<\/div>\n\t\t<\/div>\n\t\t\t\t\t<\/div>\n\t\t<\/section>\n\t\t\t\t<section class=\"elementor-section elementor-top-section elementor-element elementor-element-a7ca34d elementor-section-boxed elementor-section-height-default elementor-section-height-default\" data-id=\"a7ca34d\" data-element_type=\"section\">\n\t\t\t\t\t\t<div class=\"elementor-container elementor-column-gap-default\">\n\t\t\t\t\t<div class=\"elementor-column elementor-col-100 elementor-top-column elementor-element elementor-element-9aa0a84\" data-id=\"9aa0a84\" data-element_type=\"column\">\n\t\t\t<div class=\"elementor-widget-wrap elementor-element-populated\">\n\t\t\t\t\t\t<div class=\"elementor-element elementor-element-6b883aa elementor-widget elementor-widget-text-editor\" data-id=\"6b883aa\" data-element_type=\"widget\" data-widget_type=\"text-editor.default\">\n\t\t\t\t<div class=\"elementor-widget-container\">\n\t\t\t\t\t\t\t\t\t<p>Tot i que per a molts turistes l&#8217;Illa d&#8217;Eivissa \u00e9s la m\u00e9s reconeguda (famosa per les festes i les discoteques), les Illes Balears ofereixen alguna cosa m\u00e9s que tot aix\u00f2:<\/p>\n<p>Si vols unes vacances de relax amb la fam\u00edlia o nens, i sentir-te com si estiguessis en un parad\u00eds, Menorca \u00e9s la teva illa ideal. Aquesta encantadora illa de no m\u00e9s de 95.000 habitants, et sorprendr\u00e0 amb coves, ports mariners i cales de pel\u00b7l\u00edcula.<\/p>\n<p>Si per contra vols un h\u00edbrid entre festa i tranquil\u00b7litat, Mallorca \u00e9s sens dubte la teva millor opci\u00f3: hi podr\u00e0s trobar parcs naturals a illes com el de Sa Dragonera, festa i diversi\u00f3 a la mateixa ciutat de Palma de Mallorca, i per \u00faltim podr\u00e0s gaudir de precioses cales i miradors com el de Son Marroig.<\/p>\n<p>Encara no t&#8217;has decidit? Entra a descobrir totes les rutes que tenim per a tu!<\/p>\n\t\t\t\t\t\t\t\t<\/div>\n\t\t\t\t<\/div>\n\t\t\t\t\t<\/div>\n\t\t<\/div>\n\t\t\t\t\t<\/div>\n\t\t<\/section>\n\t\t\t\t<section class=\"elementor-section elementor-top-section elementor-element elementor-element-102c789 elementor-section-boxed elementor-section-height-default elementor-section-height-default\" data-id=\"102c789\" data-element_type=\"section\">\n\t\t\t\t\t\t<div class=\"elementor-container elementor-column-gap-default\">\n\t\t\t\t\t<div class=\"elementor-column elementor-col-100 elementor-top-column elementor-element elementor-element-9323ea3\" data-id=\"9323ea3\" data-element_type=\"column\">\n\t\t\t<div class=\"elementor-widget-wrap elementor-element-populated\">\n\t\t\t\t\t\t<div class=\"elementor-element elementor-element-aa2fba5 elementor-align-center elementor-widget elementor-widget-button\" data-id=\"aa2fba5\" data-element_type=\"widget\" data-widget_type=\"button.default\">\n\t\t\t\t<div class=\"elementor-widget-container\">\n\t\t\t\t\t\t\t\t\t<div class=\"elementor-button-wrapper\">\n\t\t\t\t\t<a class=\"elementor-button elementor-button-link elementor-size-sm\" href=\"https:\/\/www.willysplan.com\/ca\/rutes\/rutes-de-senderisme-i-excursions-per-les-illes-balears\">\n\t\t\t\t\t\t<span class=\"elementor-button-content-wrapper\">\n\t\t\t\t\t\t\t\t\t<span class=\"elementor-button-text\">Rutes a les Illes Balears<\/span>\n\t\t\t\t\t<\/span>\n\t\t\t\t\t<\/a>\n\t\t\t\t<\/div>\n\t\t\t\t\t\t\t\t<\/div>\n\t\t\t\t<\/div>\n\t\t\t\t\t<\/div>\n\t\t<\/div>\n\t\t\t\t\t<\/div>\n\t\t<\/section>\n\t\t\t\t<section class=\"elementor-section elementor-top-section elementor-element elementor-element-ee11f29 elementor-section-boxed elementor-section-height-default elementor-section-height-default\" data-id=\"ee11f29\" data-element_type=\"section\">\n\t\t\t\t\t\t<div class=\"elementor-container elementor-column-gap-default\">\n\t\t\t\t\t<div class=\"elementor-column elementor-col-100 elementor-top-column elementor-element elementor-element-3cdbfd2\" data-id=\"3cdbfd2\" data-element_type=\"column\">\n\t\t\t<div class=\"elementor-widget-wrap elementor-element-populated\">\n\t\t\t\t\t\t<div class=\"elementor-element elementor-element-54280f0 elementor-widget elementor-widget-heading\" data-id=\"54280f0\" data-element_type=\"widget\" data-widget_type=\"heading.default\">\n\t\t\t\t<div class=\"elementor-widget-container\">\n\t\t\t\t\t<h3 class=\"elementor-heading-title elementor-size-default\">Rutes i excursions per Mallorca<\/h3>\t\t\t\t<\/div>\n\t\t\t\t<\/div>\n\t\t\t\t\t<\/div>\n\t\t<\/div>\n\t\t\t\t\t<\/div>\n\t\t<\/section>\n\t\t\t\t<section class=\"elementor-section elementor-top-section elementor-element elementor-element-90cf458 elementor-section-boxed elementor-section-height-default elementor-section-height-default\" data-id=\"90cf458\" data-element_type=\"section\">\n\t\t\t\t\t\t<div class=\"elementor-container elementor-column-gap-default\">\n\t\t\t\t\t<div class=\"elementor-column elementor-col-100 elementor-top-column elementor-element elementor-element-9cc0c6e\" data-id=\"9cc0c6e\" data-element_type=\"column\">\n\t\t\t<div class=\"elementor-widget-wrap elementor-element-populated\">\n\t\t\t\t\t\t<div class=\"elementor-element elementor-element-94d2ac7 elementor-widget elementor-widget-image\" data-id=\"94d2ac7\" data-element_type=\"widget\" data-widget_type=\"image.default\">\n\t\t\t\t<div class=\"elementor-widget-container\">\n\t\t\t\t\t\t\t\t\t\t\t\t\t\t\t<img loading=\"lazy\" decoding=\"async\" width=\"1024\" height=\"683\" src=\"https:\/\/www.willysplan.com\/wp-content\/uploads\/2020\/06\/gorg-blau-mallorca.jpg\" class=\"attachment-large size-large wp-image-12237\" alt=\"\" \/>\t\t\t\t\t\t\t\t\t\t\t\t\t\t\t<\/div>\n\t\t\t\t<\/div>\n\t\t\t\t\t<\/div>\n\t\t<\/div>\n\t\t\t\t\t<\/div>\n\t\t<\/section>\n\t\t\t\t<section class=\"elementor-section elementor-top-section elementor-element elementor-element-2ebb0da elementor-section-boxed elementor-section-height-default elementor-section-height-default\" data-id=\"2ebb0da\" data-element_type=\"section\">\n\t\t\t\t\t\t<div class=\"elementor-container elementor-column-gap-default\">\n\t\t\t\t\t<div class=\"elementor-column elementor-col-100 elementor-top-column elementor-element elementor-element-c4505b0\" data-id=\"c4505b0\" data-element_type=\"column\">\n\t\t\t<div class=\"elementor-widget-wrap elementor-element-populated\">\n\t\t\t\t\t\t<div class=\"elementor-element elementor-element-018789d elementor-widget elementor-widget-text-editor\" data-id=\"018789d\" data-element_type=\"widget\" data-widget_type=\"text-editor.default\">\n\t\t\t\t<div class=\"elementor-widget-container\">\n\t\t\t\t\t\t\t\t\t<p>Mallorca \u00e9s l\u00b4illa m\u00e9s gran de tot l\u00b4arxip\u00e8lag balear, amb un total de 3.640 km2, superant fins i tot l\u00b4illa de Tenerife.<\/p>\n<p>\u00c9s per aix\u00f2 que, la seva oferta de paisatges naturals com llacs, cales, miradors, muntanyes i penya-segats tamb\u00e9 \u00e9s abundant i de visita obligada si teniu uns dies de festa per rec\u00f3rrer l&#8217;illa.<\/p>\n<p>A Willy&#8217;s Plan us hem preparat unes quantes rutes perqu\u00e8 pugueu agafar idees dels llocs m\u00e9s originals que aquesta illa ofereix. Tot aix\u00f2 us ho presentem en format excursions i rutes d&#8217;un dia, perqu\u00e8 les pugueu dur a terme amb els nens, amics, parella o fins i tot sols.<\/p>\n\t\t\t\t\t\t\t\t<\/div>\n\t\t\t\t<\/div>\n\t\t\t\t\t<\/div>\n\t\t<\/div>\n\t\t\t\t\t<\/div>\n\t\t<\/section>\n\t\t\t\t<section class=\"elementor-section elementor-top-section elementor-element elementor-element-9a659ea elementor-section-boxed elementor-section-height-default elementor-section-height-default\" data-id=\"9a659ea\" data-element_type=\"section\">\n\t\t\t\t\t\t<div class=\"elementor-container elementor-column-gap-default\">\n\t\t\t\t\t<div class=\"elementor-column elementor-col-100 elementor-top-column elementor-element elementor-element-4d9ae5a\" data-id=\"4d9ae5a\" data-element_type=\"column\">\n\t\t\t<div class=\"elementor-widget-wrap elementor-element-populated\">\n\t\t\t\t\t\t<div class=\"elementor-element elementor-element-0e671bb elementor-align-center elementor-widget elementor-widget-button\" data-id=\"0e671bb\" data-element_type=\"widget\" data-widget_type=\"button.default\">\n\t\t\t\t<div class=\"elementor-widget-container\">\n\t\t\t\t\t\t\t\t\t<div class=\"elementor-button-wrapper\">\n\t\t\t\t\t<a class=\"elementor-button elementor-button-link elementor-size-sm\" href=\"https:\/\/www.willysplan.com\/ca\/rutes\/rutes-de-senderisme-i-excursions-per-mallorca\">\n\t\t\t\t\t\t<span class=\"elementor-button-content-wrapper\">\n\t\t\t\t\t\t\t\t\t<span class=\"elementor-button-text\">Rutes a Mallorca<\/span>\n\t\t\t\t\t<\/span>\n\t\t\t\t\t<\/a>\n\t\t\t\t<\/div>\n\t\t\t\t\t\t\t\t<\/div>\n\t\t\t\t<\/div>\n\t\t\t\t\t<\/div>\n\t\t<\/div>\n\t\t\t\t\t<\/div>\n\t\t<\/section>\n\t\t\t\t<section class=\"elementor-section elementor-top-section elementor-element elementor-element-60a5d7d elementor-section-boxed elementor-section-height-default elementor-section-height-default\" data-id=\"60a5d7d\" data-element_type=\"section\">\n\t\t\t\t\t\t<div class=\"elementor-container elementor-column-gap-default\">\n\t\t\t\t\t<div class=\"elementor-column elementor-col-100 elementor-top-column elementor-element elementor-element-9117c18\" data-id=\"9117c18\" data-element_type=\"column\">\n\t\t\t<div class=\"elementor-widget-wrap elementor-element-populated\">\n\t\t\t\t\t\t<div class=\"elementor-element elementor-element-e109ac7 elementor-widget elementor-widget-heading\" data-id=\"e109ac7\" data-element_type=\"widget\" data-widget_type=\"heading.default\">\n\t\t\t\t<div class=\"elementor-widget-container\">\n\t\t\t\t\t<h3 class=\"elementor-heading-title elementor-size-default\">Altres rutes que et poden interessar...<\/h3>\t\t\t\t<\/div>\n\t\t\t\t<\/div>\n\t\t\t\t\t<\/div>\n\t\t<\/div>\n\t\t\t\t\t<\/div>\n\t\t<\/section>\n\t\t\t\t<section class=\"elementor-section elementor-top-section elementor-element elementor-element-3e693f2 elementor-section-boxed elementor-section-height-default elementor-section-height-default\" data-id=\"3e693f2\" data-element_type=\"section\">\n\t\t\t\t\t\t<div class=\"elementor-container elementor-column-gap-default\">\n\t\t\t\t\t<div class=\"elementor-column elementor-col-100 elementor-top-column elementor-element elementor-element-385de5c\" data-id=\"385de5c\" data-element_type=\"column\">\n\t\t\t<div class=\"elementor-widget-wrap elementor-element-populated\">\n\t\t\t\t\t\t\t<\/div>\n\t\t<\/div>\n\t\t\t\t\t<\/div>\n\t\t<\/section>\n\t\t\t\t<\/div>\n\t\t","protected":false},"excerpt":{"rendered":"<p>Benvingut a les millors excursions, rutes amb cotxe, i rutes de senderisme per Catalunya i les Illes Balears. Dues zones geogr\u00e0fiques que al llarg del temps han compartit molta hist\u00f2ria i cultura: D&#8217;aqu\u00ed que a les dues regions es parli un idioma molt semblant entre ells: catal\u00e0, mallorqu\u00ed, menorqu\u00ed i eivissenc. Al llarg d&#8217;aquesta p\u00e0gina,&hellip;&nbsp;<a href=\"https:\/\/www.willysplan.com\/ca\/rutes\/ruta-des-dels-jardins-artigas-a-castellar-de-nhug\" rel=\"bookmark\">Llegiu m\u00e9s &raquo;<span class=\"screen-reader-text\">Ruta des dels Jardins Artigas a Castellar de N&#8217;hug<\/span><\/a><\/p>\n","protected":false},"author":1,"featured_media":0,"parent":0,"menu_order":0,"comment_status":"closed","ping_status":"closed","template":"","meta":{"neve_meta_sidebar":"","neve_meta_container":"","neve_meta_enable_content_width":"","neve_meta_content_width":0,"neve_meta_title_alignment":"","neve_meta_author_avatar":"","neve_post_elements_order":"","neve_meta_disable_header":"","neve_meta_disable_footer":"","neve_meta_disable_title":"","_joinchat":[],"footnotes":""},"class_list":["post-15537","page","type-page","status-publish","hentry"],"yoast_head":"<!-- This site is optimized with the Yoast SEO Premium plugin v20.1 (Yoast SEO v26.9) - https:\/\/yoast.com\/product\/yoast-seo-premium-wordpress\/ -->\n<title>Rutes i Excursions - Willy&#039;s Plan<\/title>\n<meta name=\"description\" content=\"Descobreix les millors rutes de senderisme, rutes amb cotxe i excursions per Catalunya i les Illes Balears. Moltes sorpreses t&#039;estan esperant!\" \/>\n<meta name=\"robots\" content=\"index, follow, max-snippet:-1, max-image-preview:large, max-video-preview:-1\" \/>\n<link rel=\"canonical\" href=\"https:\/\/willysplan.com\/ca\/rutes-i-excursions\" \/>\n<meta property=\"og:locale\" content=\"ca_ES\" \/>\n<meta property=\"og:type\" content=\"article\" \/>\n<meta property=\"og:title\" content=\"Rutes i excursions\" \/>\n<meta property=\"og:description\" content=\"Descobreix les millors rutes de senderisme, rutes amb cotxe i excursions per Catalunya i les Illes Balears. Moltes sorpreses t&#039;estan esperant!\" \/>\n<meta property=\"og:url\" content=\"https:\/\/willysplan.com\/ca\/rutes-i-excursions\" \/>\n<meta property=\"og:site_name\" content=\"Willy&#039;s Plan \ud83c\udf43\" \/>\n<meta property=\"article:modified_time\" content=\"2023-04-14T05:41:39+00:00\" \/>\n<meta property=\"og:image\" content=\"https:\/\/willysplan.com\/wp-content\/uploads\/2020\/06\/congost-de-montrebei.jpg\" \/>\n<meta name=\"twitter:card\" content=\"summary_large_image\" \/>\n<meta name=\"twitter:label1\" content=\"Temps estimat de lectura\" \/>\n\t<meta name=\"twitter:data1\" content=\"4 minuts\" \/>\n<script type=\"application\/ld+json\" class=\"yoast-schema-graph\">{\"@context\":\"https:\/\/schema.org\",\"@graph\":[{\"@type\":\"WebPage\",\"@id\":\"https:\/\/www.willysplan.com\/rutas\",\"url\":\"https:\/\/willysplan.com\/ca\/rutes-i-excursions\",\"name\":\"Rutes i Excursions - Willy's Plan\",\"isPartOf\":{\"@id\":\"https:\/\/www.willysplan.com\/#website\"},\"primaryImageOfPage\":{\"@id\":\"https:\/\/willysplan.com\/ca\/rutes-i-excursions#primaryimage\"},\"image\":{\"@id\":\"https:\/\/willysplan.com\/ca\/rutes-i-excursions#primaryimage\"},\"thumbnailUrl\":\"https:\/\/willysplan.com\/wp-content\/uploads\/2020\/06\/congost-de-montrebei.jpg\",\"datePublished\":\"2020-04-12T21:09:53+00:00\",\"dateModified\":\"2023-04-14T05:41:39+00:00\",\"description\":\"Descobreix les millors rutes de senderisme, rutes amb cotxe i excursions per Catalunya i les Illes Balears. Moltes sorpreses t'estan esperant!\",\"inLanguage\":\"ca\",\"potentialAction\":[{\"@type\":\"ReadAction\",\"target\":[\"https:\/\/willysplan.com\/ca\/rutes-i-excursions\"]}]},{\"@type\":\"ImageObject\",\"inLanguage\":\"ca\",\"@id\":\"https:\/\/willysplan.com\/ca\/rutes-i-excursions#primaryimage\",\"url\":\"https:\/\/willysplan.com\/wp-content\/uploads\/2020\/06\/congost-de-montrebei.jpg\",\"contentUrl\":\"https:\/\/willysplan.com\/wp-content\/uploads\/2020\/06\/congost-de-montrebei.jpg\"},{\"@type\":\"WebSite\",\"@id\":\"https:\/\/www.willysplan.com\/#website\",\"url\":\"https:\/\/www.willysplan.com\/\",\"name\":\"Willy&#039;s Plan \ud83c\udf43\",\"description\":\"Escapadas y Planes de fin de semana\",\"publisher\":{\"@id\":\"https:\/\/www.willysplan.com\/#organization\"},\"potentialAction\":[{\"@type\":\"SearchAction\",\"target\":{\"@type\":\"EntryPoint\",\"urlTemplate\":\"https:\/\/www.willysplan.com\/?s={search_term_string}\"},\"query-input\":{\"@type\":\"PropertyValueSpecification\",\"valueRequired\":true,\"valueName\":\"search_term_string\"}}],\"inLanguage\":\"ca\"},{\"@type\":\"Organization\",\"@id\":\"https:\/\/www.willysplan.com\/#organization\",\"name\":\"Willy&#039;s Plan \ud83c\udf43\",\"url\":\"https:\/\/www.willysplan.com\/\",\"logo\":{\"@type\":\"ImageObject\",\"inLanguage\":\"ca\",\"@id\":\"https:\/\/www.willysplan.com\/#\/schema\/logo\/image\/\",\"url\":\"https:\/\/www.willysplan.com\/wp-content\/uploads\/2020\/04\/cropped-logo-1.png\",\"contentUrl\":\"https:\/\/www.willysplan.com\/wp-content\/uploads\/2020\/04\/cropped-logo-1.png\",\"width\":332,\"height\":332,\"caption\":\"Willy&#039;s Plan \ud83c\udf43\"},\"image\":{\"@id\":\"https:\/\/www.willysplan.com\/#\/schema\/logo\/image\/\"}}]}<\/script>\n<!-- \/ Yoast SEO Premium plugin. -->","yoast_head_json":{"title":"Rutes i Excursions - Willy's Plan","description":"Descobreix les millors rutes de senderisme, rutes amb cotxe i excursions per Catalunya i les Illes Balears. Moltes sorpreses t'estan esperant!","robots":{"index":"index","follow":"follow","max-snippet":"max-snippet:-1","max-image-preview":"max-image-preview:large","max-video-preview":"max-video-preview:-1"},"canonical":"https:\/\/willysplan.com\/ca\/rutes-i-excursions","og_locale":"ca_ES","og_type":"article","og_title":"Rutes i excursions","og_description":"Descobreix les millors rutes de senderisme, rutes amb cotxe i excursions per Catalunya i les Illes Balears. Moltes sorpreses t'estan esperant!","og_url":"https:\/\/willysplan.com\/ca\/rutes-i-excursions","og_site_name":"Willy&#039;s Plan \ud83c\udf43","article_modified_time":"2023-04-14T05:41:39+00:00","og_image":[{"url":"https:\/\/willysplan.com\/wp-content\/uploads\/2020\/06\/congost-de-montrebei.jpg","type":"","width":"","height":""}],"twitter_card":"summary_large_image","twitter_misc":{"Temps estimat de lectura":"4 minuts"},"schema":{"@context":"https:\/\/schema.org","@graph":[{"@type":"WebPage","@id":"https:\/\/www.willysplan.com\/rutas","url":"https:\/\/willysplan.com\/ca\/rutes-i-excursions","name":"Rutes i Excursions - Willy's Plan","isPartOf":{"@id":"https:\/\/www.willysplan.com\/#website"},"primaryImageOfPage":{"@id":"https:\/\/willysplan.com\/ca\/rutes-i-excursions#primaryimage"},"image":{"@id":"https:\/\/willysplan.com\/ca\/rutes-i-excursions#primaryimage"},"thumbnailUrl":"https:\/\/willysplan.com\/wp-content\/uploads\/2020\/06\/congost-de-montrebei.jpg","datePublished":"2020-04-12T21:09:53+00:00","dateModified":"2023-04-14T05:41:39+00:00","description":"Descobreix les millors rutes de senderisme, rutes amb cotxe i excursions per Catalunya i les Illes Balears. Moltes sorpreses t'estan esperant!","inLanguage":"ca","potentialAction":[{"@type":"ReadAction","target":["https:\/\/willysplan.com\/ca\/rutes-i-excursions"]}]},{"@type":"ImageObject","inLanguage":"ca","@id":"https:\/\/willysplan.com\/ca\/rutes-i-excursions#primaryimage","url":"https:\/\/willysplan.com\/wp-content\/uploads\/2020\/06\/congost-de-montrebei.jpg","contentUrl":"https:\/\/willysplan.com\/wp-content\/uploads\/2020\/06\/congost-de-montrebei.jpg"},{"@type":"WebSite","@id":"https:\/\/www.willysplan.com\/#website","url":"https:\/\/www.willysplan.com\/","name":"Willy&#039;s Plan \ud83c\udf43","description":"Escapadas y Planes de fin de semana","publisher":{"@id":"https:\/\/www.willysplan.com\/#organization"},"potentialAction":[{"@type":"SearchAction","target":{"@type":"EntryPoint","urlTemplate":"https:\/\/www.willysplan.com\/?s={search_term_string}"},"query-input":{"@type":"PropertyValueSpecification","valueRequired":true,"valueName":"search_term_string"}}],"inLanguage":"ca"},{"@type":"Organization","@id":"https:\/\/www.willysplan.com\/#organization","name":"Willy&#039;s Plan \ud83c\udf43","url":"https:\/\/www.willysplan.com\/","logo":{"@type":"ImageObject","inLanguage":"ca","@id":"https:\/\/www.willysplan.com\/#\/schema\/logo\/image\/","url":"https:\/\/www.willysplan.com\/wp-content\/uploads\/2020\/04\/cropped-logo-1.png","contentUrl":"https:\/\/www.willysplan.com\/wp-content\/uploads\/2020\/04\/cropped-logo-1.png","width":332,"height":332,"caption":"Willy&#039;s Plan \ud83c\udf43"},"image":{"@id":"https:\/\/www.willysplan.com\/#\/schema\/logo\/image\/"}}]}},"_links":{"self":[{"href":"https:\/\/www.willysplan.com\/ca\/wp-json\/wp\/v2\/pages\/15537","targetHints":{"allow":["GET"]}}],"collection":[{"href":"https:\/\/www.willysplan.com\/ca\/wp-json\/wp\/v2\/pages"}],"about":[{"href":"https:\/\/www.willysplan.com\/ca\/wp-json\/wp\/v2\/types\/page"}],"author":[{"embeddable":true,"href":"https:\/\/www.willysplan.com\/ca\/wp-json\/wp\/v2\/users\/1"}],"replies":[{"embeddable":true,"href":"https:\/\/www.willysplan.com\/ca\/wp-json\/wp\/v2\/comments?post=15537"}],"version-history":[{"count":7,"href":"https:\/\/www.willysplan.com\/ca\/wp-json\/wp\/v2\/pages\/15537\/revisions"}],"predecessor-version":[{"id":18119,"href":"https:\/\/www.willysplan.com\/ca\/wp-json\/wp\/v2\/pages\/15537\/revisions\/18119"}],"wp:attachment":[{"href":"https:\/\/www.willysplan.com\/ca\/wp-json\/wp\/v2\/media?parent=15537"}],"curies":[{"name":"wp","href":"https:\/\/api.w.org\/{rel}","templated":true}]}}